{"id":140,"date":"2015-06-22T21:49:22","date_gmt":"2015-06-22T19:49:22","guid":{"rendered":"http:\/\/chalons.catholique.fr\/vesle\/?page_id=140"},"modified":"2024-01-17T11:36:02","modified_gmt":"2024-01-17T09:36:02","slug":"ce2-a-la-5ieme","status":"publish","type":"page","link":"https:\/\/chalons.catholique.fr\/vesle\/activites\/enfants\/ce2-a-la-5ieme\/","title":{"rendered":"CE2 \u00e0 la 5ieme : le cat\u00e9chisme"},"content":{"rendered":"<div class=\"fusion-fullwidth fullwidth-box fusion-builder-row-1 fusion-flex-container nonhundred-percent-fullwidth non-hundred-percent-height-scrolling\" style=\"--awb-border-radius-top-left:0px;--awb-border-radius-top-right:0px;--awb-border-radius-bottom-right:0px;--awb-border-radius-bottom-left:0px;--awb-flex-wrap:wrap;\" ><div class=\"fusion-builder-row fusion-row fusion-flex-align-items-flex-start fusion-flex-content-wrap\" style=\"max-width:1144px;margin-left: calc(-4% \/ 2 );margin-right: calc(-4% \/ 2 );\"><div class=\"fusion-layout-column fusion_builder_column fusion-builder-column-0 fusion_builder_column_1_1 1_1 fusion-flex-column\" style=\"--awb-bg-size:cover;--awb-width-large:100%;--awb-margin-top-large:0px;--awb-spacing-right-large:1.92%;--awb-margin-bottom-large:0px;--awb-spacing-left-large:1.92%;--awb-width-medium:100%;--awb-spacing-right-medium:1.92%;--awb-spacing-left-medium:1.92%;--awb-width-small:100%;--awb-spacing-right-small:1.92%;--awb-spacing-left-small:1.92%;\"><div class=\"fusion-column-wrapper fusion-flex-justify-content-flex-start fusion-content-layout-column\"><div class=\"fusion-text fusion-text-1\"><p style=\"text-align: justify; \"><em>L\u00e0 o\u00f9 le Bapt\u00eame des enfants est devenu largement la forme habituelle de la c\u00e9l\u00e9bration de ce sacrement, celle-ci est devenue un acte unique qui int\u00e8gre de fa\u00e7on tr\u00e8s abr\u00e9g\u00e9e les \u00e9tapes pr\u00e9alables \u00e0 l\u2019initiation chr\u00e9tienne. De par sa nature m\u00eame le Bapt\u00eame des enfants exige un <\/em><em>cat\u00e9chum\u00e9nat post baptismal. Il ne s\u2019agit pas seulement du besoin d\u2019une instruction post\u00e9rieure au bapt\u00eame, mais de l\u2019\u00e9panouissement n\u00e9cessaire de la gr\u00e2ce baptismale dans la croissance de la personne. C\u2019est le lieu propre du cat\u00e9chisme. CEC 1231<\/em><\/p>\n<p style=\"text-align: justify; \"><b>\u00c0 tout \u00e2ge :<\/b> Le Bapt\u00eame (<a href=\"https:\/\/chalons.catholique.fr\/vesle\/celebrations\/le-bapteme\/\">lien vers le sacrement du bapt\u00eame<\/a>)<\/p>\n<p style=\"text-align: justify; \"><b>\u00c0 partir du CE2 : <\/b>1<sup>\u00e8re<\/sup> confession (<a href=\"https:\/\/chalons.catholique.fr\/vesle\/celebrations\/confession\/\">lien vers le sacrement de la confession<\/a>)<\/p>\n<p style=\"text-align: justify; \"><b>\u00c0 partir du CM1 :<\/b> 1<sup>\u00e8re<\/sup> communion (<a href=\"https:\/\/chalons.catholique.fr\/vesle\/celebrations\/messes\/\">lien vers la messe<\/a>)<\/p>\n<p style=\"text-align: justify; \"><b>CM2 et 6<sup>e <\/sup>: <\/b>2 ans vers la Profession de foi<\/p>\n<p style=\"text-align: justify; \">La profession de foi n\u2019est pas un sacrement, il s\u2019agit d\u2019un \u00e9v\u00e8nement public o\u00f9 l\u2019enfant professe devant toute la communaut\u00e9 paroissiale sa foi en Dieu P\u00e8re, Fils et Saint-Esprit. Il renouvelle les promesses de son bapt\u00eame.<\/p>\n<p style=\"text-align: justify; \"><b>\u00c0 partir de la 5<sup>e<\/sup> :<\/b> confirmation<\/p>\n<p style=\"text-align: justify; \">La confirmation est le sacrement qui conclut l\u2019initiation chr\u00e9tienne. On est un chr\u00e9tien initi\u00e9, adulte dans la foi, qu\u2019une fois confirm\u00e9. Le rite constitue dans l\u2019onction du Saint-Chr\u00eame par l\u2019\u00e9v\u00eaque conf\u00e9rant ainsi la pr\u00e9sence de l\u2019Esprit-Saint qui envoie le chr\u00e9tien en mission dans le monde.<\/p>\n<p style=\"text-align: justify; \"><b>Pour les enfants scolaris\u00e9s \u00e0 l\u2019\u00e9cole primaire : le cat\u00e9chisme a lieu le mardi de 17h \u00e0 18h30 dans les locaux de l\u2019\u00e9cole sainte Marie<\/b> (<a href=\"https:\/\/fr-fr.facebook.com\/saintemariecourtisols\/\">Sainte Marie Courtisols<\/a>). Il est anim\u00e9 par un pr\u00eatre (<a href=\"https:\/\/chalons.catholique.fr\/vesle\/lequipe-paroissiale\/\">L&rsquo;\u00e9quipe paroissiale<\/a>). Nous suivons la m\u00e9thode de la communaut\u00e9 de l\u2019Emmanuel (<a href=\"https:\/\/catechisme-emmanuel.com\/\">Cat\u00e9chisme Emmanuel<\/a>).<\/p>\n<p style=\"text-align: justify; \">Pour les jeunes du coll\u00e8ge et du lyc\u00e9e : le cat\u00e9chisme est int\u00e9gr\u00e9 aux s\u00e9ances d\u2019aum\u00f4nerie (<a href=\"https:\/\/chalons.catholique.fr\/vesle\/activites\/jeunes\/aumonerie-des-collegiens\/\">aum\u00f4nerie coll\u00e8ge<\/a> ; <a href=\"https:\/\/chalons.catholique.fr\/vesle\/activites\/jeunes\/aumonerie-des-lyceens\/\">aum\u00f4nerie des lyc\u00e9ens<\/a>).<\/p>\n<\/div><\/div><\/div><\/div><\/div>\n","protected":false},"excerpt":{"rendered":"","protected":false},"author":5,"featured_media":0,"parent":1233,"menu_order":0,"comment_status":"closed","ping_status":"open","template":"","meta":{"xn-wppe-expiration":[],"xn-wppe-expiration-action":[],"xn-wppe-expiration-prefix":[],"footnotes":""},"_links":{"self":[{"href":"https:\/\/chalons.catholique.fr\/vesle\/wp-json\/wp\/v2\/pages\/140"}],"collection":[{"href":"https:\/\/chalons.catholique.fr\/vesle\/wp-json\/wp\/v2\/pages"}],"about":[{"href":"https:\/\/chalons.catholique.fr\/vesle\/wp-json\/wp\/v2\/types\/page"}],"author":[{"embeddable":true,"href":"https:\/\/chalons.catholique.fr\/vesle\/wp-json\/wp\/v2\/users\/5"}],"replies":[{"embeddable":true,"href":"https:\/\/chalons.catholique.fr\/vesle\/wp-json\/wp\/v2\/comments?post=140"}],"version-history":[{"count":3,"href":"https:\/\/chalons.catholique.fr\/vesle\/wp-json\/wp\/v2\/pages\/140\/revisions"}],"predecessor-version":[{"id":1481,"href":"https:\/\/chalons.catholique.fr\/vesle\/wp-json\/wp\/v2\/pages\/140\/revisions\/1481"}],"up":[{"embeddable":true,"href":"https:\/\/chalons.catholique.fr\/vesle\/wp-json\/wp\/v2\/pages\/1233"}],"wp:attachment":[{"href":"https:\/\/chalons.catholique.fr\/vesle\/wp-json\/wp\/v2\/media?parent=140"}],"curies":[{"name":"wp","href":"https:\/\/api.w.org\/{rel}","templated":true}]}}