{"id":1323,"date":"2024-08-02T12:04:22","date_gmt":"2024-08-02T10:04:22","guid":{"rendered":"https:\/\/chalons.catholique.fr\/stetienne\/?page_id=1323"},"modified":"2024-09-18T11:01:56","modified_gmt":"2024-09-18T09:01:56","slug":"espace-24-25","status":"publish","type":"page","link":"https:\/\/chalons.catholique.fr\/stetienne\/espace-24-25\/","title":{"rendered":"Espace missionnaire 24-25"},"content":{"rendered":"<div class=\"fusion-fullwidth fullwidth-box fusion-builder-row-1 fusion-flex-container has-pattern-background has-mask-background nonhundred-percent-fullwidth non-hundred-percent-height-scrolling\" style=\"--awb-border-radius-top-left:0px;--awb-border-radius-top-right:0px;--awb-border-radius-bottom-right:0px;--awb-border-radius-bottom-left:0px;--awb-flex-wrap:wrap;\" ><div class=\"fusion-builder-row fusion-row fusion-flex-align-items-flex-start fusion-flex-content-wrap\" style=\"max-width:1123.2px;margin-left: calc(-4% \/ 2 );margin-right: calc(-4% \/ 2 );\"><div class=\"fusion-layout-column fusion_builder_column fusion-builder-column-0 fusion_builder_column_1_1 1_1 fusion-flex-column\" style=\"--awb-bg-size:cover;--awb-width-large:100%;--awb-margin-top-large:0px;--awb-spacing-right-large:1.92%;--awb-margin-bottom-large:20px;--awb-spacing-left-large:1.92%;--awb-width-medium:100%;--awb-order-medium:0;--awb-spacing-right-medium:1.92%;--awb-spacing-left-medium:1.92%;--awb-width-small:100%;--awb-order-small:0;--awb-spacing-right-small:1.92%;--awb-spacing-left-small:1.92%;\"><div class=\"fusion-column-wrapper fusion-column-has-shadow fusion-flex-justify-content-flex-start fusion-content-layout-column\"><div class=\"fusion-text fusion-text-1\"><p><a href=\"https:\/\/outlook.office365.com\/owa\/calendar\/b6edb5e2b4e24388bf9d010ecaee1625@chalons.catholique.fr\/6c7fc3ff2e9b4e2e91cee286f67897258107691196897249854\/calendar.html\" target=\"_blank\" rel=\"noopener\">Lien pour consulter l&rsquo;agenda de l&rsquo;espace missionnaire<\/a><\/p>\n<p><a href=\"https:\/\/outlook.office365.com\/owa\/calendar\/b6edb5e2b4e24388bf9d010ecaee1625@chalons.catholique.fr\/6c7fc3ff2e9b4e2e91cee286f67897258107691196897249854\/calendar.ics\" target=\"_blank\" rel=\"noopener\">Lien pour s&rsquo;abonner \u00e0 l&rsquo;agenda de l&rsquo;espace missionnaire<\/a><\/p>\n<p>Pour les infos paroissiales, se r\u00e9f\u00e9rer aux diff\u00e9rents sites paroissiaux.<\/p>\n<p><a href=\"https:\/\/chalons.catholique.fr\/stetienne\/propositions-paroissiales-23-24\/\" target=\"_blank\" rel=\"noopener\">Lien pour Ch\u00e2lons centre<\/a><\/p>\n<p><a href=\"https:\/\/www.saintetheresechalons.com\/\" target=\"_blank\" rel=\"noopener\">Sainte Th\u00e9r\u00e8se<\/a><\/p>\n<p><a href=\"https:\/\/www.paroissesaintmemmie.com\/\" target=\"_blank\" rel=\"noopener\">Saint Memmie<\/a><\/p>\n<p><a href=\"https:\/\/chalons.catholique.fr\/vesle\/\" target=\"_blank\" rel=\"noopener\">Sainte Marie aux Sources de la Vesles<\/a><\/p>\n<p><a href=\"https:\/\/chalons.catholique.fr\/paroissedesmothees\" target=\"_blank\" rel=\"noopener\">Saint Fran\u00e7ois de Sales, les Moth\u00e9es<\/a><\/p>\n<p>Saint Eloi<\/p>\n<\/div><div class=\"fusion-tabs fusion-tabs-1 classic nav-is-justified horizontal-tabs icon-position-left mobile-mode-accordion\" style=\"--awb-title-border-radius-top-left:0px;--awb-title-border-radius-top-right:0px;--awb-title-border-radius-bottom-right:0px;--awb-title-border-radius-bottom-left:0px;--awb-alignment:start;--awb-inactive-color:#ebeaea;--awb-background-color:#ffffff;--awb-border-color:#ebeaea;--awb-active-border-color:#c12c2b;\"><div class=\"nav\"><ul class=\"nav-tabs nav-justified\" role=\"tablist\"><li class=\"active\" role=\"presentation\"><a class=\"tab-link\" data-toggle=\"tab\" role=\"tab\" aria-controls=\"tab-bd3eeda745017d2d08f\" aria-selected=\"true\" id=\"fusion-tab-jeunes\" href=\"#tab-bd3eeda745017d2d08f\"><h4 class=\"fusion-tab-heading\">Jeunes<\/h4><\/a><\/li><li role=\"presentation\"><a class=\"tab-link\" data-toggle=\"tab\" role=\"tab\" aria-controls=\"tab-5f3fcb84742634369fd\" aria-selected=\"false\" tabindex=\"-1\" id=\"fusion-tab-adultes\" href=\"#tab-5f3fcb84742634369fd\"><h4 class=\"fusion-tab-heading\">Adultes<\/h4><\/a><\/li><li role=\"presentation\"><a class=\"tab-link\" data-toggle=\"tab\" role=\"tab\" aria-controls=\"tab-cb1b5cb257a60774844\" aria-selected=\"false\" tabindex=\"-1\" id=\"fusion-tab-pri\u00e8re\" href=\"#tab-cb1b5cb257a60774844\"><h4 class=\"fusion-tab-heading\">Pri\u00e8re<\/h4><\/a><\/li><\/ul><\/div><div class=\"tab-content\"><div class=\"nav fusion-mobile-tab-nav\"><ul class=\"nav-tabs nav-justified\" role=\"tablist\"><li class=\"active\" role=\"presentation\"><a class=\"tab-link\" data-toggle=\"tab\" role=\"tab\" aria-controls=\"tab-bd3eeda745017d2d08f\" aria-selected=\"true\" id=\"mobile-fusion-tab-jeunes\" href=\"#tab-bd3eeda745017d2d08f\"><h4 class=\"fusion-tab-heading\">Jeunes<\/h4><\/a><\/li><\/ul><\/div><div class=\"tab-pane fade fusion-clearfix in active\" role=\"tabpanel\" tabindex=\"0\" aria-labelledby=\"fusion-tab-jeunes\" id=\"tab-bd3eeda745017d2d08f\">\n<h1>Pr\u00e9paration au bapt\u00eame<\/h1>\n<p>Il est possible de pr\u00e9parer le bapt\u00eame \u00e0 tout \u00e2ge<\/p>\n<p>Trois groupes existent sur le doyenn\u00e9:<\/p>\n<h2>Pour les primaires :<\/h2>\n<p>R\u00e9unions le mercredi 10h \u00e0 11h30 au presbyt\u00e8re de la paroisse sainte Th\u00e9r\u00e8se,140 \u00a0avenue du G\u00e9n\u00e9ral de Gaulle.<\/p>\n<p>Dates de l\u2019ann\u00e9e :<\/p>\n<ul>\n<li>16 octobre<\/li>\n<li>13 novembre<\/li>\n<li>11 d\u00e9cembre<\/li>\n<li>15 janvier<\/li>\n<li>5 f\u00e9vrier<\/li>\n<li>12 mars<\/li>\n<li>26 mars<\/li>\n<li>21 mai<\/li>\n<\/ul>\n<p>Entr\u00e9e en cat\u00e9chum\u00e9nat le 7 janvier, scrutins les 16, 23 et 30 mars, bapt\u00eame durant la vigile de P\u00e2ques, le 19 avril ou le lundi de P\u00e2ques, le 21 avril.<\/p>\n<h2>Pour les coll\u00e9giens : mercredi 14h30 16h ND<\/h2>\n<p>R\u00e9unions le mercredi de 14h30 \u00e0 16h au 1 place Notre Dame et Dame et participation aux 24h pour Dieu le week-end du 1er et 2 f\u00e9vrier<\/p>\n<p>Dates de l\u2019ann\u00e9e :<\/p>\n<ul>\n<li>9 octobre<\/li>\n<li>13 novembre<\/li>\n<li>27 novembre<\/li>\n<li>11 d\u00e9cembre<\/li>\n<li>15 janvier<\/li>\n<li>5 mars<\/li>\n<li>12 mars<\/li>\n<li>19 mars<\/li>\n<li>26 mars<\/li>\n<li>14 mai<\/li>\n<\/ul>\n<p>Entr\u00e9e en cat\u00e9chum\u00e9nat le 7 janvier, scrutins les 16, 23 et 30 mars, bapt\u00eame durant la vigile de P\u00e2ques, le 19 avril<\/p>\n<h2>Pour les lyc\u00e9ens<\/h2>\n<p>10 r\u00e9unions le dimanche de 15h30 \u00e0 17h au 1 Place Notre Dame et participation aux 24h pour Dieu le week-end du 1er et 2 f\u00e9vrier<\/p>\n<p>Entr\u00e9e en cat\u00e9chum\u00e9nat le 7 janvier, scrutins les 16, 23 et 30 mars, bapt\u00eame durant la vigile de P\u00e2ques, le 19 avril<\/p>\n<p>Dates de l\u2019ann\u00e9e :<\/p>\n<ul>\n<li>13 octobre<\/li>\n<li>17 novembre<\/li>\n<li>1er d\u00e9cembre<\/li>\n<li>15 d\u00e9cembre<\/li>\n<li>19 janvier<\/li>\n<li>9 mars<\/li>\n<li>16 mars<\/li>\n<li>23 mars<\/li>\n<li>30 mars<\/li>\n<li>18 mai<\/li>\n<\/ul>\n<h1>L\u2019\u00e9veil \u00e0 la foi<\/h1>\n<p>Pour les maternelles le deuxi\u00e8me samedi du mois de 10h30 \u00e0 11h30 \u00e0 sainte Th\u00e9r\u00e8se, 140 avenue du G\u00e9n\u00e9ral de Gaulle, (avanc\u00e9 en cas de vacances).<\/p>\n<p>Dates de l\u2019ann\u00e9e :<\/p>\n<ul>\n<li>12 octobre<\/li>\n<li>9 novembre<\/li>\n<li>14 d\u00e9cembre<\/li>\n<li>11 janvier<\/li>\n<li>8 f\u00e9vrier<\/li>\n<li>8 mars<\/li>\n<li>5 avril<\/li>\n<li>24 mai<\/li>\n<li>28 juin<\/li>\n<\/ul>\n<h1>Aum\u00f4nerie des coll\u00e9giens<\/h1>\n<p>L\u2019aum\u00f4nerie des coll\u00e9giens se r\u00e9unit le vendredi de 18h30 \u00e0 21h15 au coll\u00e8ge Notre Dame Perrier, 64 rue Grande \u00c9tape. Les parents sont invit\u00e9s \u00e0 participer \u00e0 2 rencontres dans l\u2019ann\u00e9e.<\/p>\n<p>Les soir\u00e9es comprennent des temps de jeux, d\u2019\u00e9changes, de formation, un temps de pri\u00e8re \u00e0 Notre Dame en Vaux et un d\u00eener partag\u00e9.<\/p>\n<p>Dates pour l\u2019ann\u00e9e :<\/p>\n<ul>\n<li>20 septembre<\/li>\n<li>4 octobre<\/li>\n<li>18 octobre<\/li>\n<li>8 novembre<\/li>\n<li><strong>6 d\u00e9cembre avec les parents<\/strong><\/li>\n<li>20 d\u00e9cembre<\/li>\n<li>10 janvier<\/li>\n<li>24 janvier<\/li>\n<li>7 f\u00e9vrier<\/li>\n<li>28 f\u00e9vrier<\/li>\n<li>14 mars<\/li>\n<li>28 mars<\/li>\n<li><strong>25 avril avec les parents<\/strong><\/li>\n<li>16 mai<\/li>\n<li>6 juin<\/li>\n<li>20 juin<\/li>\n<\/ul>\n<p>Les 23 et 24 novembre un week-end de rentr\u00e9e des aum\u00f4neries sera propos\u00e9.<\/p>\n<p>Contact : Nad\u00e8ge B. 06 86 63 35 22 \u2013 <a href=\"mailto:nadege.boone@chalons.catholique.fr\">nadege.boone@chalons.catholique.fr<\/a><\/p>\n<h1>Aum\u00f4nerie des lyc\u00e9ens<\/h1>\n<p>L\u2019aum\u00f4nerie des lyc\u00e9ens se r\u00e9unit le vendredi de 19h \u00e0 22h au 1 place Notre Dame. Les parents sont invit\u00e9s \u00e0 participer \u00e0 2 rencontres dans l\u2019ann\u00e9e.<\/p>\n<p>Les soir\u00e9es comprennent des temps de jeux, d\u2019\u00e9changes, de formation, un temps de pri\u00e8re \u00e0 Notre Dame en Vaux et un d\u00eener partag\u00e9.<\/p>\n<p>Les dates sont les m\u00eames que celles de l\u2019aum\u00f4nerie des coll\u00e9giens.<\/p>\n<p>Contact : Don Antonin 07 87 06 03 41 \u2013 antonin.dichamp@chalons.catholique.fr<\/p>\n<h1>Confirmation des jeunes<\/h1>\n<p>Les jeunes peuvent pr\u00e9parer la confirmation \u00e0 partir de la cinqui\u00e8me sur le dioc\u00e8se. En fonction du parcours des jeunes elle est faite avec les aum\u00f4neries ou les groupes d\u2019initiation chr\u00e9tienne.<\/p>\n<p>Les 24h pour Dieu auront lieu le week-end du 1er et 2 f\u00e9vrier<\/p>\n<p>La confirmation des jeunes aura lieu le 25 mai \u00e0 10h30 \u00e0 la cath\u00e9drale Saint Etienne.<\/p>\n<p>Une retraite de confirmation aura lieu le samedi 26 avril.<\/p>\n<p>Un dossier d\u2019inscription est remis au d\u00e9but de l\u2019ann\u00e9e.<\/p>\n<h1>Visite aux personnes \u00e2g\u00e9es<\/h1>\n<p>Un groupe de lyc\u00e9ens visite des personnes seules ou \u00e2g\u00e9es en bin\u00f4me.<\/p>\n<p>Contact\u00a0: don Antonin 07 87 06 03 41<\/p>\n<\/div><div class=\"nav fusion-mobile-tab-nav\"><ul class=\"nav-tabs nav-justified\" role=\"tablist\"><li role=\"presentation\"><a class=\"tab-link\" data-toggle=\"tab\" role=\"tab\" aria-controls=\"tab-5f3fcb84742634369fd\" aria-selected=\"false\" tabindex=\"-1\" id=\"mobile-fusion-tab-adultes\" href=\"#tab-5f3fcb84742634369fd\"><h4 class=\"fusion-tab-heading\">Adultes<\/h4><\/a><\/li><\/ul><\/div><div class=\"tab-pane fade fusion-clearfix\" role=\"tabpanel\" tabindex=\"0\" aria-labelledby=\"fusion-tab-adultes\" id=\"tab-5f3fcb84742634369fd\">\n<h1>Pour les hommes : Abb\u00e9 Mousse Papas<\/h1>\n<p>Un temps fraternel d\u2019enseignement et de pri\u00e8re pour les hommes. Un mardi soir par mois au 1 place Notre Dame, de 20h30 \u00e0 22h30. Topo, d\u00e9gustation de bi\u00e8re et temps de pri\u00e8re \u00e0 Notre Dame en Vaux.<\/p>\n<p>Contact : Cl\u00e9ment J. : 06 88 23 88 58 et Romuald<strong> ?<\/strong><\/p>\n<p>Dates de cette ann\u00e9e :<\/p>\n<ul>\n<li>17 septembre<\/li>\n<li>8 octobre<\/li>\n<li>12 novembre<\/li>\n<li>3 d\u00e9cembre<\/li>\n<li>7 janvier<\/li>\n<li>4 f\u00e9vrier<\/li>\n<li>4 mars<\/li>\n<li>1er avril<\/li>\n<li>6 mai<\/li>\n<li>24 juin<\/li>\n<\/ul>\n<h1>Pour les femmes : Topo &amp; Vino<\/h1>\n<p>Temps d\u2019enseignement puis \u00e9change autour d\u2019un verre de vin, suivi d\u2019un temps de pri\u00e8re. Un mardi par mois de 20h30 \u00e0 22h30 au 1 place Notre Dame. Trois soir\u00e9es \u00e0 l\u2019\u00c9pine avec un repas pr\u00e9par\u00e9 par les s\u0153urs !<\/p>\n<p>Contact : H\u00e9l\u00e8ne L. : 06 87 96 68 20 et Marie C. <strong>?<\/strong><\/p>\n<p>Dates de cette ann\u00e9e :<\/p>\n<ul>\n<li>24 septembre<\/li>\n<li>15 octobre<\/li>\n<li><strong>19 novembre, avec les s\u0153urs<\/strong><\/li>\n<li>10 d\u00e9cembre<\/li>\n<li>14 janvier<\/li>\n<li>25 f\u00e9vrier<\/li>\n<li><strong>11 mars, avec les s\u0153urs<\/strong><\/li>\n<li>22 avril<\/li>\n<li><strong>20 mai avec les soeurs ? A v\u00e9rifier<\/strong><\/li>\n<li>17 juin<\/li>\n<\/ul>\n<p>Alpha<\/p>\n<p><strong>\u00a0<\/strong><\/p>\n<p>Temps de partage sur le sens de la vie et la foi chr\u00e9tienne avec repas, topo et temps d\u2019\u00e9change. Le lundi soir de 20h \u00e0 22h \u00e0 la salle Charnoz sous l\u2019\u00e9glise sainte Th\u00e9r\u00e8se. R\u00e9unions tous les lundis \u00e0 partir du 13 janvier, sauf pendant les vacances scolaires.<\/p>\n<p>Dates de cette ann\u00e9e :<\/p>\n<ul>\n<li>13 janvier<\/li>\n<li>20 janvier<\/li>\n<li>27 janvier<\/li>\n<li>3 f\u00e9vrier<\/li>\n<li>24 f\u00e9vrier<\/li>\n<li>3 mars<\/li>\n<li>10 mars<\/li>\n<li>17 mars<\/li>\n<li>24 mars<\/li>\n<li>31 mars<\/li>\n<li>21 avril<\/li>\n<\/ul>\n<h1><\/h1>\n<h1>Soir\u00e9es couples<\/h1>\n<p>Un temps d\u2019enseignement, puis un diner en couple dans un restaurant avec un questionnaire.<\/p>\n<p>Contact : Cl\u00e9ment S. : 06 77 12 40 89 \u2013 <a href=\"mailto:soireescouple@outlook.fr\">soireescouple@outlook.fr<\/a><\/p>\n<h1>Jeunes Pros<\/h1>\n<p>Un mercredi sur deux \u00e0 partir du 4 septembre, de 19h-22h15, au 1 place Notre Dame. Contact : Jimila. : 07 84 35 55 10 \u2013\u00a0 <a href=\"mailto:jimila.clain@laposte.net\">jimila.clain@laposte.net<\/a><\/p>\n<p>Dates de l\u2019ann\u00e9e :<\/p>\n<ul>\n<li>4 septembre<\/li>\n<li>18 septembre<\/li>\n<li>2 octobre<\/li>\n<li>16 octobre<\/li>\n<li>13 novembre<\/li>\n<li>20 novembre<\/li>\n<li>11 d\u00e9cembre<\/li>\n<li>8 janvier<\/li>\n<li>22 janvier<\/li>\n<li>5 f\u00e9vrier<\/li>\n<li>26 f\u00e9vrier<\/li>\n<li>12 mars<\/li>\n<li>26 mars<\/li>\n<li>23 avril<\/li>\n<li>7 mai<\/li>\n<li>21 mai<\/li>\n<li>4 juin<\/li>\n<li>18 juin<\/li>\n<li>2 juillet<\/li>\n<\/ul>\n<h1>KT \/ D\u00eener<\/h1>\n<p>D\u00eener partag\u00e9 et temps de cat\u00e9chisme pour les adultes, une fois par mois, le jeudi soir de 20h \u00e0 22h \u00e0 Sainte Th\u00e9r\u00e8se.<\/p>\n<p>Une journ\u00e9e de retraite aura lieu le samedi 18 janvier<\/p>\n<p>Dates de cette ann\u00e9e :<\/p>\n<ul>\n<li>10 octobre<\/li>\n<li>14 novembre<\/li>\n<li>12 d\u00e9cembre<\/li>\n<li>20 f\u00e9vrier<\/li>\n<li>20 mars<\/li>\n<li>3 avril<\/li>\n<li>22 mai<\/li>\n<li>12 juin<\/li>\n<\/ul>\n<h1>Social<\/h1>\n<p><strong>Conf\u00e9rence Saint Vincent de Paul\u00a0:<\/strong> pour vous mettre au service de ceux qui sont dans le besoin ou de personnes \u00e2g\u00e9es. Contact : Genevi\u00e8ve B. : 06 60 19 57 24.<\/p>\n<p><strong>Ordre de Malte\u00a0: <\/strong>petits d\u00e9jeuners place Notre Dame avant la messe, de novembre \u00e0 mars. Contact : 06 30 67 26 41 <a href=\"mailto:delegation51@ordredemaltefrance.org\">delegation51@ordredemaltefrance.org<\/a><\/p>\n<p><strong>Secours catholique<\/strong> : temps de pri\u00e8re le 2\u00e8me vendredi du mois de 17h30 \u00e0 18h15 \u00e0 Notre Dame en Vaux. Contact : Monique T. : 06 72 60 40 03.<\/p>\n<p><strong>\u00a0<\/strong><\/p>\n<\/div><div class=\"nav fusion-mobile-tab-nav\"><ul class=\"nav-tabs nav-justified\" role=\"tablist\"><li role=\"presentation\"><a class=\"tab-link\" data-toggle=\"tab\" role=\"tab\" aria-controls=\"tab-cb1b5cb257a60774844\" aria-selected=\"false\" tabindex=\"-1\" id=\"mobile-fusion-tab-pri\u00e8re\" href=\"#tab-cb1b5cb257a60774844\"><h4 class=\"fusion-tab-heading\">Pri\u00e8re<\/h4><\/a><\/li><\/ul><\/div><div class=\"tab-pane fade fusion-clearfix\" role=\"tabpanel\" tabindex=\"0\" aria-labelledby=\"fusion-tab-pri\u00e8re\" id=\"tab-cb1b5cb257a60774844\">\n<h2>MESSES DOMINICALES<\/h2>\n<ul>\n<li>18h15, messe anticip\u00e9e, Saint Memmie<\/li>\n<li>8h30, cath\u00e9drale Saint Etienne<\/li>\n<li>10h30, Notre Dame en Vaux<\/li>\n<li>10h30, Notre Dame de l&rsquo;Epine<\/li>\n<li>11h, Sainte Th\u00e9r\u00e8se Chalons Sud<\/li>\n<\/ul>\n<h2>MESSES EN SEMAINE<\/h2>\n<ul>\n<li>Notre Dame en Vaux\n<ul>\n<li>7h30 du mardi au vendredi<\/li>\n<li>12h le samedi<\/li>\n<\/ul>\n<\/li>\n<li>Cath\u00e9drale Saint Etienne\n<ul>\n<li>8H30 mardi et mercredi<\/li>\n<\/ul>\n<\/li>\n<li>Notre Dame de l\u2019Epine\n<ul>\n<li>11h30 du mardi au samedi<\/li>\n<\/ul>\n<\/li>\n<li>Sainte Th\u00e9r\u00e8se\n<ul>\n<li>18h le mardi<\/li>\n<li>17h30 le vendredi<\/li>\n<\/ul>\n<\/li>\n<li>Saint Memmie\n<ul>\n<li>18h le jeudi<\/li>\n<\/ul>\n<\/li>\n<li>Saint Joseph\n<ul>\n<li>18h30 du lundi au vendredi<\/li>\n<\/ul>\n<\/li>\n<\/ul>\n<h2>CONFESSIONS<\/h2>\n<ul>\n<li>Notre Dame en Vaux\n<ul>\n<li>Le mercredi de 21h \u00e0 22h<\/li>\n<li>Le samedi de 10h \u00e0 11h45<\/li>\n<\/ul>\n<\/li>\n<li>Notre Dame de l\u2019Epine\n<ul>\n<li>du mardi au vendredi apr\u00e8s la messe de 11h30<\/li>\n<\/ul>\n<\/li>\n<li>Autres paroisses, prendre rendez-vous avec les pr\u00eatres.<\/li>\n<\/ul>\n<h2>ADORATION<\/h2>\n<ul>\n<li>Notre Dame en Vaux\n<ul>\n<li>Le mercredi de 21h \u00e0 22h<\/li>\n<li>Le samedi de 10h \u00e0 11h45<\/li>\n<\/ul>\n<\/li>\n<li>Notre Dame de l&rsquo;Epine\n<ul>\n<li>Du mardi au vendredi de 15h \u00e0 17h<\/li>\n<li>Le samedi de 16h \u00e0 18h<\/li>\n<li>Le dimanche de 14h \u00e0 16h<\/li>\n<\/ul>\n<\/li>\n<li>Sainte Th\u00e9r\u00e8se\n<ul>\n<li>Lundi de 15h30 \u00e0 16h30<\/li>\n<li>Mardi 17h10 \u00e0 18h<\/li>\n<\/ul>\n<\/li>\n<li>Saint Memmie\n<ul>\n<li>Jeudi de 17h10 \u00e0 18h<\/li>\n<\/ul>\n<\/li>\n<\/ul>\n<h2>LITURGIE DES HEURES<\/h2>\n<ul>\n<li>S\u0153urs de l\u2019Annonciation de Bobo (Saint Memmie)\n<ul>\n<li>Laudes mardi au samedi \u00e0 7h30<\/li>\n<li>Office du milieu du jour 12h15<\/li>\n<li>V\u00eapres apr\u00e8s les messes, vers 18h30<\/li>\n<li>Complies du mardi au dimanche \u00e0 21h<\/li>\n<\/ul>\n<\/li>\n<li>Communaut\u00e9 saint Martin (Notre Dame en Vaux)\n<ul>\n<li>Laudes du mardi au samedi \u00e0 8h, le dimanche \u00e0 7h15<\/li>\n<li>V\u00eapres mardi et mercredi \u00e0 19h05, le dimanche \u00e0 18h.<\/li>\n<\/ul>\n<\/li>\n<li>B\u00e9n\u00e9dictines Du Sacr\u00e9 C\u0153ur (Notre Dame de l\u2019Epine)\n<ul>\n<li>Office des lectures et laudes du mardi au samedi \u00e0 7h30, laudes le dimanche \u00e0 8h<\/li>\n<li>Office du milieu du jour \u00e0 12h<\/li>\n<li>V\u00eapres du mardi au samedi \u00e0 17h, le dimanche \u00e0 16h.<\/li>\n<li>Complies du mardi au samedi \u00e0 21h<\/li>\n<\/ul>\n<\/li>\n<\/ul>\n<h1>Pri\u00e8re des m\u00e8res<\/h1>\n<p>Tous les lundis de 9h \u00e0 11h, sauf durant les vacances scolaires, \u00e0 l\u2019\u00e9v\u00each\u00e9. Contact Julie de F.<\/p>\n<h1>Pri\u00e8res pour les vocations<\/h1>\n<p>Le premier vendredi du mois \u00e0 la chapelle saint Joseph, de 17h30 \u00e0 18h30.<\/p>\n<h1>Chapelets<\/h1>\n<p>Du mardi au samedi \u00e0 11h \u00e0 Notre Dame de l\u2019Epine<\/p>\n<p>Le lundi \u00e0 14h30 \u00e0 Notre Dame en Vaux<\/p>\n<h1>Croix de Taiz\u00e9<\/h1>\n<p>Pri\u00e8re autour de la croix de Taiz\u00e9, le premier vendredi du mois de 18h \u00e0 18h30 \u00e0 l\u2019\u00e9glise saint Jean.<\/p>\n<\/div><\/div><\/div><\/div><\/div><\/div><\/div>\n","protected":false},"excerpt":{"rendered":"","protected":false},"author":170,"featured_media":0,"parent":0,"menu_order":0,"comment_status":"closed","ping_status":"closed","template":"","meta":{"xn-wppe-expiration":[],"xn-wppe-expiration-action":[],"xn-wppe-expiration-prefix":[],"footnotes":""},"_links":{"self":[{"href":"https:\/\/chalons.catholique.fr\/stetienne\/wp-json\/wp\/v2\/pages\/1323"}],"collection":[{"href":"https:\/\/chalons.catholique.fr\/stetienne\/wp-json\/wp\/v2\/pages"}],"about":[{"href":"https:\/\/chalons.catholique.fr\/stetienne\/wp-json\/wp\/v2\/types\/page"}],"author":[{"embeddable":true,"href":"https:\/\/chalons.catholique.fr\/stetienne\/wp-json\/wp\/v2\/users\/170"}],"replies":[{"embeddable":true,"href":"https:\/\/chalons.catholique.fr\/stetienne\/wp-json\/wp\/v2\/comments?post=1323"}],"version-history":[{"count":5,"href":"https:\/\/chalons.catholique.fr\/stetienne\/wp-json\/wp\/v2\/pages\/1323\/revisions"}],"predecessor-version":[{"id":1337,"href":"https:\/\/chalons.catholique.fr\/stetienne\/wp-json\/wp\/v2\/pages\/1323\/revisions\/1337"}],"wp:attachment":[{"href":"https:\/\/chalons.catholique.fr\/stetienne\/wp-json\/wp\/v2\/media?parent=1323"}],"curies":[{"name":"wp","href":"https:\/\/api.w.org\/{rel}","templated":true}]}}