{"id":78,"date":"2016-02-24T17:33:33","date_gmt":"2016-02-24T16:33:33","guid":{"rendered":"http:\/\/chalons.catholique.fr\/lepine\/?page_id=78"},"modified":"2022-07-19T13:39:09","modified_gmt":"2022-07-19T12:39:09","slug":"les-propositions","status":"publish","type":"page","link":"https:\/\/chalons.catholique.fr\/lepine\/les-propositions\/","title":{"rendered":"Les propositions"},"content":{"rendered":"<div class=\"fusion-fullwidth fullwidth-box fusion-builder-row-1 fusion-parallax-none nonhundred-percent-fullwidth non-hundred-percent-height-scrolling\" style=\"--awb-border-radius-top-left:0px;--awb-border-radius-top-right:0px;--awb-border-radius-bottom-right:0px;--awb-border-radius-bottom-left:0px;--awb-padding-top:500px;--awb-margin-top:30px;--awb-background-image:url(&quot;https:\/\/chalons.catholique.fr\/lepine\/wp-content\/uploads\/sites\/5\/2019\/12\/pe\u0300lerinage-2018-1024x683.jpg&quot;);--awb-background-size:cover;--awb-flex-wrap:wrap;\" ><div class=\"fusion-builder-row fusion-row\"><\/div><\/div><div class=\"fusion-fullwidth fullwidth-box fusion-builder-row-2 nonhundred-percent-fullwidth non-hundred-percent-height-scrolling\" style=\"--awb-border-radius-top-left:0px;--awb-border-radius-top-right:0px;--awb-border-radius-bottom-right:0px;--awb-border-radius-bottom-left:0px;--awb-padding-top:20px;--awb-padding-bottom:0px;--awb-margin-bottom:0px;--awb-flex-wrap:wrap;\" ><div class=\"fusion-builder-row fusion-row\"><div class=\"fusion-layout-column fusion_builder_column fusion-builder-column-0 fusion_builder_column_1_1 1_1 fusion-one-full fusion-column-first fusion-column-last\" style=\"--awb-bg-size:cover;--awb-margin-bottom:0px;\"><div class=\"fusion-column-wrapper fusion-flex-column-wrapper-legacy\"><div class=\"fusion-title title fusion-title-1 fusion-sep-none fusion-title-center fusion-title-text fusion-title-size-three\"><h3 class=\"fusion-title-heading title-heading-center fusion-responsive-typography-calculated\" style=\"margin:0;--fontSize:18;--minFontSize:18;line-height:1.5;\"><h1><span style=\"color: #000080\">Ecole de pri\u00e8re :<\/span><\/h1><\/h3><\/div><div class=\"fusion-title title fusion-title-2 fusion-sep-none fusion-title-text fusion-title-size-four\"><h4 class=\"fusion-title-heading title-heading-left fusion-responsive-typography-calculated\" style=\"margin:0;--fontSize:15;--minFontSize:15;line-height:1.5;\"><h2 style=\"text-align: center\"><span style=\"color: #000000\">Oasis fraternelles<\/span><\/h2>\n<p><strong>4 dimanches dans l&rsquo;ann\u00e9e de 10h \u00e0 17h :<\/strong><\/p>\n<ul>\n<li><strong>24 octobre<\/strong> (avant la Toussaint)<\/li>\n<li><strong>5 d\u00e9cembre<\/strong> (Avent)<\/li>\n<li><strong>6 mars<\/strong> (Car\u00eame)<\/li>\n<li><strong>29 mai<\/strong> (neuvaine de Pentec\u00f4te).<br \/>Introduction \u00e0 la messe et chant, messe \u00e0 10h30, temps fraternel autour d&rsquo;un repas tir\u00e9 du sac, enseignement, \u00e9change, adoration, v\u00eapres \u00e0 16h, chapelet. <em>Avec Don Erwan, recteur, et les Soeurs b\u00e9n\u00e9dictines.<\/em><\/li>\n<\/ul>\n<hr \/>\n<h2 style=\"text-align: center\">Lectio divina<\/h2>\n<p style=\"text-align: center\"><strong><span class=\"JsGRdQ\">2 groupes de lecture priante de la Parole de Dieu :<\/span><\/strong><\/p>\n<ul>\n<li class=\"_04xlpA direction-ltr align-start para-style-body\"><strong><span class=\"JsGRdQ\">le jeudi de 14h30 \u00e0 16h (<\/span><span class=\"JsGRdQ\">lecture continue d&rsquo;un \u00e9vangile) :<\/span><\/strong><\/li>\n<\/ul>\n<p class=\"_04xlpA direction-ltr align-start para-style-body\"><span class=\"JsGRdQ\">30\/09, 7 et 28\/10, 11 et 25\/11, 9 et 23\/12, 20\/01, 3 et 17\/02, <\/span><span class=\"JsGRdQ\">3 et 17\/03, 7 et 21\/04, 12 et 26\/ 05, 2 et 23\/06<\/span><\/p>\n<ul>\n<li class=\"_04xlpA direction-ltr align-start para-style-body\"><strong><span class=\"JsGRdQ\">le samedi de 9h30 \u00e0 11h (d\u00e9couverte du message de l&rsquo;Epine <\/span>dans la Bible) :<\/strong><br \/><span class=\"JsGRdQ\">25\/09, 16 et 30\/10, 20\/11, 4 et 11\/12, 15\/1, <\/span>5 et 19\/02, 5 et 26\/03, 9 et 23\/04, 14 et 21\/05, 4 et 18\/06<\/li>\n<\/ul>\n<p class=\"_04xlpA direction-ltr align-start para-style-body\"><em><span class=\"JsGRdQ\">Avec les Soeurs b\u00e9n\u00e9dictines.<\/span><\/em><\/p>\n<hr \/>\n<h2 style=\"text-align: center\">Parcours pri\u00e8re<\/h2>\n<p class=\"_04xlpA direction-ltr align-center para-style-body\"><strong><span class=\"JsGRdQ\">6 s\u00e9ances<\/span> <span class=\"JsGRdQ\">le samedi de 15h \u00e0 17h pour apprendre \u00e0 prier, <\/span><span class=\"JsGRdQ\">en 2 sessions au choix :<br \/><\/span><\/strong><\/p>\n<ul>\n<li class=\"_04xlpA direction-ltr align-center para-style-body\"><span class=\"JsGRdQ\">5-12-19-26\/02 et 5-19\/03\u00a0<\/span><\/li>\n<li class=\"_04xlpA direction-ltr align-center para-style-body\"><span class=\"JsGRdQ\"> ou 30\/04, 14-21\/05 et 4-11-18\/06<\/span><\/li>\n<\/ul>\n<p class=\"_04xlpA direction-ltr align-start para-style-body\"><span class=\"JsGRdQ\">Introduction aux principes de la vie spirituelle et aux diff\u00e9rentes formes de pri\u00e8re : <strong>oraison, adoration, pri\u00e8re liturgique, lectio divina, chapelet&#8230;<\/strong> Enseignement th\u00e9orique et exercices pratiques !<br \/><\/span><em><span class=\"JsGRdQ\">Avec les Soeurs b\u00e9n\u00e9dictines.<\/span><\/em><\/p>\n<hr \/>\n<hr \/>\n<h1 style=\"text-align: center\"><span style=\"color: #000080\"><strong><span class=\"JsGRdQ\">Enfants et familles<\/span><\/strong><\/span><\/h1>\n<hr \/>\n<h3 style=\"text-align: center\"><strong><span class=\"JsGRdQ\">Deux parcours d\u00e9couverte de la basilique pour les enfants, <br \/><\/span><span class=\"JsGRdQ\">spirituel ou ludique<\/span><\/strong><\/h3>\n<p>Sur demande, individuellement ou en groupe<\/p>\n<hr \/>\n<h3 style=\"text-align: center\"><strong><span class=\"JsGRdQ\">Eveil \u00e0 la foi et \u00e0 la pri\u00e8re (3 \u00e0 10 ans) :<\/span><\/strong><\/h3>\n<p class=\"_04xlpA direction-ltr align-start para-style-body\"><span class=\"JsGRdQ\">Une fois par mois<\/span><\/p>\n<ul>\n<li><strong><span class=\"JsGRdQ\">le mercredi de 14h30 \u00e0 16h <\/span><\/strong><span class=\"JsGRdQ\">(20\/9, 13\/10,<\/span><\/li>\n<\/ul>\n<p class=\"_04xlpA direction-ltr align-start para-style-body\"><span class=\"JsGRdQ\">10\/11, 15\/12, 19\/1, 16\/2, 23\/3, 18\/5) <\/span><\/p>\n<ul>\n<li class=\"_04xlpA direction-ltr align-start para-style-body\"><strong><span class=\"JsGRdQ\">ou le samedi de 9h30 \u00e0 <\/span>11h<\/strong> <span class=\"JsGRdQ\">(25\/9, 30\/10, 13\/11, 11\/12, 15\/1, 26\/2, 26\/3, 4\/6<\/span><\/li>\n<\/ul>\n<p class=\"_04xlpA direction-ltr align-start para-style-body\"><strong><span class=\"JsGRdQ\">avec un temps \u00e0 part pour les parents<\/span><span class=\"JsGRdQ\"> avec les Soeurs b\u00e9n\u00e9dictines<\/span><\/strong><\/p>\n<hr \/>\n<ul>\n<li>\n<h3><span class=\"JsGRdQ\">Mercredi 13 avril : Chemin de Croix des enfants<\/span><\/h3>\n<\/li>\n<\/ul>\n<hr \/>\n<ul>\n<li>\n<h3><span class=\"JsGRdQ\">Samedi 18 juin : p\u00e8lerinage des enfants avec leur famille<\/span><span class=\"JsGRdQ\"> depuis le Pont des bergers jusqu&rsquo;\u00e0 la basilique et go\u00fbter<\/span><\/h3>\n<\/li>\n<\/ul>\n<hr \/>\n<ul>\n<li>\n<h3 style=\"text-align: left\"><span class=\"JsGRdQ\">La \u00ab\u00a0pause-maman\u00a0\u00bb du jeudi, de 10h \u00e0 15h :<\/span><\/h3>\n<p><span class=\"JsGRdQ\">enseignement, chapelet, messe, d\u00e9jeuner, temps de partage, adoration<\/span><\/p>\n<\/li>\n<\/ul>\n<p class=\"_04xlpA direction-ltr align-start para-style-body\" style=\"text-align: left\"><strong><span class=\"JsGRdQ\">\u00a0 \u00a0 \u00a0 \u00a0 \u00a0 28 octobre -16 d\u00e9cembre &#8211; 3 f\u00e9vrier &#8211; 7 avril &#8211; 2 juin<\/span><\/strong><\/p>\n<hr \/>\n<ul>\n<li>\n<h3><span class=\"JsGRdQ\">La \u00ab\u00a0soir\u00e9e des mamans\u00a0\u00bb :<\/span> <span class=\"JsGRdQ\">le mardi de 19h \u00e0 21h30,<\/span><\/h3>\n<\/li>\n<\/ul>\n<p class=\"_04xlpA direction-ltr align-start para-style-body\"><span class=\"JsGRdQ\">les <strong>30 novembre, 22 f\u00e9vrier et 26 avril,<\/strong> avec les Soeurs (d\u00eener, <\/span><span class=\"JsGRdQ\">d\u00e9tente, adoration, complies)<\/span><\/p>\n<hr \/>\n<hr \/>\n<h1 style=\"text-align: center\"><span style=\"color: #000080\">F\u00eates mariales<\/span><\/h1>\n<hr \/>\n<h3 style=\"text-align: center\">Journ\u00e9es mariales<\/h3>\n<ul>\n<li class=\"_04xlpA direction-ltr align-start para-style-body\"><strong><span class=\"JsGRdQ\">Mercredi 8 d\u00e9cembre 2021<\/span><\/strong><span class=\"JsGRdQ\"> (Immacul\u00e9e Conception)<\/span><\/li>\n<li class=\"_04xlpA direction-ltr align-start para-style-body\"><strong><span class=\"JsGRdQ\">Vendredi 25 mars 2022<\/span><\/strong><span class=\"JsGRdQ\"> (Annonciation)<\/span><\/li>\n<li class=\"_04xlpA direction-ltr align-start para-style-body\"><strong><span class=\"JsGRdQ\">Lundi 6 juin 2022<\/span><\/strong><span class=\"JsGRdQ\"> (lundi de Pentec\u00f4te &#8211; Marie, M\u00e8re <\/span>de l&rsquo;Eglise)<\/li>\n<li class=\"_04xlpA direction-ltr align-start para-style-body\"><strong><span class=\"JsGRdQ\">Lundi 15 ao\u00fbt<\/span><\/strong><span class=\"JsGRdQ\"><strong> 2022<\/strong> (Assomption &#8211; b\u00e9n\u00e9diction des enfants)<\/span><\/li>\n<li class=\"_04xlpA direction-ltr align-start para-style-body\"><strong><span class=\"JsGRdQ\">Jeudi 8 septembre<\/span> <span class=\"JsGRdQ\">2022 <\/span><\/strong><span class=\"JsGRdQ\">(Nativit\u00e9 de Marie)<\/span><\/li>\n<\/ul>\n<p class=\"_04xlpA direction-ltr align-center para-style-body\"><strong><span class=\"JsGRdQ\">De 10h \u00e0 17h30<\/span><\/strong><\/p>\n<p class=\"_04xlpA direction-ltr align-start para-style-body\"><span class=\"JsGRdQ\">Caf\u00e9-accueil, introduction \u00e0 la f\u00eate, temps personnel, messe, repas partag\u00e9, parcours dans la basilique, chapelet, adoration, confessions, v\u00eapres, go\u00fbter fraternel.<\/span><\/p>\n<p class=\"_04xlpA direction-ltr align-start para-style-body\"><em><span class=\"JsGRdQ\">Avec Don Erwan, recteur <\/span><span class=\"JsGRdQ\">et les Soeurs b\u00e9n\u00e9dictines du Sacr\u00e9-Coeur de Montmartre<\/span><\/em><\/p>\n<hr \/>\n<h3 style=\"text-align: center\">Processions &#8211; p\u00e8lerinages<\/h3>\n<ul>\n<li><span class=\"JsGRdQ\"><strong>Samedi 25 &#8211; dimanche 26 septembre 2021 :<\/strong> p\u00e8lerinage des m\u00e8res de famille\u00a0<\/span><\/li>\n<li><strong><span class=\"JsGRdQ\">Mardi 7 d\u00e9cembre au soir, veille de l&rsquo;Immacul\u00e9e conception :<\/span><\/strong><span class=\"JsGRdQ\"> b\u00e9n\u00e9diction des lumi\u00e8res<\/span><\/li>\n<li><strong><span class=\"JsGRdQ\">Jeudi 24 mars au soir, veille de l&rsquo;Annonciation :<\/span><\/strong><span class=\"JsGRdQ\"> procession depuis le Pont des Bergers<\/span><\/li>\n<li><span class=\"JsGRdQ\"><strong>Dimanche 8 mai 2022 :<\/strong> p\u00e8lerinage dioc\u00e9sain pour la f\u00eate patronale de Notre-Dame de l&rsquo;Epine<\/span><\/li>\n<li><strong><span class=\"JsGRdQ\">Dimanche 14 ao\u00fbt 2022 au soir, veille de l&rsquo;Assomption :<\/span><\/strong><span class=\"JsGRdQ\"> procession aux flambeaux<\/span><\/li>\n<\/ul>\n<hr \/>\n<h3 style=\"text-align: center\">Messes en l&rsquo;honneur de la Vierge Marie<\/h3>\n<ul>\n<li><strong>Le samedi \u00e0 11h30<\/strong> <em>(sauf lors d&rsquo;une autre f\u00eate le samedi)<\/em><\/li>\n<li>8 septembre \u00e0 11h30 <strong><em>Nativit\u00e9 de la Vierge Marie<\/em><\/strong><\/li>\n<li>7 octobre \u00e0 11h30<strong><em> Notre-Dame du Rosaire<\/em><\/strong><\/li>\n<li>21 novembre \u00e0 10h30 <strong><em>Pr\u00e9sentation de Marie au Temple<\/em><\/strong><\/li>\n<li>8 d\u00e9cembre \u00e0 11h30 <strong><em>Immacul\u00e9e conception de la Vierge Marie<\/em><\/strong><\/li>\n<li>1er janvier \u00e0 10h30 <em><strong>Sainte<\/strong><\/em> <strong><em>Marie, M\u00e8re de Dieu<\/em><\/strong><\/li>\n<li>2 f\u00e9vrier \u00e0 11h30 <strong><em>Pr\u00e9sentation de J\u00e9sus au Temple<\/em><\/strong> (*)<\/li>\n<li>25 mars \u00e0 11h30 <strong><em>Annonciation du Seigneur \u00e0 Marie<\/em><\/strong><\/li>\n<li>Dimanche 8 mai 2022 <strong><em>F\u00eate Notre Dame de l\u2019\u00c9pine &#8211; P\u00e8lerinage dioc\u00e9sain<\/em><\/strong><\/li>\n<li>Lundi 6 juin 2022 \u00e0 11h30 <strong><em>Marie, M\u00e8re de l\u2019\u00c9glise (lundi de pentec\u00f4te)<\/em><\/strong><\/li>\n<li>16 juillet \u00e0 11h30 <strong><em>Notre-Dame du Mont Carmel<\/em><\/strong><\/li>\n<li>15 ao\u00fbt \u00e0 10h30 <strong><em>Assomption de la Vierge Marie (**)<\/em><\/strong><\/li>\n<\/ul>\n<p><span style=\"color: var(--body_typography-color);font-family: var(--body_typography-font-family);font-size: 14px;font-weight: var(--body_typography-font-weight);letter-spacing: var(--body_typography-letter-spacing)\" data-fusion-font=\"true\">(*) Journ\u00e9e mondiale de la vie consacr\u00e9e<br \/><\/span><span style=\"color: var(--body_typography-color);font-family: var(--body_typography-font-family);font-size: 14px;font-weight: var(--body_typography-font-weight);letter-spacing: var(--body_typography-letter-spacing)\">(**) Procession et v\u00eapres l\u2019apr\u00e8s-midi<\/span><\/p>\n<hr \/>\n<h3 style=\"text-align: center\">Pri\u00e8re pour les vocations aupr\u00e8s de Notre-Dame de l&rsquo;Epine<\/h3>\n<p><strong>Le premier vendredi de chaque mois, de 18h \u00e0 19h,<\/strong> temps de pri\u00e8re pour les vocations pr\u00e9par\u00e9 et anim\u00e9 par les diff\u00e9rentes communaut\u00e9s et personnes consacr\u00e9es du dioc\u00e8se.<\/p>\n<ul>\n<li>3 septembre 2021, avec les <strong><em>Filles du Coeur de Marie<\/em><\/strong><\/li>\n<li>1er octobre 2021, avec les <strong><em>Soeurs de l&rsquo;Annonciation de Bobo Dioulasso (Saint-Memmie)<\/em><\/strong><\/li>\n<li><strong>5 novembre 2021<\/strong><\/li>\n<li><strong>3 d\u00e9cembre 2021<\/strong><\/li>\n<li><strong>7 janvier 2022<\/strong><\/li>\n<li><strong>4 f\u00e9vrier 2022<\/strong><\/li>\n<li><strong>4 mars 2022<\/strong><\/li>\n<li><strong>1er avril 2022<\/strong><\/li>\n<li><strong>6 mai 2022<\/strong><\/li>\n<li><strong>3 juin 2022<\/strong><\/li>\n<\/ul>\n<hr \/>\n<p style=\"text-align: center\"><strong><em>Voir aussi :<\/em> <a href=\"https:\/\/chalons.catholique.fr\/lepine\/venir-au-sanctuaire\/horaires\/\">tous les horaires<\/a><\/strong><\/p><\/h4><\/div><div class=\"fusion-title title fusion-title-3 fusion-sep-none fusion-title-center fusion-title-text fusion-title-size-three\"><h3 class=\"fusion-title-heading title-heading-center fusion-responsive-typography-calculated\" style=\"margin:0;--fontSize:18;--minFontSize:18;line-height:1.5;\"><\/h3><\/div><div class=\"fusion-title title fusion-title-4 fusion-sep-none fusion-title-text fusion-title-size-four\"><h4 class=\"fusion-title-heading title-heading-left fusion-responsive-typography-calculated\" style=\"margin:0;--fontSize:15;--minFontSize:15;line-height:1.5;\"><\/h4><\/div><div class=\"fusion-text fusion-text-1\"><p style=\"text-align: left\">\n<\/div><div class=\"fusion-title title fusion-title-5 fusion-sep-none fusion-title-center fusion-title-text fusion-title-size-three\"><h3 class=\"fusion-title-heading title-heading-center fusion-responsive-typography-calculated\" style=\"margin:0;--fontSize:18;--minFontSize:18;line-height:1.5;\"><\/h3><\/div><div class=\"fusion-title title fusion-title-6 fusion-sep-none fusion-title-text fusion-title-size-four\"><h4 class=\"fusion-title-heading title-heading-left fusion-responsive-typography-calculated\" style=\"margin:0;--fontSize:15;--minFontSize:15;line-height:1.5;\"><\/h4><\/div><div class=\"fusion-text fusion-text-2\"><\/div><div class=\"fusion-clearfix\"><\/div><\/div><\/div><\/div><\/div><div class=\"fusion-fullwidth fullwidth-box fusion-builder-row-3 nonhundred-percent-fullwidth non-hundred-percent-height-scrolling\" style=\"--awb-border-radius-top-left:0px;--awb-border-radius-top-right:0px;--awb-border-radius-bottom-right:0px;--awb-border-radius-bottom-left:0px;--awb-padding-top:20px;--awb-flex-wrap:wrap;\" ><div class=\"fusion-builder-row fusion-row\"><\/div><\/div>\n","protected":false},"excerpt":{"rendered":"","protected":false},"author":158,"featured_media":0,"parent":0,"menu_order":0,"comment_status":"closed","ping_status":"closed","template":"","meta":{"xn-wppe-expiration":[],"xn-wppe-expiration-action":[],"xn-wppe-expiration-prefix":[],"footnotes":""},"_links":{"self":[{"href":"https:\/\/chalons.catholique.fr\/lepine\/wp-json\/wp\/v2\/pages\/78"}],"collection":[{"href":"https:\/\/chalons.catholique.fr\/lepine\/wp-json\/wp\/v2\/pages"}],"about":[{"href":"https:\/\/chalons.catholique.fr\/lepine\/wp-json\/wp\/v2\/types\/page"}],"author":[{"embeddable":true,"href":"https:\/\/chalons.catholique.fr\/lepine\/wp-json\/wp\/v2\/users\/158"}],"replies":[{"embeddable":true,"href":"https:\/\/chalons.catholique.fr\/lepine\/wp-json\/wp\/v2\/comments?post=78"}],"version-history":[{"count":0,"href":"https:\/\/chalons.catholique.fr\/lepine\/wp-json\/wp\/v2\/pages\/78\/revisions"}],"wp:attachment":[{"href":"https:\/\/chalons.catholique.fr\/lepine\/wp-json\/wp\/v2\/media?parent=78"}],"curies":[{"name":"wp","href":"https:\/\/api.w.org\/{rel}","templated":true}]}}