{"id":3022,"date":"2022-07-13T15:15:40","date_gmt":"2022-07-13T14:15:40","guid":{"rendered":"https:\/\/chalons.catholique.fr\/lepine\/?page_id=3022"},"modified":"2025-09-11T09:24:59","modified_gmt":"2025-09-11T08:24:59","slug":"un-sanctuaire-marial","status":"publish","type":"page","link":"https:\/\/chalons.catholique.fr\/lepine\/les-propositions\/un-sanctuaire-marial\/","title":{"rendered":"Un sanctuaire marial"},"content":{"rendered":"<div class=\"fusion-fullwidth fullwidth-box fusion-builder-row-1 fusion-flex-container nonhundred-percent-fullwidth non-hundred-percent-height-scrolling\" style=\"--awb-border-radius-top-left:0px;--awb-border-radius-top-right:0px;--awb-border-radius-bottom-right:0px;--awb-border-radius-bottom-left:0px;--awb-flex-wrap:wrap;\" ><div class=\"fusion-builder-row fusion-row fusion-flex-align-items-flex-start fusion-flex-content-wrap\" style=\"max-width:1185.6px;margin-left: calc(-4% \/ 2 );margin-right: calc(-4% \/ 2 );\"><div class=\"fusion-layout-column fusion_builder_column fusion-builder-column-0 fusion_builder_column_1_1 1_1 fusion-flex-column fusion-flex-align-self-center\" style=\"--awb-bg-size:cover;--awb-width-large:100%;--awb-margin-top-large:0px;--awb-spacing-right-large:1.92%;--awb-margin-bottom-large:0px;--awb-spacing-left-large:1.92%;--awb-width-medium:100%;--awb-order-medium:0;--awb-spacing-right-medium:1.92%;--awb-spacing-left-medium:1.92%;--awb-width-small:100%;--awb-order-small:0;--awb-spacing-right-small:1.92%;--awb-spacing-left-small:1.92%;\"><div class=\"fusion-column-wrapper fusion-column-has-shadow fusion-flex-justify-content-flex-start fusion-content-layout-column\"><div class=\"fusion-title title fusion-title-1 fusion-sep-none fusion-title-text fusion-title-size-one\"><h1 class=\"fusion-title-heading title-heading-left fusion-responsive-typography-calculated\" style=\"margin:0;--fontSize:25;line-height:1.4;\">Un sanctuaire marial<\/h1><\/div><div class=\"fusion-title title fusion-title-2 fusion-sep-none fusion-title-text fusion-title-size-four\"><h4 class=\"fusion-title-heading title-heading-left fusion-responsive-typography-calculated\" style=\"margin:0;--fontSize:15;--minFontSize:15;line-height:1.5;\"><span data-contrast=\"auto\">Haut-lieu de pri\u00e8re marial depuis le XIII\u00e8me si\u00e8cle, le sanctuaire d\u00e9di\u00e9 \u00e0 Marie n&rsquo;est \u00e0 l&rsquo;origine qu&rsquo;une petite chapelle situ\u00e9e \u00e0 <em>L&rsquo;Espine<\/em>. Il est r\u00e9v\u00e9l\u00e9 comme lieu de p\u00e8lerinage en 1405, \u00e0 la suite de la d\u00e9couverte par des bergers d&rsquo;une petite statue de la Vierge dans un buisson ardent.<br \/>\nEn 1445, des lettres patentes du Roi de France \u00e9voquent la venue de <strong>\u00ab\u00a0grand peuple pour les grands miracles qui y sont faits en l&rsquo;honneur de la glorieuse Vierge Marie et les donations pour un grand et notable \u00e9difice.\u00a0\u00bb <\/strong>En 1914, le sanctuaire re\u00e7oit le titre de basilique.<br \/>\nAujourd&rsquo;hui encore, les p\u00e8lerins viennent y allumer un cierge au pied de la statue de Marie et boire l&rsquo;eau de son puits.<\/span><\/h4><\/div><div class=\"fusion-text fusion-text-1\"><p>&nbsp;<\/p>\n<ul>\n<li><span data-contrast=\"auto\">\u00ab Notre-Dame de l&rsquo;Epine, Protectrice de la Champagne \u00bb et patronne principale du dioc\u00e8se de Chalons, est invoqu\u00e9e en particulier pour la protection des naissances et de la petite enfance. <\/span><\/li>\n<li data-leveltext=\"-\" data-font=\"Calibri\" data-listid=\"1\" data-list-defn-props=\"{\" data-aria-posinset=\"0\" data-aria-level=\"1\"><span data-contrast=\"auto\">\u00ab\u202fBasilique des champs\u202f\u00bb, le sanctuaire de L\u2019Epine offre un cadre privil\u00e9gi\u00e9 pour un temps de retraite et de solitude, au calme, aupr\u00e8s de la douceur protectrice de Marie.<\/span><\/li>\n<li data-leveltext=\"-\" data-font=\"Calibri\" data-listid=\"1\" data-list-defn-props=\"{\" data-aria-posinset=\"0\" data-aria-level=\"1\"><span data-contrast=\"auto\">\u00ab\u202fSanctuaire des routes\u202f\u00bb, la basilique de L\u2019Epine est \u00e0 la fois une halte bienfaisante de passage et le point de convergence de routes de p\u00e8lerinages. Elle<\/span><span data-contrast=\"auto\"> poursuit la tradition s\u00e9culaire des marches et processions.<\/span><\/li>\n<\/ul>\n<\/div><div class=\"fusion-separator fusion-full-width-sep\" style=\"align-self: center;margin-left: auto;margin-right: auto;margin-top:10px;width:100%;\"><\/div><\/div><\/div><\/div><\/div><div class=\"fusion-fullwidth fullwidth-box fusion-builder-row-2 fusion-flex-container nonhundred-percent-fullwidth non-hundred-percent-height-scrolling\" style=\"--awb-border-radius-top-left:0px;--awb-border-radius-top-right:0px;--awb-border-radius-bottom-right:0px;--awb-border-radius-bottom-left:0px;--awb-padding-bottom:0px;--awb-margin-bottom:0px;--awb-flex-wrap:wrap;\" ><div class=\"fusion-builder-row fusion-row fusion-flex-align-items-flex-start fusion-flex-content-wrap\" style=\"max-width:1185.6px;margin-left: calc(-4% \/ 2 );margin-right: calc(-4% \/ 2 );\"><div class=\"fusion-layout-column fusion_builder_column fusion-builder-column-1 fusion_builder_column_1_1 1_1 fusion-flex-column fusion-flex-align-self-center\" style=\"--awb-bg-size:cover;--awb-width-large:100%;--awb-margin-top-large:0px;--awb-spacing-right-large:1.92%;--awb-margin-bottom-large:20px;--awb-spacing-left-large:1.92%;--awb-width-medium:100%;--awb-order-medium:0;--awb-spacing-right-medium:1.92%;--awb-spacing-left-medium:1.92%;--awb-width-small:100%;--awb-order-small:0;--awb-spacing-right-small:1.92%;--awb-spacing-left-small:1.92%;\"><div class=\"fusion-column-wrapper fusion-column-has-shadow fusion-flex-justify-content-flex-start fusion-content-layout-column\"><div class=\"fusion-content-boxes content-boxes columns row fusion-columns-5 fusion-columns-total-5 fusion-content-boxes-1 content-boxes-icon-on-top content-left\" style=\"--awb-hover-accent-color:#1a80b6;--awb-circle-hover-accent-color:#1a80b6;\" data-animationOffset=\"top-into-view\"><div style=\"--awb-backgroundcolor:transparent;\" class=\"fusion-column content-box-column content-box-column-1 col-lg-2 col-md-2 col-sm-2 fusion-content-box-hover content-box-column-first-in-row\"><div class=\"col content-box-wrapper content-wrapper link-area-link-icon link-type-text icon-hover-animation-pulsate fusion-animated\" data-animationType=\"rubberBand\" data-animationDuration=\"0.3\" data-animationOffset=\"top-into-view\"><div class=\"heading heading-with-icon icon-left\"><a class=\"heading-link\" href=\"#retraites\" target=\"_self\"><div class=\"icon\"><i style=\"border-color:#24588b;border-width:0px;background-color:#24588b;box-sizing:content-box;height:62px;width:62px;line-height:62px;border-radius:50%;font-size:31px;\" aria-hidden=\"true\" class=\"fontawesome-icon fa-pray fas circle-yes\"><\/i><\/div><h2 class=\"content-box-heading fusion-responsive-typography-calculated\" style=\"--h2_typography-font-size:20px;--fontSize:20;line-height:1.5;\">Retraites mariales et liturgiques<\/h2><\/a><\/div><\/div><\/div><div style=\"--awb-backgroundcolor:transparent;\" class=\"fusion-column content-box-column content-box-column-2 col-lg-2 col-md-2 col-sm-2 fusion-content-box-hover \"><div class=\"col content-box-wrapper content-wrapper link-area-link-icon link-type-text icon-hover-animation-pulsate fusion-animated\" data-animationType=\"rubberBand\" data-animationDuration=\"0.3\" data-animationOffset=\"top-into-view\"><div class=\"heading heading-with-icon icon-left\"><a class=\"heading-link\" href=\"#pelerinages\" target=\"_self\"><div class=\"icon\"><i style=\"border-color:#24588b;border-width:0px;background-color:#24588b;box-sizing:content-box;height:62px;width:62px;line-height:62px;border-radius:50%;font-size:31px;\" aria-hidden=\"true\" class=\"fontawesome-icon fa-hiking fas circle-yes\"><\/i><\/div><h2 class=\"content-box-heading fusion-responsive-typography-calculated\" style=\"--h2_typography-font-size:20px;--fontSize:20;line-height:1.5;\">P\u00e8lerinages<\/h2><\/a><\/div><\/div><\/div><div style=\"--awb-backgroundcolor:transparent;\" class=\"fusion-column content-box-column content-box-column-3 col-lg-2 col-md-2 col-sm-2 fusion-content-box-hover \"><div class=\"col content-box-wrapper content-wrapper link-area-link-icon link-type-text icon-hover-animation-pulsate fusion-animated\" data-animationType=\"rubberBand\" data-animationDuration=\"0.3\" data-animationOffset=\"top-into-view\"><div class=\"heading heading-with-icon icon-left\"><a class=\"heading-link\" href=\"#processions\" target=\"_self\"><div class=\"icon\"><i style=\"border-color:#24588b;border-width:0px;background-color:#24588b;box-sizing:content-box;height:62px;width:62px;line-height:62px;border-radius:50%;font-size:31px;\" aria-hidden=\"true\" class=\"fontawesome-icon fa-shoe-prints fas circle-yes\"><\/i><\/div><h2 class=\"content-box-heading fusion-responsive-typography-calculated\" style=\"--h2_typography-font-size:20px;--fontSize:20;line-height:1.5;\">Processions<\/h2><\/a><\/div><\/div><\/div><div style=\"--awb-backgroundcolor:transparent;\" class=\"fusion-column content-box-column content-box-column-4 col-lg-2 col-md-2 col-sm-2 fusion-content-box-hover \"><div class=\"col content-box-wrapper content-wrapper link-area-link-icon link-type-text icon-hover-animation-pulsate fusion-animated\" data-animationType=\"rubberBand\" data-animationDuration=\"0.3\" data-animationOffset=\"top-into-view\"><div class=\"heading heading-with-icon icon-left\"><a class=\"heading-link\" href=\"#b\u00e9n\u00e9dictions\" target=\"_self\"><div class=\"icon\"><i style=\"border-color:#24588b;border-width:0px;background-color:#24588b;box-sizing:content-box;height:62px;width:62px;line-height:62px;border-radius:50%;font-size:31px;\" aria-hidden=\"true\" class=\"fontawesome-icon fa-praying-hands fas circle-yes\"><\/i><\/div><h2 class=\"content-box-heading fusion-responsive-typography-calculated\" style=\"--h2_typography-font-size:20px;--fontSize:20;line-height:1.5;\">B\u00e9n\u00e9dictions, neuvaines, veill\u00e9es<\/h2><\/a><\/div><\/div><\/div><div style=\"--awb-backgroundcolor:transparent;\" class=\"fusion-column content-box-column content-box-column-5 col-lg-2 col-md-2 col-sm-2 fusion-content-box-hover content-box-column-last content-box-column-last-in-row\"><div class=\"col content-box-wrapper content-wrapper link-area-link-icon link-type-text icon-hover-animation-pulsate fusion-animated\" data-animationType=\"rubberBand\" data-animationDuration=\"0.3\" data-animationOffset=\"top-into-view\"><div class=\"heading heading-with-icon icon-left\"><a class=\"heading-link\" href=\"#offices\" target=\"_self\"><div class=\"icon\"><i style=\"border-color:#24588b;border-width:0px;background-color:#24588b;box-sizing:content-box;height:62px;width:62px;line-height:62px;border-radius:50%;font-size:31px;\" aria-hidden=\"true\" class=\"fontawesome-icon fa-spinner fas circle-yes\"><\/i><\/div><h2 class=\"content-box-heading fusion-responsive-typography-calculated\" style=\"--h2_typography-font-size:20px;--fontSize:20;line-height:1.5;\">Offices, adoration, chapelet<\/h2><\/a><\/div><\/div><\/div><div class=\"fusion-clearfix\"><\/div><\/div><\/div><\/div><\/div><\/div><div class=\"fusion-fullwidth fullwidth-box fusion-builder-row-3 fusion-flex-container nonhundred-percent-fullwidth non-hundred-percent-height-scrolling\" style=\"--awb-border-radius-top-left:0px;--awb-border-radius-top-right:0px;--awb-border-radius-bottom-right:0px;--awb-border-radius-bottom-left:0px;--awb-flex-wrap:wrap;\" ><div class=\"fusion-builder-row fusion-row fusion-flex-align-items-flex-start fusion-flex-content-wrap\" style=\"max-width:1185.6px;margin-left: calc(-4% \/ 2 );margin-right: calc(-4% \/ 2 );\"><div class=\"fusion-layout-column fusion_builder_column fusion-builder-column-2 fusion_builder_column_1_1 1_1 fusion-flex-column\" style=\"--awb-bg-size:cover;--awb-width-large:100%;--awb-margin-top-large:0px;--awb-spacing-right-large:1.92%;--awb-margin-bottom-large:20px;--awb-spacing-left-large:1.92%;--awb-width-medium:100%;--awb-order-medium:0;--awb-spacing-right-medium:1.92%;--awb-spacing-left-medium:1.92%;--awb-width-small:100%;--awb-order-small:0;--awb-spacing-right-small:1.92%;--awb-spacing-left-small:1.92%;\"><div class=\"fusion-column-wrapper fusion-column-has-shadow fusion-flex-justify-content-flex-start fusion-content-layout-column\"><div class=\"fusion-menu-anchor\" id=\"retraites\"><\/div><\/div><\/div><\/div><\/div><div class=\"fusion-fullwidth fullwidth-box fusion-builder-row-4 fusion-flex-container nonhundred-percent-fullwidth non-hundred-percent-height-scrolling\" style=\"--awb-border-radius-top-left:0px;--awb-border-radius-top-right:0px;--awb-border-radius-bottom-right:0px;--awb-border-radius-bottom-left:0px;--awb-padding-top:10px;--awb-padding-right:10px;--awb-padding-bottom:0px;--awb-padding-left:10px;--awb-margin-bottom:0px;--awb-background-color:rgba(36,88,139,0.2);--awb-flex-wrap:wrap;\" ><div class=\"fusion-builder-row fusion-row fusion-flex-align-items-flex-start fusion-flex-content-wrap\" style=\"max-width:1185.6px;margin-left: calc(-4% \/ 2 );margin-right: calc(-4% \/ 2 );\"><div class=\"fusion-layout-column fusion_builder_column fusion-builder-column-3 fusion_builder_column_1_1 1_1 fusion-flex-column\" style=\"--awb-bg-size:cover;--awb-width-large:100%;--awb-margin-top-large:0px;--awb-spacing-right-large:1.92%;--awb-margin-bottom-large:0px;--awb-spacing-left-large:1.92%;--awb-width-medium:100%;--awb-order-medium:0;--awb-spacing-right-medium:1.92%;--awb-spacing-left-medium:1.92%;--awb-width-small:100%;--awb-order-small:0;--awb-spacing-right-small:1.92%;--awb-spacing-left-small:1.92%;\"><div class=\"fusion-column-wrapper fusion-column-has-shadow fusion-flex-justify-content-flex-start fusion-content-layout-column\"><div class=\"fusion-title title fusion-title-3 fusion-title-text fusion-title-size-one\"><div class=\"title-sep-container title-sep-container-left fusion-no-large-visibility fusion-no-medium-visibility fusion-no-small-visibility\"><div class=\"title-sep sep-double sep-solid\" style=\"border-color:#e0dede;\"><\/div><\/div><span class=\"awb-title-spacer fusion-no-large-visibility fusion-no-medium-visibility fusion-no-small-visibility\"><\/span><h1 class=\"fusion-title-heading title-heading-left fusion-responsive-typography-calculated\" style=\"margin:0;--fontSize:25;line-height:1.4;\">Retraites mariales<\/h1><span class=\"awb-title-spacer\"><\/span><div class=\"title-sep-container title-sep-container-right\"><div class=\"title-sep sep-double sep-solid\" style=\"border-color:#e0dede;\"><\/div><\/div><\/div><div class=\"fusion-separator\" style=\"align-self: flex-start;margin-right:auto;margin-bottom:15px;width:100%;max-width:130px;\"><div class=\"fusion-separator-border sep-single sep-solid\" style=\"--awb-height:20px;--awb-amount:20px;--awb-sep-color:#f9b233;border-color:#f9b233;border-top-width:3px;\"><\/div><\/div><div class=\"fusion-text fusion-text-2\"><p><i>En pr\u00e9sence de la statue authentique de Notre-Dame de l&rsquo;Epine.<\/i><\/p>\n<ul>\n<li><b>Lundi 8 d\u00e9cembre, Immacul\u00e9e Conception de la Vierge Marie<\/b><br \/>\n11h30 : Messe pr\u00e9sid\u00e9e par Mgr Franck Javary avec la lecture du Livre d&rsquo;Or de Notre-Dame de L&rsquo;\u00c9pine.<\/li>\n<li><b>Mercredi 25 mars, annonciation du Seigneur<\/b><br \/>\nDe 10h \u00e0 15h30. \u00c0 la salle de l&rsquo;h\u00f4tellerie.<br \/>\nHoraires : 10h topo par une S\u0153ur \u2014 11h : Chapelet &#8211; 11h30 : messe et office du milieu du jour \u2014 12h30 : repas tir\u00e9 du sac \u2014 14h : Lectio Divina &#8211; 15h boisson chaude &#8211; 15h15 : adoration guid\u00e9e.<\/li>\n<\/ul>\n<\/div><div class=\"fusion-text fusion-text-3\"><\/div><\/div><\/div><\/div><\/div><div class=\"fusion-fullwidth fullwidth-box fusion-builder-row-5 fusion-flex-container nonhundred-percent-fullwidth non-hundred-percent-height-scrolling\" style=\"--awb-border-radius-top-left:0px;--awb-border-radius-top-right:0px;--awb-border-radius-bottom-right:0px;--awb-border-radius-bottom-left:0px;--awb-padding-top:10px;--awb-padding-right:10px;--awb-padding-bottom:0px;--awb-padding-left:10px;--awb-margin-bottom:0px;--awb-background-color:rgba(36,88,139,0.2);--awb-flex-wrap:wrap;\" ><div class=\"fusion-builder-row fusion-row fusion-flex-align-items-flex-start fusion-flex-content-wrap\" style=\"max-width:1185.6px;margin-left: calc(-4% \/ 2 );margin-right: calc(-4% \/ 2 );\"><div class=\"fusion-layout-column fusion_builder_column fusion-builder-column-4 fusion_builder_column_1_2 1_2 fusion-flex-column fusion-flex-align-self-center\" style=\"--awb-bg-image:url(&#039;https:\/\/chalons.catholique.fr\/lepine\/wp-content\/uploads\/sites\/5\/2022\/07\/iStock-1364431941.jpg&#039;);--awb-bg-position:center bottom;--awb-bg-size:cover;--awb-width-large:50%;--awb-margin-top-large:0px;--awb-spacing-right-large:1.92%;--awb-margin-bottom-large:0px;--awb-spacing-left-large:3.84%;--awb-width-medium:100%;--awb-order-medium:0;--awb-spacing-right-medium:1.92%;--awb-spacing-left-medium:1.92%;--awb-width-small:100%;--awb-order-small:0;--awb-spacing-right-small:1.92%;--awb-spacing-left-small:1.92%;\"><div class=\"fusion-column-wrapper fusion-column-has-shadow fusion-flex-justify-content-flex-start fusion-content-layout-row fusion-flex-align-items-center fusion-empty-column-bg-image fusion-column-has-bg-image\" data-bg-url=\"https:\/\/chalons.catholique.fr\/lepine\/wp-content\/uploads\/sites\/5\/2022\/07\/iStock-1364431941.jpg\"><img class=\"fusion-empty-dims-img-placeholder\" src=\"data:image\/svg+xml,%3Csvg%20xmlns%3D%27http%3A%2F%2Fwww.w3.org%2F2000%2Fsvg%27%20width%3D%27600%27%20height%3D%27900%27%20viewBox%3D%270%200%20600%20900%27%3E%3Crect%20width%3D%27600%27%20height%3D%27900%27%20fill-opacity%3D%220%22%2F%3E%3C%2Fsvg%3E\"><\/div><\/div><div class=\"fusion-layout-column fusion_builder_column fusion-builder-column-5 fusion_builder_column_1_2 1_2 fusion-flex-column\" style=\"--awb-bg-size:cover;--awb-width-large:50%;--awb-margin-top-large:0px;--awb-spacing-right-large:3.84%;--awb-margin-bottom-large:0px;--awb-spacing-left-large:3.84%;--awb-width-medium:100%;--awb-order-medium:0;--awb-spacing-right-medium:1.92%;--awb-spacing-left-medium:1.92%;--awb-width-small:100%;--awb-order-small:0;--awb-spacing-right-small:1.92%;--awb-spacing-left-small:1.92%;\"><div class=\"fusion-column-wrapper fusion-column-has-shadow fusion-flex-justify-content-flex-start fusion-content-layout-column\"><div class=\"fusion-title title fusion-title-4 fusion-title-text fusion-title-size-one\"><div class=\"title-sep-container title-sep-container-left fusion-no-large-visibility fusion-no-medium-visibility fusion-no-small-visibility\"><div class=\"title-sep sep-double sep-solid\" style=\"border-color:#e0dede;\"><\/div><\/div><span class=\"awb-title-spacer fusion-no-large-visibility fusion-no-medium-visibility fusion-no-small-visibility\"><\/span><h1 class=\"fusion-title-heading title-heading-left fusion-responsive-typography-calculated\" style=\"margin:0;--fontSize:25;line-height:1.4;\">Retraites liturgiques<\/h1><span class=\"awb-title-spacer\"><\/span><div class=\"title-sep-container title-sep-container-right\"><div class=\"title-sep sep-double sep-solid\" style=\"border-color:#e0dede;\"><\/div><\/div><\/div><div class=\"fusion-separator\" style=\"align-self: flex-start;margin-right:auto;margin-bottom:15px;width:100%;max-width:130px;\"><div class=\"fusion-separator-border sep-single sep-solid\" style=\"--awb-height:20px;--awb-amount:20px;--awb-sep-color:#f9b233;border-color:#f9b233;border-top-width:3px;\"><\/div><\/div><div class=\"fusion-text fusion-text-4\"><ul>\n<li><b>Mercredi des Cendres 18 f\u00e9vrier, entr\u00e9e en Car\u00eame<\/b>.<br \/>\n10h : topo \u2014 11h : Chapelet &#8211; 11h30 : messe et office du milieu du jour \u2014 12h30 : repas tir\u00e9 du sac \u201414h : Lectio Divina &#8211; 15h : boisson chaude &#8211; 15h15 : adoration guid\u00e9e.<\/li>\n<\/ul>\n<ul>\n<li><b>Retraite de P\u00e2ques en famille (Jeudi 02 avril au samedi 04 avril 2026).<br \/>\n<\/b>Participation aux offices des Jours Saints et \u00e0 la Vigile pascale, atelier sacristie avec les S\u0153urs, topo, chasse au \u0153ufs.<\/li>\n<\/ul>\n<p><i>Avec les s\u0153urs b\u00e9n\u00e9dictines. <\/i><\/p>\n<p><i>Inscription : <\/i>07 57 51 42 82 ou reservation.ndle@chalons.catholique.fr<\/p>\n<\/div><div class=\"fusion-text fusion-text-5\"><\/div><\/div><\/div><\/div><\/div><div class=\"fusion-fullwidth fullwidth-box fusion-builder-row-6 fusion-flex-container nonhundred-percent-fullwidth non-hundred-percent-height-scrolling\" style=\"--awb-border-radius-top-left:0px;--awb-border-radius-top-right:0px;--awb-border-radius-bottom-right:0px;--awb-border-radius-bottom-left:0px;--awb-padding-top:10px;--awb-padding-right:10px;--awb-padding-bottom:10px;--awb-padding-left:10px;--awb-background-color:rgba(36,88,139,0.2);--awb-flex-wrap:wrap;\" ><div class=\"fusion-builder-row fusion-row fusion-flex-align-items-flex-start fusion-flex-content-wrap\" style=\"max-width:1185.6px;margin-left: calc(-4% \/ 2 );margin-right: calc(-4% \/ 2 );\"><div class=\"fusion-layout-column fusion_builder_column fusion-builder-column-6 fusion_builder_column_1_1 1_1 fusion-flex-column\" style=\"--awb-bg-size:cover;--awb-width-large:100%;--awb-margin-top-large:0px;--awb-spacing-right-large:1.92%;--awb-margin-bottom-large:0px;--awb-spacing-left-large:1.92%;--awb-width-medium:100%;--awb-order-medium:0;--awb-spacing-right-medium:1.92%;--awb-spacing-left-medium:1.92%;--awb-width-small:100%;--awb-order-small:0;--awb-spacing-right-small:1.92%;--awb-spacing-left-small:1.92%;\"><div class=\"fusion-column-wrapper fusion-column-has-shadow fusion-flex-justify-content-flex-start fusion-content-layout-column\"><div class=\"fusion-title title fusion-title-5 fusion-title-text fusion-title-size-one\"><div class=\"title-sep-container title-sep-container-left fusion-no-large-visibility fusion-no-medium-visibility fusion-no-small-visibility\"><div class=\"title-sep sep-double sep-solid\" style=\"border-color:#e0dede;\"><\/div><\/div><span class=\"awb-title-spacer fusion-no-large-visibility fusion-no-medium-visibility fusion-no-small-visibility\"><\/span><h1 class=\"fusion-title-heading title-heading-left fusion-responsive-typography-calculated\" style=\"margin:0;--fontSize:25;line-height:1.4;\">Retraites sur demande<\/h1><span class=\"awb-title-spacer\"><\/span><div class=\"title-sep-container title-sep-container-right\"><div class=\"title-sep sep-double sep-solid\" style=\"border-color:#e0dede;\"><\/div><\/div><\/div><div class=\"fusion-separator\" style=\"align-self: flex-start;margin-right:auto;margin-bottom:15px;width:100%;max-width:130px;\"><div class=\"fusion-separator-border sep-single sep-solid\" style=\"--awb-height:20px;--awb-amount:20px;--awb-sep-color:#f9b233;border-color:#f9b233;border-top-width:3px;\"><\/div><\/div><div class=\"fusion-text fusion-text-6\"><p>Possibilit\u00e9 de vivre un temps retraite sur un ou plusieurs jours, en silence ou accompagn\u00e9. Partage de la vie de pri\u00e8re du sanctuaire avec la communaut\u00e9 des s\u0153urs b\u00e9n\u00e9dictines.<br \/>\nH\u00e9bergement \u00e0 l&rsquo;appartement saint Bruno pour un temps personnel en solitude, ou \u00e0 l&rsquo;h\u00f4tellerie pour un s\u00e9jour en famille ou groupe d&rsquo;amis.<\/p>\n<\/div><div class=\"fusion-text fusion-text-7\"><p><b>Scouts : <\/b>possibilit\u00e9 de camper dans le parc de la Maison Saint Jean.<\/p>\n<\/div><\/div><\/div><div class=\"fusion-layout-column fusion_builder_column fusion-builder-column-7 fusion_builder_column_1_1 1_1 fusion-flex-column\" style=\"--awb-bg-size:cover;--awb-width-large:100%;--awb-margin-top-large:0px;--awb-spacing-right-large:1.92%;--awb-margin-bottom-large:20px;--awb-spacing-left-large:1.92%;--awb-width-medium:100%;--awb-order-medium:0;--awb-spacing-right-medium:1.92%;--awb-spacing-left-medium:1.92%;--awb-width-small:100%;--awb-order-small:0;--awb-spacing-right-small:1.92%;--awb-spacing-left-small:1.92%;\"><div class=\"fusion-column-wrapper fusion-column-has-shadow fusion-flex-justify-content-flex-start fusion-content-layout-column\"><div class=\"fusion-text fusion-text-8\"><ul>\n<li data-leveltext=\"-\" data-font=\"Calibri\" data-listid=\"3\" data-list-defn-props=\"{\" data-aria-posinset=\"0\" data-aria-level=\"1\"><b><span data-contrast=\"auto\">La Boutique de la basilique<\/span><\/b><span data-contrast=\"auto\"> vous propose de nombreux supports pour votre retraite ou p\u00e8lerinage (bibles, livres de pri\u00e8re, livret-guide, chapelets, croix, m\u00e9dailles, images, bouteilles \u00e0 remplir au puits\u2026).<\/span><\/li>\n<\/ul>\n<p><b><span data-contrast=\"auto\">Contactez-nous pour les moyens d&rsquo;acc\u00e8s et les modalit\u00e9s d&rsquo;h\u00e9bergement et de restauration :<\/span><\/b><span data-contrast=\"auto\"> h\u00f4tellerie en auto-gestion, Salle bienheureuse Odette Pr\u00e9vost, boulangerie, restaurant&#8230;<\/span><\/p>\n<p style=\"text-align: center\"><span data-contrast=\"auto\">T\u00e9l : 07 57 51 42 82 ou mail : <a href=\"mailto:reservation.ndle@chalons.catholique.fr\">reservation.ndle@chalons.catholique.fr<\/a><\/span><\/p>\n<\/div><\/div><\/div><\/div><\/div><div class=\"fusion-fullwidth fullwidth-box fusion-builder-row-7 fusion-flex-container nonhundred-percent-fullwidth non-hundred-percent-height-scrolling\" style=\"--awb-border-radius-top-left:0px;--awb-border-radius-top-right:0px;--awb-border-radius-bottom-right:0px;--awb-border-radius-bottom-left:0px;--awb-margin-bottom:0px;--awb-flex-wrap:wrap;\" ><div class=\"fusion-builder-row fusion-row fusion-flex-align-items-flex-start fusion-flex-content-wrap\" style=\"max-width:1185.6px;margin-left: calc(-4% \/ 2 );margin-right: calc(-4% \/ 2 );\"><div class=\"fusion-layout-column fusion_builder_column fusion-builder-column-8 fusion_builder_column_1_1 1_1 fusion-flex-column\" style=\"--awb-bg-size:cover;--awb-width-large:100%;--awb-margin-top-large:0px;--awb-spacing-right-large:1.92%;--awb-margin-bottom-large:20px;--awb-spacing-left-large:1.92%;--awb-width-medium:100%;--awb-order-medium:0;--awb-spacing-right-medium:1.92%;--awb-spacing-left-medium:1.92%;--awb-width-small:100%;--awb-order-small:0;--awb-spacing-right-small:1.92%;--awb-spacing-left-small:1.92%;\"><div class=\"fusion-column-wrapper fusion-column-has-shadow fusion-flex-justify-content-flex-start fusion-content-layout-column\"><div class=\"fusion-separator fusion-full-width-sep\" style=\"align-self: center;margin-left: auto;margin-right: auto;margin-top:100px;width:100%;\"><\/div><div class=\"fusion-separator fusion-full-width-sep\" style=\"align-self: center;margin-left: auto;margin-right: auto;margin-top:50px;width:100%;\"><\/div><div class=\"fusion-menu-anchor\" id=\"pelerinages\"><\/div><\/div><\/div><\/div><\/div><div class=\"fusion-fullwidth fullwidth-box fusion-builder-row-8 fusion-flex-container nonhundred-percent-fullwidth non-hundred-percent-height-scrolling\" style=\"--awb-border-radius-top-left:0px;--awb-border-radius-top-right:0px;--awb-border-radius-bottom-right:0px;--awb-border-radius-bottom-left:0px;--awb-padding-top:0px;--awb-padding-right:12px;--awb-padding-bottom:0px;--awb-padding-left:10px;--awb-margin-top:0px;--awb-margin-bottom:0px;--awb-background-color:rgba(36,88,139,0.2);--awb-flex-wrap:wrap;\" ><div class=\"fusion-builder-row fusion-row fusion-flex-align-items-flex-start fusion-flex-content-wrap\" style=\"max-width:1185.6px;margin-left: calc(-4% \/ 2 );margin-right: calc(-4% \/ 2 );\"><div class=\"fusion-layout-column fusion_builder_column fusion-builder-column-9 fusion_builder_column_1_2 1_2 fusion-flex-column\" style=\"--awb-padding-top:10px;--awb-padding-bottom:10px;--awb-padding-left:10px;--awb-bg-size:cover;--awb-width-large:50%;--awb-margin-top-large:5px;--awb-spacing-right-large:3.84%;--awb-margin-bottom-large:0px;--awb-spacing-left-large:3.84%;--awb-width-medium:100%;--awb-order-medium:0;--awb-spacing-right-medium:1.92%;--awb-spacing-left-medium:1.92%;--awb-width-small:100%;--awb-order-small:0;--awb-spacing-right-small:1.92%;--awb-spacing-left-small:1.92%;\"><div class=\"fusion-column-wrapper fusion-column-has-shadow fusion-flex-justify-content-flex-start fusion-content-layout-column\"><div class=\"fusion-title title fusion-title-6 fusion-title-text fusion-title-size-one\"><div class=\"title-sep-container title-sep-container-left fusion-no-large-visibility fusion-no-medium-visibility fusion-no-small-visibility\"><div class=\"title-sep sep-double sep-solid\" style=\"border-color:#e0dede;\"><\/div><\/div><span class=\"awb-title-spacer fusion-no-large-visibility fusion-no-medium-visibility fusion-no-small-visibility\"><\/span><h1 class=\"fusion-title-heading title-heading-left fusion-responsive-typography-calculated\" style=\"margin:0;--fontSize:25;line-height:1.4;\">P\u00e8lerinages<\/h1><span class=\"awb-title-spacer\"><\/span><div class=\"title-sep-container title-sep-container-right\"><div class=\"title-sep sep-double sep-solid\" style=\"border-color:#e0dede;\"><\/div><\/div><\/div><div class=\"fusion-separator\" style=\"align-self: flex-start;margin-right:auto;margin-bottom:15px;width:100%;max-width:130px;\"><div class=\"fusion-separator-border sep-single sep-solid\" style=\"--awb-height:20px;--awb-amount:20px;--awb-sep-color:#f9b233;border-color:#f9b233;border-top-width:3px;\"><\/div><\/div><div class=\"fusion-text fusion-text-9\"><ul>\n<li><b>Samedi 27 septembre \u2013 Dimanche 28 septembre : p\u00e8lerinage des m\u00e8res de famille, ouvert \u00e0 toutes les femme.<\/b><br \/>\n<i>Inscription : <\/i>07 57 51 42 82 ou pelerinage.femme@chalons.catholique.fr<\/li>\n<li><b>Samedi 25 avril &#8211; Dimanche de la Mis\u00e9ricorde 26 avril : p\u00e8lerinage des p\u00e8res de famille, ouvert \u00e0 tous les hommes.<\/b> <i>Inscription <\/i>07 57 51 42 82 ou <i>:<\/i>pelerinage.hommes@chalons.catholique.fr<\/li>\n<li><b>Dimanche 3 mai : p\u00e8lerinage dioc\u00e9sain pr\u00e9sid\u00e9e<br \/>\nMonseigneur Franck Javary et p\u00e8lerinage des enfants.<br \/>\n<\/b>Couronnement de la statue et renouvellement de la pri\u00e8re de<br \/>\ncons\u00e9cration \u00e0 Notre-Dame de l\u2019\u00c9pine.<\/li>\n<li><b>P\u00e8lerinage pour les couples en esp\u00e9rance d&rsquo;enfant : <\/b>date \u00e0 pr\u00e9ciser par les Petites S\u0153urs des Maternit\u00e9s catholiques, avec les p\u00e8lerinage de la paroisse sainte Colette (Paris).<\/li>\n<li><b>Samedi 28 juin, C\u0153ur immacul\u00e9 de Marie : p\u00e8lerinage jubilaire des c\u00e9libataires, de 10h \u00e0 17h30 (chemin jubilaire et confessions, chapelet, messe, pique-nique partag\u00e9, topo, marche, adoration, v\u00eapres). Contact et inscription : 07 57 51 42 82<\/b><\/li>\n<li><b>Jeudi 15 ao\u00fbt, p\u00e8lerinage de l\u2019Assomption, \u00ab Jubil\u00e9 des enfants \u00bb : <\/b>10h30 messe pr\u00e9sid\u00e9e par Mgr Javary avec couronnement de la statue et b\u00e9n\u00e9diction des enfants \u00e0 Notre Dame de l&rsquo;\u00c9pine \u2014 12h30 : Pique-nique \u2014 14h30 : marche ou adoration avec pri\u00e8re du chapelet \u2014 16h v\u00eapres \u2014 17h concert d\u2019orgue<\/li>\n<\/ul>\n<p><strong>P\u00e8lerins de Saint Jacques :<\/strong> <span style=\"color: var(--awb-text-color);font-family: var(--awb-text-font-family);font-size: var(--awb-font-size);font-style: var(--awb-text-font-style);font-weight: var(--awb-text-font-weight);letter-spacing: var(--awb-letter-spacing);text-align: var(--awb-content-alignment);text-transform: var(--awb-text-transform);background-color: var(--awb-bg-color-hover)\"> vous pouvez faire tamponner votre cr\u00e9dencial \u00e0 la sacristie ou \u00e0 la boutique de la basilique. <\/span><span style=\"color: var(--awb-text-color);font-family: var(--awb-text-font-family);font-size: var(--awb-font-size);font-style: var(--awb-text-font-style);font-weight: var(--awb-text-font-weight);letter-spacing: var(--awb-letter-spacing);text-align: var(--awb-content-alignment);text-transform: var(--awb-text-transform);background-color: var(--awb-bg-color-hover)\">L\u2019h\u00f4tellerie de la basilique peut \u00e9galement vous h\u00e9berger lors de votre passage (offrande libre &#8211; <em>donativo<\/em>). <\/span><span style=\"color: var(--awb-text-color);font-family: var(--awb-text-font-family);font-size: var(--awb-font-size);font-style: var(--awb-text-font-style);font-weight: var(--awb-text-font-weight);letter-spacing: var(--awb-letter-spacing);text-align: var(--awb-content-alignment);text-transform: var(--awb-text-transform);background-color: var(--awb-bg-color-hover)\"><em>Informations :<\/em> 07 66 12 01 28 ou reservation.ndle@chalons.catholique.fr <\/span><\/p>\n<\/div><div class=\"fusion-separator\" style=\"align-self: center;margin-left: auto;margin-right: auto;width:100%;max-width:100px;\"><\/div><div class=\"fusion-separator fusion-full-width-sep\" style=\"align-self: center;margin-left: auto;margin-right: auto;margin-top:120px;width:100%;\"><\/div><\/div><\/div><div class=\"fusion-layout-column fusion_builder_column fusion-builder-column-10 fusion_builder_column_1_2 1_2 fusion-flex-column fusion-flex-align-self-center\" style=\"--awb-padding-bottom:806px;--awb-bg-image:url(&#039;https:\/\/chalons.catholique.fr\/lepine\/wp-content\/uploads\/sites\/5\/2022\/07\/saint-jacques.png&#039;);--awb-bg-position:center center;--awb-bg-size:cover;--awb-width-large:50%;--awb-margin-top-large:0px;--awb-spacing-right-large:1.92%;--awb-margin-bottom-large:158px;--awb-spacing-left-large:3.84%;--awb-width-medium:100%;--awb-order-medium:0;--awb-spacing-right-medium:1.92%;--awb-spacing-left-medium:1.92%;--awb-width-small:100%;--awb-order-small:0;--awb-spacing-right-small:1.92%;--awb-spacing-left-small:1.92%;\"><div class=\"fusion-column-wrapper fusion-column-has-shadow fusion-flex-justify-content-flex-start fusion-content-layout-row fusion-flex-align-items-center fusion-empty-column-bg-image fusion-column-has-bg-image\" data-bg-url=\"https:\/\/chalons.catholique.fr\/lepine\/wp-content\/uploads\/sites\/5\/2022\/07\/saint-jacques.png\"><img class=\"fusion-empty-dims-img-placeholder\" src=\"data:image\/svg+xml,%3Csvg%20xmlns%3D%27http%3A%2F%2Fwww.w3.org%2F2000%2Fsvg%27%20width%3D%27600%27%20height%3D%27900%27%20viewBox%3D%270%200%20600%20900%27%3E%3Crect%20width%3D%27600%27%20height%3D%27900%27%20fill-opacity%3D%220%22%2F%3E%3C%2Fsvg%3E\"><\/div><\/div><\/div><\/div><div class=\"fusion-fullwidth fullwidth-box fusion-builder-row-9 fusion-flex-container nonhundred-percent-fullwidth non-hundred-percent-height-scrolling\" style=\"--awb-border-radius-top-left:0px;--awb-border-radius-top-right:0px;--awb-border-radius-bottom-right:0px;--awb-border-radius-bottom-left:0px;--awb-margin-bottom:0px;--awb-flex-wrap:wrap;\" ><div class=\"fusion-builder-row fusion-row fusion-flex-align-items-flex-start fusion-flex-content-wrap\" style=\"max-width:1185.6px;margin-left: calc(-4% \/ 2 );margin-right: calc(-4% \/ 2 );\"><div class=\"fusion-layout-column fusion_builder_column fusion-builder-column-11 fusion_builder_column_1_1 1_1 fusion-flex-column\" style=\"--awb-bg-size:cover;--awb-width-large:100%;--awb-margin-top-large:0px;--awb-spacing-right-large:1.92%;--awb-margin-bottom-large:20px;--awb-spacing-left-large:1.92%;--awb-width-medium:100%;--awb-order-medium:0;--awb-spacing-right-medium:1.92%;--awb-spacing-left-medium:1.92%;--awb-width-small:100%;--awb-order-small:0;--awb-spacing-right-small:1.92%;--awb-spacing-left-small:1.92%;\"><div class=\"fusion-column-wrapper fusion-column-has-shadow fusion-flex-justify-content-flex-start fusion-content-layout-column\"><div class=\"fusion-separator fusion-full-width-sep\" style=\"align-self: center;margin-left: auto;margin-right: auto;margin-top:100px;width:100%;\"><\/div><div class=\"fusion-separator fusion-full-width-sep\" style=\"align-self: center;margin-left: auto;margin-right: auto;margin-top:50px;width:100%;\"><\/div><div class=\"fusion-menu-anchor\" id=\"processions\"><\/div><\/div><\/div><\/div><\/div><div class=\"fusion-fullwidth fullwidth-box fusion-builder-row-10 fusion-flex-container nonhundred-percent-fullwidth non-hundred-percent-height-scrolling\" style=\"--awb-border-radius-top-left:0px;--awb-border-radius-top-right:0px;--awb-border-radius-bottom-right:0px;--awb-border-radius-bottom-left:0px;--awb-padding-bottom:0px;--awb-margin-bottom:0px;--awb-background-color:rgba(36,88,139,0.2);--awb-flex-wrap:wrap;\" ><div class=\"fusion-builder-row fusion-row fusion-flex-align-items-flex-start fusion-flex-content-wrap\" style=\"max-width:1185.6px;margin-left: calc(-4% \/ 2 );margin-right: calc(-4% \/ 2 );\"><div class=\"fusion-layout-column fusion_builder_column fusion-builder-column-12 fusion_builder_column_1_2 1_2 fusion-flex-column\" style=\"--awb-padding-right:10px;--awb-padding-left:10px;--awb-bg-size:cover;--awb-width-large:50%;--awb-margin-top-large:5px;--awb-spacing-right-large:0%;--awb-margin-bottom-large:0px;--awb-spacing-left-large:3.84%;--awb-width-medium:100%;--awb-order-medium:0;--awb-spacing-right-medium:1.92%;--awb-spacing-left-medium:1.92%;--awb-width-small:100%;--awb-order-small:0;--awb-spacing-right-small:1.92%;--awb-spacing-left-small:1.92%;\"><div class=\"fusion-column-wrapper fusion-column-has-shadow fusion-flex-justify-content-flex-start fusion-content-layout-column\"><div class=\"fusion-title title fusion-title-7 fusion-title-text fusion-title-size-one\"><div class=\"title-sep-container title-sep-container-left fusion-no-large-visibility fusion-no-medium-visibility fusion-no-small-visibility\"><div class=\"title-sep sep-double sep-solid\" style=\"border-color:#e0dede;\"><\/div><\/div><span class=\"awb-title-spacer fusion-no-large-visibility fusion-no-medium-visibility fusion-no-small-visibility\"><\/span><h1 class=\"fusion-title-heading title-heading-left fusion-responsive-typography-calculated\" style=\"margin:0;--fontSize:25;line-height:1.4;\">Processions<\/h1><span class=\"awb-title-spacer\"><\/span><div class=\"title-sep-container title-sep-container-right\"><div class=\"title-sep sep-double sep-solid\" style=\"border-color:#e0dede;\"><\/div><\/div><\/div><div class=\"fusion-separator\" style=\"align-self: flex-start;margin-right:auto;margin-bottom:15px;width:100%;max-width:130px;\"><div class=\"fusion-separator-border sep-single sep-solid\" style=\"--awb-height:20px;--awb-amount:20px;--awb-sep-color:#f9b233;border-color:#f9b233;border-top-width:3px;\"><\/div><\/div><div class=\"fusion-text fusion-text-10\"><ul>\n<li><b>Mardi 17 d\u00e9cembre \u00e0 19h, pendant l\u2019Avent : <\/b>messe <i>Rorate<\/i> \u00e0 la lumi\u00e8re des bougies et procession \u00e0 la cr\u00e8che<\/li>\n<\/ul>\n<ul>\n<li><b>Lundi 24 mars \u00e0 20h, veille de l&rsquo;Annonciation, anniversaire de la d\u00e9couverte de la statue de Notre-Dame de l&rsquo;\u00c9pine : <\/b>marche au flambeau depuis le Pont des bergers<\/li>\n<\/ul>\n<ul>\n<li><b>Dimanche de la F\u00eate-Dieu 22 juin \u00e0 10h30 : <\/b>messe suivie d\u2019une procession eucharistique et lanc\u00e9 de p\u00e9tales, avec b\u00e9n\u00e9diction du village<\/li>\n<\/ul>\n<ul>\n<li><b>Mardi 16 juillet \u00e0 11h30, f\u00eate de Notre-Dame du Mont Carmel : <\/b>messe de Notre-Dame du Mont Carmel et procession mariale<\/li>\n<\/ul>\n<ul>\n<li><b>Jeudi 14 ao\u00fbt \u00e0 21h, veille de l\u2019Assomption :<br \/>\n<\/b>procession mariale aux flambeaux, complies et nuit d&rsquo;adoration. (D\u00e9part sur le parvis).<\/li>\n<\/ul>\n<\/div><\/div><\/div><div class=\"fusion-layout-column fusion_builder_column fusion-builder-column-13 fusion_builder_column_1_2 1_2 fusion-flex-column\" style=\"--awb-padding-top:160px;--awb-padding-bottom:391px;--awb-bg-image:url(&#039;https:\/\/chalons.catholique.fr\/lepine\/wp-content\/uploads\/sites\/5\/2022\/07\/mgr-pele.png&#039;);--awb-bg-position:center bottom;--awb-bg-size:cover;--awb-width-large:50%;--awb-margin-top-large:0px;--awb-spacing-right-large:3.84%;--awb-margin-bottom-large:0px;--awb-spacing-left-large:0%;--awb-width-medium:100%;--awb-order-medium:0;--awb-spacing-right-medium:1.92%;--awb-spacing-left-medium:1.92%;--awb-width-small:100%;--awb-order-small:0;--awb-spacing-right-small:1.92%;--awb-spacing-left-small:1.92%;\"><div class=\"fusion-column-wrapper fusion-column-has-shadow fusion-flex-justify-content-flex-start fusion-content-layout-column fusion-content-nowrap fusion-empty-column-bg-image fusion-column-has-bg-image\" data-bg-url=\"https:\/\/chalons.catholique.fr\/lepine\/wp-content\/uploads\/sites\/5\/2022\/07\/mgr-pele.png\"><img class=\"fusion-empty-dims-img-placeholder\" src=\"data:image\/svg+xml,%3Csvg%20xmlns%3D%27http%3A%2F%2Fwww.w3.org%2F2000%2Fsvg%27%20width%3D%27600%27%20height%3D%27900%27%20viewBox%3D%270%200%20600%20900%27%3E%3Crect%20width%3D%27600%27%20height%3D%27900%27%20fill-opacity%3D%220%22%2F%3E%3C%2Fsvg%3E\"><\/div><\/div><\/div><\/div><div class=\"fusion-fullwidth fullwidth-box fusion-builder-row-11 fusion-flex-container nonhundred-percent-fullwidth non-hundred-percent-height-scrolling\" style=\"--awb-border-radius-top-left:0px;--awb-border-radius-top-right:0px;--awb-border-radius-bottom-right:0px;--awb-border-radius-bottom-left:0px;--awb-padding-bottom:0px;--awb-margin-bottom:0px;--awb-background-color:rgba(36,88,139,0.2);--awb-flex-wrap:wrap;\" ><div class=\"fusion-builder-row fusion-row fusion-flex-align-items-flex-start fusion-flex-content-wrap\" style=\"max-width:1185.6px;margin-left: calc(-4% \/ 2 );margin-right: calc(-4% \/ 2 );\"><div class=\"fusion-layout-column fusion_builder_column fusion-builder-column-14 fusion_builder_column_1_2 1_2 fusion-flex-column\" style=\"--awb-padding-right:10px;--awb-padding-left:10px;--awb-bg-size:cover;--awb-width-large:50%;--awb-margin-top-large:5px;--awb-spacing-right-large:0%;--awb-margin-bottom-large:0px;--awb-spacing-left-large:3.84%;--awb-width-medium:100%;--awb-order-medium:0;--awb-spacing-right-medium:1.92%;--awb-spacing-left-medium:1.92%;--awb-width-small:100%;--awb-order-small:0;--awb-spacing-right-small:1.92%;--awb-spacing-left-small:1.92%;\"><div class=\"fusion-column-wrapper fusion-column-has-shadow fusion-flex-justify-content-flex-start fusion-content-layout-column\"><div class=\"fusion-menu-anchor\" id=\"b\u00e9n\u00e9dictions\"><\/div><div class=\"fusion-title title fusion-title-8 fusion-title-text fusion-title-size-one\"><div class=\"title-sep-container title-sep-container-left fusion-no-large-visibility fusion-no-medium-visibility fusion-no-small-visibility\"><div class=\"title-sep sep-double sep-solid\" style=\"border-color:#e0dede;\"><\/div><\/div><span class=\"awb-title-spacer fusion-no-large-visibility fusion-no-medium-visibility fusion-no-small-visibility\"><\/span><h1 class=\"fusion-title-heading title-heading-left fusion-responsive-typography-calculated\" style=\"margin:0;--fontSize:25;line-height:1.4;\">B\u00e9n\u00e9dictions<\/h1><span class=\"awb-title-spacer\"><\/span><div class=\"title-sep-container title-sep-container-right\"><div class=\"title-sep sep-double sep-solid\" style=\"border-color:#e0dede;\"><\/div><\/div><\/div><div class=\"fusion-separator\" style=\"align-self: flex-start;margin-right:auto;margin-bottom:15px;width:100%;max-width:130px;\"><div class=\"fusion-separator-border sep-single sep-solid\" style=\"--awb-height:20px;--awb-amount:20px;--awb-sep-color:#f9b233;border-color:#f9b233;border-top-width:3px;\"><\/div><\/div><div class=\"fusion-text fusion-text-11\"><ul>\n<li><b>Mercredi 1<\/b><b><sup>er<\/sup><\/b><b> novembre \u00e0 10h30 : <\/b>messe de la Toussaint,<br \/>\nv\u00e9n\u00e9ration des reliques des saints et b\u00e9n\u00e9diction des tombes<\/li>\n<li><b>Samedi 7 d\u00e9cembre \u00e0 11h30 : messe de la saint Ambroise <\/b>avec les apiculteurs et b\u00e9n\u00e9diction des enfumoirs<\/li>\n<li><b>Dimanche 2 f\u00e9vrier \u00e0 11h30 : <\/b>messe avec <b>b\u00e9n\u00e9diction des cierges de la Chandeleur<\/b><\/li>\n<li><b>Samedi 3 f\u00e9vrier \u00e0 11h30 : messe et b\u00e9n\u00e9diction de la saint Blaise, <\/b>contre les maux de gorge<\/li>\n<li><b>Jeudi 8 mai \u00e0 11h30, f\u00eate de Notre-Dame de l\u2019\u00c9pine : <\/b>messe et b\u00e9n\u00e9diction de l\u2019eau du puits<\/li>\n<li><b>Vendredi 15 ao\u00fbt \u00e0 10h30 : messe de l\u2019Assomption avec b\u00e9n\u00e9diction des enfants <\/b>par Monseigneur Javary.<\/li>\n<\/ul>\n<h1 class=\"fusion-responsive-typography-calculated\" style=\"--fontsize: 25;line-height: 1.4\" data-fontsize=\"25\" data-lineheight=\"35px\">Neuvaines, Veill\u00e9es, Temps de pri\u00e8re<\/h1>\n<ul>\n<li><span style=\"color: var(--awb-text-color);font-family: var(--awb-text-font-family);font-size: var(--awb-font-size);font-style: var(--awb-text-font-style);font-weight: var(--awb-text-font-weight);letter-spacing: var(--awb-letter-spacing);text-align: var(--awb-content-alignment);text-transform: var(--awb-text-transform);background-color: var(--awb-bg-color-hover)\"><strong>Neuvaine de l\u2019Immacul\u00e9e Conception :<\/strong> du 30 novembre au <\/span><span style=\"color: var(--awb-text-color);font-family: var(--awb-text-font-family);font-size: var(--awb-font-size);font-style: var(--awb-text-font-style);font-weight: var(--awb-text-font-weight);letter-spacing: var(--awb-letter-spacing);text-align: var(--awb-content-alignment);text-transform: var(--awb-text-transform);background-color: var(--awb-bg-color-hover)\">8 d\u00e9cembre, \u00e0 la fin du chapelet<\/span><\/li>\n<\/ul>\n<ul>\n<li><strong>Neuvaine de Notre-Dame de l\u2019Epine :<\/strong> du 30 avril au 8 mai, avec la pri\u00e8re de la neuvaine \u00ab O Marie Fleur de L&rsquo;\u00c9pine \u00bb (sur Hozana.org ou FB)<\/li>\n<li><b>Neuvaine du Sacr\u00e9-C\u0153ur<\/b> du 19 au 27 juin (avec l&rsquo;\u00e9cole de pri\u00e8re)<\/li>\n<\/ul>\n<\/div><div class=\"fusion-content-boxes content-boxes columns row fusion-columns-1 fusion-columns-total-0 fusion-content-boxes-2 content-boxes-icon-with-title content-left\" style=\"--awb-hover-accent-color:#1a80b6;--awb-circle-hover-accent-color:#1a80b6;--awb-item-margin-bottom:40px;\" data-animationOffset=\"top-into-view\"><div class=\"fusion-clearfix\"><\/div><\/div><\/div><\/div><div class=\"fusion-layout-column fusion_builder_column fusion-builder-column-15 fusion_builder_column_1_2 1_2 fusion-flex-column\" style=\"--awb-bg-size:cover;--awb-width-large:50%;--awb-margin-top-large:0px;--awb-spacing-right-large:3.84%;--awb-margin-bottom-large:20px;--awb-spacing-left-large:3.84%;--awb-width-medium:100%;--awb-order-medium:0;--awb-spacing-right-medium:1.92%;--awb-spacing-left-medium:1.92%;--awb-width-small:100%;--awb-order-small:0;--awb-spacing-right-small:1.92%;--awb-spacing-left-small:1.92%;\"><div class=\"fusion-column-wrapper fusion-column-has-shadow fusion-flex-justify-content-flex-start fusion-content-layout-column\"><div class=\"fusion-text fusion-text-12\"><ul>\n<li><b>Temps de pri\u00e8re pour les vocations : le premier vendredi du mois \u00e0 15h <\/b>(6 septembre \u2013 4 octobre \u2013 1er novembre \u2013 6 d\u00e9cembre &#8211; 3 janvier \u2013 7 f\u00e9vrier \u2013 7 mars \u2013 4 avril \u2013 2 mai \u2013 6 juin)<\/li>\n<li><b>Heure Sainte \u00e0 21h15 (apr\u00e8s les Complies de 21h) : Tous les premiers jeudis du mois <\/b>(4 septembre &#8211; 2 octobre &#8211; 6 novembre &#8211; 4 d\u00e9cembre &#8211; 5 f\u00e9vrier &#8211; 5 mars &#8211; 7 mai &#8211; 4 juin) . <span style=\"font-family: var(--awb-text-font-family);font-size: var(--awb-font-size);font-style: var(--awb-text-font-style);letter-spacing: var(--awb-letter-spacing);text-align: var(--awb-content-alignment);text-transform: var(--awb-text-transform)\"> \u00ab\u00a0Il n&rsquo;y a pas de plus grand amour que de donner sa vie pour ceux qu&rsquo;on aime\u00a0\u00bb. Prier avec J\u00e9sus \u00e0 l&rsquo;heure de son agonie. Heure d&rsquo;adoration en l&rsquo;honneur du sacr\u00e9 Coeur de J\u00e9sus.<\/span><\/li>\n<\/ul>\n<ul>\n<li><b>Nuits d&rsquo;adoration de l\u2019\u00e9t\u00e9 : Jeudi 11 juin (veille Sacr\u00e9-C\u0153ur) &#8211; <\/b><b> &#8211; jeudi 14 ao\u00fbt (veille de l&rsquo;Assomption) :<\/b> relais d\u2019adoration silencieuse d&rsquo;heure en heure, de 22h \u00e0 7h.<i><br \/>\nInscription aupr\u00e8s des s\u0153urs. Possibilit\u00e9 d\u2019h\u00e9bergement sur place.<\/i><\/li>\n<\/ul>\n<ul>\n<li><b>Veill\u00e9e de No\u00ebl mercredi 24 d\u00e9cembre : <\/b>21h, Vigile de No\u00ebl \u2013 <b>23h : Messe de la Nuit de No\u00ebl<\/b><\/li>\n<li><b>Veill\u00e9e du 31 d\u00e9cembre : <\/b>22h Vigiles de Marie, M\u00e8re de Dieu \u2013 23h : adoration silencieuse \u2014 Minuit : Te Deum et sonnerie des cloches pour le passage \u00e0 la nouvelle ann\u00e9e<\/li>\n<\/ul>\n<ul>\n<li><b>Vigile pascale samedi 04 avril \u00e0 21h<\/b><\/li>\n<li><b>Vigile de Pentec\u00f4te samedi 23 mai \u00e0 20h30<\/b><\/li>\n<\/ul>\n<\/div><\/div><\/div><\/div><\/div><div class=\"fusion-fullwidth fullwidth-box fusion-builder-row-12 fusion-flex-container nonhundred-percent-fullwidth non-hundred-percent-height-scrolling\" style=\"--awb-border-radius-top-left:0px;--awb-border-radius-top-right:0px;--awb-border-radius-bottom-right:0px;--awb-border-radius-bottom-left:0px;--awb-flex-wrap:wrap;\" ><div class=\"fusion-builder-row fusion-row fusion-flex-align-items-flex-start fusion-flex-content-wrap\" style=\"max-width:1185.6px;margin-left: calc(-4% \/ 2 );margin-right: calc(-4% \/ 2 );\"><div class=\"fusion-layout-column fusion_builder_column fusion-builder-column-16 fusion_builder_column_1_1 1_1 fusion-flex-column\" style=\"--awb-bg-size:cover;--awb-width-large:100%;--awb-margin-top-large:0px;--awb-spacing-right-large:1.92%;--awb-margin-bottom-large:20px;--awb-spacing-left-large:1.92%;--awb-width-medium:100%;--awb-order-medium:0;--awb-spacing-right-medium:1.92%;--awb-spacing-left-medium:1.92%;--awb-width-small:100%;--awb-order-small:0;--awb-spacing-right-small:1.92%;--awb-spacing-left-small:1.92%;\"><div class=\"fusion-column-wrapper fusion-column-has-shadow fusion-flex-justify-content-flex-start fusion-content-layout-column\"><div class=\"fusion-separator fusion-full-width-sep\" style=\"align-self: center;margin-left: auto;margin-right: auto;margin-top:20px;width:100%;\"><\/div><\/div><\/div><\/div><\/div><div class=\"fusion-fullwidth fullwidth-box fusion-builder-row-13 fusion-flex-container nonhundred-percent-fullwidth non-hundred-percent-height-scrolling\" style=\"--awb-border-radius-top-left:0px;--awb-border-radius-top-right:0px;--awb-border-radius-bottom-right:0px;--awb-border-radius-bottom-left:0px;--awb-margin-bottom:0px;--awb-flex-wrap:wrap;\" ><div class=\"fusion-builder-row fusion-row fusion-flex-align-items-flex-start fusion-flex-content-wrap\" style=\"max-width:1185.6px;margin-left: calc(-4% \/ 2 );margin-right: calc(-4% \/ 2 );\"><div class=\"fusion-layout-column fusion_builder_column fusion-builder-column-17 fusion_builder_column_1_1 1_1 fusion-flex-column\" style=\"--awb-bg-size:cover;--awb-width-large:100%;--awb-margin-top-large:0px;--awb-spacing-right-large:1.92%;--awb-margin-bottom-large:20px;--awb-spacing-left-large:1.92%;--awb-width-medium:100%;--awb-order-medium:0;--awb-spacing-right-medium:1.92%;--awb-spacing-left-medium:1.92%;--awb-width-small:100%;--awb-order-small:0;--awb-spacing-right-small:1.92%;--awb-spacing-left-small:1.92%;\"><div class=\"fusion-column-wrapper fusion-column-has-shadow fusion-flex-justify-content-flex-start fusion-content-layout-column\"><div class=\"fusion-separator fusion-full-width-sep\" style=\"align-self: center;margin-left: auto;margin-right: auto;margin-top:100px;width:100%;\"><\/div><div class=\"fusion-separator fusion-full-width-sep\" style=\"align-self: center;margin-left: auto;margin-right: auto;margin-top:50px;width:100%;\"><\/div><div class=\"fusion-menu-anchor\" id=\"offices\"><\/div><\/div><\/div><\/div><\/div><div class=\"fusion-fullwidth fullwidth-box fusion-builder-row-14 fusion-flex-container nonhundred-percent-fullwidth non-hundred-percent-height-scrolling\" style=\"--awb-border-radius-top-left:0px;--awb-border-radius-top-right:0px;--awb-border-radius-bottom-right:0px;--awb-border-radius-bottom-left:0px;--awb-padding-bottom:0px;--awb-margin-bottom:0px;--awb-background-color:rgba(36,88,139,0.2);--awb-flex-wrap:wrap;\" ><div class=\"fusion-builder-row fusion-row fusion-flex-align-items-flex-start fusion-flex-content-wrap\" style=\"max-width:1185.6px;margin-left: calc(-4% \/ 2 );margin-right: calc(-4% \/ 2 );\"><div class=\"fusion-layout-column fusion_builder_column fusion-builder-column-18 fusion_builder_column_1_2 1_2 fusion-flex-column\" style=\"--awb-bg-size:cover;--awb-width-large:50%;--awb-margin-top-large:20px;--awb-spacing-right-large:3.84%;--awb-margin-bottom-large:0px;--awb-spacing-left-large:3.84%;--awb-width-medium:100%;--awb-order-medium:0;--awb-spacing-right-medium:1.92%;--awb-spacing-left-medium:1.92%;--awb-width-small:100%;--awb-order-small:0;--awb-spacing-right-small:1.92%;--awb-spacing-left-small:1.92%;\"><div class=\"fusion-column-wrapper fusion-column-has-shadow fusion-flex-justify-content-flex-start fusion-content-layout-column\"><div class=\"fusion-image-element \" style=\"--awb-caption-title-font-family:var(--h2_typography-font-family);--awb-caption-title-font-weight:var(--h2_typography-font-weight);--awb-caption-title-font-style:var(--h2_typography-font-style);--awb-caption-title-size:var(--h2_typography-font-size);--awb-caption-title-transform:var(--h2_typography-text-transform);--awb-caption-title-line-height:var(--h2_typography-line-height);--awb-caption-title-letter-spacing:var(--h2_typography-letter-spacing);\"><span class=\" fusion-imageframe imageframe-none imageframe-1 hover-type-none\"><img decoding=\"async\" src=\"https:\/\/chalons.catholique.fr\/lepine\/wp-content\/uploads\/sites\/5\/2025\/06\/pexels-photo-10306340-1024x683.jpeg\" alt class=\"img-responsive\"\/><\/span><\/div><\/div><\/div><div class=\"fusion-layout-column fusion_builder_column fusion-builder-column-19 fusion_builder_column_1_2 1_2 fusion-flex-column\" style=\"--awb-bg-size:cover;--awb-width-large:50%;--awb-margin-top-large:0px;--awb-spacing-right-large:3.84%;--awb-margin-bottom-large:20px;--awb-spacing-left-large:3.84%;--awb-width-medium:100%;--awb-order-medium:0;--awb-spacing-right-medium:1.92%;--awb-spacing-left-medium:1.92%;--awb-width-small:100%;--awb-order-small:0;--awb-spacing-right-small:1.92%;--awb-spacing-left-small:1.92%;\"><div class=\"fusion-column-wrapper fusion-column-has-shadow fusion-flex-justify-content-flex-start fusion-content-layout-column\"><div class=\"fusion-title title fusion-title-9 fusion-title-text fusion-title-size-one\"><div class=\"title-sep-container title-sep-container-left fusion-no-large-visibility fusion-no-medium-visibility fusion-no-small-visibility\"><div class=\"title-sep sep-double sep-solid\" style=\"border-color:#e0dede;\"><\/div><\/div><span class=\"awb-title-spacer fusion-no-large-visibility fusion-no-medium-visibility fusion-no-small-visibility\"><\/span><h1 class=\"fusion-title-heading title-heading-left fusion-responsive-typography-calculated\" style=\"margin:0;--fontSize:25;line-height:1.4;\">Office divin, adoration, chapelet<\/h1><span class=\"awb-title-spacer\"><\/span><div class=\"title-sep-container title-sep-container-right\"><div class=\"title-sep sep-double sep-solid\" style=\"border-color:#e0dede;\"><\/div><\/div><\/div><div class=\"fusion-separator\" style=\"align-self: flex-start;margin-right:auto;margin-bottom:15px;width:100%;max-width:130px;\"><div class=\"fusion-separator-border sep-single sep-solid\" style=\"--awb-height:20px;--awb-amount:20px;--awb-sep-color:#f9b233;border-color:#f9b233;border-top-width:3px;\"><\/div><\/div><div class=\"fusion-text fusion-text-13\"><ul>\n<li><span data-contrast=\"auto\"><strong>L\u2019office divin, ou \u00ab\u202fliturgie des heures\u202f\u00bb,<\/strong> est la pri\u00e8re de louange et de supplication que l\u2019Eglise fait monter vers Dieu au nom de toute l\u2019humanit\u00e9 aux diff\u00e9rentes heures de la journ\u00e9e (office du matin, du milieu du jour, du soir et de la nuit). Elle se compose en grande partie de psaumes, chant\u00e9s en alternance ch\u0153ur \u00e0 ch\u0153ur et accompagn\u00e9s par un instrument sp\u00e9cifique\u202f: le psalt\u00e9rion (ou cithare). A la basilique de L\u2019Epine, tous sont invit\u00e9s \u00e0 se joindre \u00e0 la c\u00e9l\u00e9bration de l\u2019office divin, chant\u00e9 par les s\u0153urs b\u00e9n\u00e9dictines.<\/span><\/li>\n<\/ul>\n<ul>\n<li><span data-contrast=\"auto\"><strong>L\u2019adoration eucharistique<\/strong> est une pri\u00e8re silencieuse devant l\u2019hostie expos\u00e9e (le Saint-Sacrement), pr\u00e9sence r\u00e9elle de J\u00e9sus dans son Eglise, que l\u2019on regarde longuement, que l\u2019on \u00e9coute dans le secret, et \u00e0 qui l\u2019on offre toute sa vie, ses joies et ses peines, dans un c\u0153ur-\u00e0-c\u0153ur de confiance. L\u2019adoration eucharistique est \u00e0 la fois un prolongement et une pr\u00e9paration int\u00e9rieure \u00e0 la messe. A la basilique, tous peuvent venir participer au relais d\u2019adoration qui a lieu chaque apr\u00e8s-midi (sauf le lundi).<\/span><\/li>\n<\/ul>\n<ul>\n<li><span data-contrast=\"auto\"><strong>La pri\u00e8re du chapelet<\/strong> <strong>(ou Rosaire)<\/strong> est une contemplation de la vie de J\u00e9sus dans l\u2019Evangile, avec les yeux de Marie. C\u2019est une pri\u00e8re m\u00e9ditative, ponctu\u00e9e par la r\u00e9citation du Notre P\u00e8re, du Je vous salue Marie et des diff\u00e9rents \u00ab\u202fmyst\u00e8res\u202f\u00bb de la vie du Christ et de la Vierge (myst\u00e8res joyeux, lumineux, douloureux et glorieux). La pri\u00e8re du chapelet est un moyen puissant d\u2019intercession pour tous ceux qui souffrent. Elle est comme \u00ab\u202fun bouquet de roses\u202f\u00bb offert \u00e0 la Vierge Marie qui r\u00e9pand ses gr\u00e2ces sur toute l\u2019humanit\u00e9. De l\u00e0 vient l\u2019appellation de \u00ab\u202fpri\u00e8re du Rosaire\u202f\u00bb.<\/span><span data-ccp-props=\"{}\"><br \/>\n<\/span><span data-contrast=\"auto\">La pri\u00e8re du chapelet a lieu chaque jour (sauf le lundi) avec une S\u0153ur devant la statue de Notre-Dame de l\u2019Epine. On y pr\u00e9sente les intentions d\u00e9pos\u00e9es par les p\u00e8lerins.<\/span><\/li>\n<\/ul>\n<ul>\n<li><span data-contrast=\"auto\"><strong>Une initiation personnelle \u00e0 ces diff\u00e9rentes formes de pri\u00e8re<\/strong> peut vous \u00eatre propos\u00e9e, sur simple demande aupr\u00e8s d\u2019une S\u0153ur.<\/span><\/li>\n<li><strong>Vous trouverez \u00e9galement \u00e0 la boutique de la basilique de nombreux livres pour apprendre \u00e0 prier. <\/strong><\/li>\n<li style=\"list-style-type: none\"><\/li>\n<\/ul>\n<\/div><\/div><\/div><div class=\"fusion-layout-column fusion_builder_column fusion-builder-column-20 fusion_builder_column_1_2 1_2 fusion-flex-column\" style=\"--awb-bg-size:cover;--awb-width-large:50%;--awb-margin-top-large:0px;--awb-spacing-right-large:3.84%;--awb-margin-bottom-large:20px;--awb-spacing-left-large:3.84%;--awb-width-medium:100%;--awb-order-medium:0;--awb-spacing-right-medium:1.92%;--awb-spacing-left-medium:1.92%;--awb-width-small:100%;--awb-order-small:0;--awb-spacing-right-small:1.92%;--awb-spacing-left-small:1.92%;\"><div class=\"fusion-column-wrapper fusion-column-has-shadow fusion-flex-justify-content-flex-start fusion-content-layout-column\"><\/div><\/div><\/div><\/div><div class=\"fusion-fullwidth fullwidth-box fusion-builder-row-15 fusion-flex-container nonhundred-percent-fullwidth non-hundred-percent-height-scrolling\" style=\"--awb-border-radius-top-left:0px;--awb-border-radius-top-right:0px;--awb-border-radius-bottom-right:0px;--awb-border-radius-bottom-left:0px;--awb-flex-wrap:wrap;\" ><div class=\"fusion-builder-row fusion-row fusion-flex-align-items-flex-start fusion-flex-content-wrap\" style=\"max-width:1185.6px;margin-left: calc(-4% \/ 2 );margin-right: calc(-4% \/ 2 );\"><div class=\"fusion-layout-column fusion_builder_column fusion-builder-column-21 fusion_builder_column_1_1 1_1 fusion-flex-column\" style=\"--awb-bg-size:cover;--awb-width-large:100%;--awb-margin-top-large:0px;--awb-spacing-right-large:1.92%;--awb-margin-bottom-large:20px;--awb-spacing-left-large:1.92%;--awb-width-medium:100%;--awb-order-medium:0;--awb-spacing-right-medium:1.92%;--awb-spacing-left-medium:1.92%;--awb-width-small:100%;--awb-order-small:0;--awb-spacing-right-small:1.92%;--awb-spacing-left-small:1.92%;\"><div class=\"fusion-column-wrapper fusion-column-has-shadow fusion-flex-justify-content-flex-start fusion-content-layout-column\"><div class=\"fusion-separator fusion-full-width-sep\" style=\"align-self: center;margin-left: auto;margin-right: auto;margin-top:50px;width:100%;\"><\/div><\/div><\/div><\/div><\/div>\n","protected":false},"excerpt":{"rendered":"","protected":false},"author":158,"featured_media":0,"parent":78,"menu_order":0,"comment_status":"closed","ping_status":"closed","template":"","meta":{"xn-wppe-expiration":[],"xn-wppe-expiration-action":[],"xn-wppe-expiration-prefix":[],"footnotes":""},"_links":{"self":[{"href":"https:\/\/chalons.catholique.fr\/lepine\/wp-json\/wp\/v2\/pages\/3022"}],"collection":[{"href":"https:\/\/chalons.catholique.fr\/lepine\/wp-json\/wp\/v2\/pages"}],"about":[{"href":"https:\/\/chalons.catholique.fr\/lepine\/wp-json\/wp\/v2\/types\/page"}],"author":[{"embeddable":true,"href":"https:\/\/chalons.catholique.fr\/lepine\/wp-json\/wp\/v2\/users\/158"}],"replies":[{"embeddable":true,"href":"https:\/\/chalons.catholique.fr\/lepine\/wp-json\/wp\/v2\/comments?post=3022"}],"version-history":[{"count":54,"href":"https:\/\/chalons.catholique.fr\/lepine\/wp-json\/wp\/v2\/pages\/3022\/revisions"}],"predecessor-version":[{"id":4044,"href":"https:\/\/chalons.catholique.fr\/lepine\/wp-json\/wp\/v2\/pages\/3022\/revisions\/4044"}],"up":[{"embeddable":true,"href":"https:\/\/chalons.catholique.fr\/lepine\/wp-json\/wp\/v2\/pages\/78"}],"wp:attachment":[{"href":"https:\/\/chalons.catholique.fr\/lepine\/wp-json\/wp\/v2\/media?parent=3022"}],"curies":[{"name":"wp","href":"https:\/\/api.w.org\/{rel}","templated":true}]}}