{"id":1168,"date":"2020-06-30T15:20:07","date_gmt":"2020-06-30T13:20:07","guid":{"rendered":"http:\/\/chalons.catholique.fr\/formation\/evenements\/21821\/"},"modified":"2020-07-21T17:52:20","modified_gmt":"2020-07-21T15:52:20","slug":"21821","status":"publish","type":"tribe_events","link":"https:\/\/chalons.catholique.fr\/formation\/evenements\/21821\/","title":{"rendered":"Les \u201cjourn\u00e9es de L\u2019\u00c9pine\u201d : la  structure et les acteurs de l\u2019\u00c9glise"},"content":{"rendered":"<h3 style=\"text-align: left;\">Journ\u00e9e 3\/3 &#8211; Th\u00e8me de la journ\u00e9e : la structure et les acteurs de l&rsquo;\u00c9glise : clercs et la\u00efcs \/ Sur inscription \/<\/h3>\n<p class=\"p1\">La r\u00e9organisation des paroisses, les c\u00e9l\u00e9brations dominicales, les pratiques et attentes n\u00e9es de la crise du coronavirus, etc. ; les questions r\u00e9currentes (divorc\u00e9s remari\u00e9s, etc.) : ceci interroge la pratique sacramentelle de l\u2019\u00c9glise.<\/p>\n<p class=\"p1\">Par ailleurs, la crainte du \u00ab cl\u00e9ricalisme \u00bb interpelle sur la place respective des pr\u00eatres et des la\u00efcs et la pertinence de l\u2019organisation eccl\u00e9siale, \u00e0 l\u2019heure o\u00f9 la d\u00e9mocratie semble pr\u00e9valoir en tous domaines.<\/p>\n<p class=\"p1\">Ces questions renvoient \u00e0 la nature de l\u2019\u00c9glise et \u00e0 la mani\u00e8re dont elle est chemin vers Dieu. Nous proposons donc trois temps de r\u00e9flexion, avec l\u2019appui des textes de Vatican II, sur le th\u00e8me : <b>Les sacrements de l\u2019\u00c9glise, l\u2019\u00c9glise sacrement<\/b><\/p>\n<ul>\n<li class=\"p3\"><b>Jeudi 19 novembre :<\/b> la liturgie,<\/li>\n<li class=\"p3\"><b>Jeudi 21 janvier :<\/b> la nature de l\u2019\u00c9glise,<\/li>\n<li class=\"p3\"><b>Jeudi 18 mars : <\/b>la structure et les acteurs de l\u2019\u00c9glise\u00a0: clercs et la\u00efcs.<\/li>\n<\/ul>\n<p class=\"p1\">L\u2019horaire habituel est <b>de 10h \u00e0 16h.<\/b> Le lieu, habituellement L\u2019\u00c9pine, sera pr\u00e9cis\u00e9 15 jours avant.<\/p>\n<p class=\"p1\"><b>Ces trois journ\u00e9es sont largement ouvertes :<\/b> pr\u00eatres, diacres et leurs \u00e9pouses LEM, \u00e9quipes de conduite, \u00e9tablissement catholiques, animateurs d\u2019\u00e9quipes, etc.<\/p>\n<p class=\"p1\">Chacune des trois sessions sera accompagn\u00e9e :<\/p>\n<p class=\"p3\"><b>Le soir m\u00eame : conf\u00e9rence publique,<\/b> par l\u2019intervenant du jour ou visioconf\u00e9rence (20h30)<\/p>\n<p class=\"p3\"><b>Dans les semaines qui suivent :<\/b> des temps d\u2019approfondissement et de partage en doyenn\u00e9 (dates, lieux et horaires \u00e0 pr\u00e9ciser par doyenn\u00e9)<\/p>\n","protected":false},"excerpt":{"rendered":"<p>Journ\u00e9e 3\/3 &#8211; Th\u00e8me de la journ\u00e9e : la structure et les acteurs de l&rsquo;\u00c9glise : clercs et la\u00efcs \/ Sur inscription \/ La r\u00e9organisation des paroisses, les c\u00e9l\u00e9brations dominicales, les pratiques et attentes n\u00e9es de la crise du coronavirus, etc. ; les questions r\u00e9currentes (divorc\u00e9s remari\u00e9s, etc.) : ceci [&hellip;]<\/p>\n","protected":false},"author":158,"featured_media":1297,"comment_status":"open","ping_status":"closed","template":"","meta":{"xn-wppe-expiration":[],"xn-wppe-expiration-action":[],"xn-wppe-expiration-prefix":[],"_tribe_events_status":"","_tribe_events_status_reason":""},"tags":[],"tribe_events_cat":[56,59],"_links":{"self":[{"href":"https:\/\/chalons.catholique.fr\/formation\/wp-json\/wp\/v2\/tribe_events\/1168"}],"collection":[{"href":"https:\/\/chalons.catholique.fr\/formation\/wp-json\/wp\/v2\/tribe_events"}],"about":[{"href":"https:\/\/chalons.catholique.fr\/formation\/wp-json\/wp\/v2\/types\/tribe_events"}],"author":[{"embeddable":true,"href":"https:\/\/chalons.catholique.fr\/formation\/wp-json\/wp\/v2\/users\/158"}],"replies":[{"embeddable":true,"href":"https:\/\/chalons.catholique.fr\/formation\/wp-json\/wp\/v2\/comments?post=1168"}],"version-history":[{"count":0,"href":"https:\/\/chalons.catholique.fr\/formation\/wp-json\/wp\/v2\/tribe_events\/1168\/revisions"}],"wp:featuredmedia":[{"embeddable":true,"href":"https:\/\/chalons.catholique.fr\/formation\/wp-json\/wp\/v2\/media\/1297"}],"wp:attachment":[{"href":"https:\/\/chalons.catholique.fr\/formation\/wp-json\/wp\/v2\/media?parent=1168"}],"wp:term":[{"taxonomy":"post_tag","embeddable":true,"href":"https:\/\/chalons.catholique.fr\/formation\/wp-json\/wp\/v2\/tags?post=1168"},{"taxonomy":"tribe_events_cat","embeddable":true,"href":"https:\/\/chalons.catholique.fr\/formation\/wp-json\/wp\/v2\/tribe_events_cat?post=1168"}],"curies":[{"name":"wp","href":"https:\/\/api.w.org\/{rel}","templated":true}]}}