{"id":1164,"date":"2020-06-30T15:18:10","date_gmt":"2020-06-30T13:18:10","guid":{"rendered":"http:\/\/chalons.catholique.fr\/formation\/evenements\/formation-introduction-biblique-a-lannee-b-marc\/"},"modified":"2020-07-21T17:54:59","modified_gmt":"2020-07-21T15:54:59","slug":"formation-introduction-biblique-a-lannee-b-marc","status":"publish","type":"tribe_events","link":"https:\/\/chalons.catholique.fr\/formation\/evenements\/formation-introduction-biblique-a-lannee-b-marc\/","title":{"rendered":"Formation : Introduction biblique \u00e0 l\u2019ann\u00e9e B (Marc)"},"content":{"rendered":"<p class=\"p1\"><b>Formation technique \/ 2 horaires au choix \/ Sur inscription uniquement \/\u00a0<\/b><\/p>\n<p class=\"p2\">Outre les formations sp\u00e9cifiques organis\u00e9es par les Services (cat\u00e9chum\u00e9nat, obs\u00e8ques, Aum\u00f4ne-rie, etc.), trois formations ponctuelles sont propos\u00e9es :<\/p>\n<ul>\n<li>Samedi 19 septembre : <strong>Organiser et animer une r\u00e9union<\/strong><\/li>\n<li class=\"p1\">Samedi 17 octobre : <span class=\"s1\"><b>Ma\u00eetriser les m\u00e9dias <\/b><\/span><\/li>\n<li class=\"p1\"><span style=\"color: #ff0000;\">Aujourd&rsquo;hui jeudi 26 novembre : <span class=\"s1\"><b>Introduction biblique \u00e0 l\u2019ann\u00e9e B (Marc)<\/b><\/span><\/span><\/li>\n<\/ul>\n<p><span class=\"s1\"><b>Elles sont ouvertes \u00e0 tous, mais une inscription est n\u00e9cessaire. Certaines demandent un nombre limit\u00e9 de participants ou un niveau pr\u00e9alable.<br \/>\n<\/b><\/span><\/p>\n<h2 style=\"text-align: center;\"><span style=\"color: #ff0000;\">Attention :<\/span><\/h2>\n<p style=\"text-align: center;\"><span style=\"color: #ff0000;\"><strong>Il y a 2 horaires au choix pour cette formation :<\/strong><\/span><\/p>\n<p style=\"text-align: center;\"><span style=\"color: #ff0000;\">16h \u00e0 18h<\/span><\/p>\n<p style=\"text-align: center;\"><span style=\"color: #ff0000;\">20h \u00e0 22h<\/span><\/p>\n<p class=\"p3\">\n","protected":false},"excerpt":{"rendered":"<p>Formation technique \/ 2 horaires au choix \/ Sur inscription uniquement \/\u00a0 Outre les formations sp\u00e9cifiques organis\u00e9es par les Services (cat\u00e9chum\u00e9nat, obs\u00e8ques, Aum\u00f4ne-rie, etc.), trois formations ponctuelles sont propos\u00e9es : Samedi 19 septembre : Organiser et animer une r\u00e9union Samedi 17 octobre : Ma\u00eetriser les m\u00e9dias Aujourd&rsquo;hui jeudi 26 novembre [&hellip;]<\/p>\n","protected":false},"author":158,"featured_media":1299,"comment_status":"open","ping_status":"closed","template":"","meta":{"xn-wppe-expiration":[],"xn-wppe-expiration-action":[],"xn-wppe-expiration-prefix":[],"_tribe_events_status":"","_tribe_events_status_reason":""},"tags":[],"tribe_events_cat":[56,58],"_links":{"self":[{"href":"https:\/\/chalons.catholique.fr\/formation\/wp-json\/wp\/v2\/tribe_events\/1164"}],"collection":[{"href":"https:\/\/chalons.catholique.fr\/formation\/wp-json\/wp\/v2\/tribe_events"}],"about":[{"href":"https:\/\/chalons.catholique.fr\/formation\/wp-json\/wp\/v2\/types\/tribe_events"}],"author":[{"embeddable":true,"href":"https:\/\/chalons.catholique.fr\/formation\/wp-json\/wp\/v2\/users\/158"}],"replies":[{"embeddable":true,"href":"https:\/\/chalons.catholique.fr\/formation\/wp-json\/wp\/v2\/comments?post=1164"}],"version-history":[{"count":0,"href":"https:\/\/chalons.catholique.fr\/formation\/wp-json\/wp\/v2\/tribe_events\/1164\/revisions"}],"wp:featuredmedia":[{"embeddable":true,"href":"https:\/\/chalons.catholique.fr\/formation\/wp-json\/wp\/v2\/media\/1299"}],"wp:attachment":[{"href":"https:\/\/chalons.catholique.fr\/formation\/wp-json\/wp\/v2\/media?parent=1164"}],"wp:term":[{"taxonomy":"post_tag","embeddable":true,"href":"https:\/\/chalons.catholique.fr\/formation\/wp-json\/wp\/v2\/tags?post=1164"},{"taxonomy":"tribe_events_cat","embeddable":true,"href":"https:\/\/chalons.catholique.fr\/formation\/wp-json\/wp\/v2\/tribe_events_cat?post=1164"}],"curies":[{"name":"wp","href":"https:\/\/api.w.org\/{rel}","templated":true}]}}