{"id":1156,"date":"2020-06-30T15:12:34","date_gmt":"2020-06-30T13:12:34","guid":{"rendered":"http:\/\/chalons.catholique.fr\/formation\/?post_type=tribe_events&#038;p=1156"},"modified":"2020-07-21T18:31:31","modified_gmt":"2020-07-21T16:31:31","slug":"formation-animer-une-reunion","status":"publish","type":"tribe_events","link":"https:\/\/chalons.catholique.fr\/formation\/evenements\/formation-animer-une-reunion\/","title":{"rendered":"Formation : organiser et animer une r\u00e9union"},"content":{"rendered":"<p class=\"p1\"><b>Formation technique \/ <strong>3 horaires au choix \/ <a href=\"https:\/\/forms.office.com\/Pages\/ResponsePage.aspx?id=WQwv97qB3Ee7hwpL1lxBdTIMqzx5LP9MoGofgns_zjFUQ1ZMUTdFMlpWRUhRTVM4MDJPN0FVWkRQSC4u\">Inscription en ligne<\/a> \/<\/strong><\/b><\/p>\n<p>&nbsp;<\/p>\n<p class=\"p2\">Outre les formations sp\u00e9cifiques organis\u00e9es par les Services (cat\u00e9chum\u00e9nat, obs\u00e8ques, Aum\u00f4ne-rie, etc.), trois formations ponctuelles sont propos\u00e9es :<\/p>\n<ul>\n<li>Aujourd&rsquo;hui samedi 19 septembre : <strong>organiser et animer une r\u00e9union<\/strong><\/li>\n<li class=\"p1\">Samedi 17 octobre : <span class=\"s1\"><b>Ma\u00eetriser les m\u00e9dias <\/b><\/span><\/li>\n<li class=\"p1\">Jeudi 26 novembre : <span class=\"s1\"><b>Introduction biblique \u00e0 l\u2019ann\u00e9e B (Marc) <\/b><\/span><\/li>\n<\/ul>\n<p><span class=\"s1\"><b>Elles sont ouvertes \u00e0 tous, mais <b>une inscription est n\u00e9cessaire.<\/b> Certaines demandent un nombre limit\u00e9 de participants ou un niveau pr\u00e9alable.<\/b><\/span><\/p>\n<h2>Attention :<\/h2>\n<p><strong>Il y a 3 horaires au choix pour cette formation :<\/strong><\/p>\n<ul>\n<li>10h \u00e0 12h<\/li>\n<li>14h30 \u00e0 16h30<\/li>\n<li>20h \u00e0 22h<\/li>\n<\/ul>\n<p class=\"p3\">\n","protected":false},"excerpt":{"rendered":"<p>Formation technique \/ 3 horaires au choix \/ Inscription en ligne \/ &nbsp; Outre les formations sp\u00e9cifiques organis\u00e9es par les Services (cat\u00e9chum\u00e9nat, obs\u00e8ques, Aum\u00f4ne-rie, etc.), trois formations ponctuelles sont propos\u00e9es : Aujourd&rsquo;hui samedi 19 septembre : organiser et animer une r\u00e9union Samedi 17 octobre : Ma\u00eetriser les m\u00e9dias Jeudi 26 [&hellip;]<\/p>\n","protected":false},"author":158,"featured_media":1157,"comment_status":"open","ping_status":"closed","template":"","meta":{"xn-wppe-expiration":[],"xn-wppe-expiration-action":[],"xn-wppe-expiration-prefix":[],"_tribe_events_status":"","_tribe_events_status_reason":""},"tags":[],"tribe_events_cat":[56,58],"_links":{"self":[{"href":"https:\/\/chalons.catholique.fr\/formation\/wp-json\/wp\/v2\/tribe_events\/1156"}],"collection":[{"href":"https:\/\/chalons.catholique.fr\/formation\/wp-json\/wp\/v2\/tribe_events"}],"about":[{"href":"https:\/\/chalons.catholique.fr\/formation\/wp-json\/wp\/v2\/types\/tribe_events"}],"author":[{"embeddable":true,"href":"https:\/\/chalons.catholique.fr\/formation\/wp-json\/wp\/v2\/users\/158"}],"replies":[{"embeddable":true,"href":"https:\/\/chalons.catholique.fr\/formation\/wp-json\/wp\/v2\/comments?post=1156"}],"version-history":[{"count":0,"href":"https:\/\/chalons.catholique.fr\/formation\/wp-json\/wp\/v2\/tribe_events\/1156\/revisions"}],"wp:featuredmedia":[{"embeddable":true,"href":"https:\/\/chalons.catholique.fr\/formation\/wp-json\/wp\/v2\/media\/1157"}],"wp:attachment":[{"href":"https:\/\/chalons.catholique.fr\/formation\/wp-json\/wp\/v2\/media?parent=1156"}],"wp:term":[{"taxonomy":"post_tag","embeddable":true,"href":"https:\/\/chalons.catholique.fr\/formation\/wp-json\/wp\/v2\/tags?post=1156"},{"taxonomy":"tribe_events_cat","embeddable":true,"href":"https:\/\/chalons.catholique.fr\/formation\/wp-json\/wp\/v2\/tribe_events_cat?post=1156"}],"curies":[{"name":"wp","href":"https:\/\/api.w.org\/{rel}","templated":true}]}}