{"id":132,"date":"2016-09-14T10:49:14","date_gmt":"2016-09-14T08:49:14","guid":{"rendered":"http:\/\/chalons.catholique.fr\/formation\/?page_id=132"},"modified":"2017-10-03T16:25:02","modified_gmt":"2017-10-03T14:25:02","slug":"ressources-en-ligne-2","status":"publish","type":"page","link":"https:\/\/chalons.catholique.fr\/formation\/ressources-en-ligne-2\/","title":{"rendered":"Ressources"},"content":{"rendered":"<div class=\"fusion-fullwidth fullwidth-box fusion-builder-row-1 nonhundred-percent-fullwidth non-hundred-percent-height-scrolling\" style=\"--awb-border-radius-top-left:0px;--awb-border-radius-top-right:0px;--awb-border-radius-bottom-right:0px;--awb-border-radius-bottom-left:0px;--awb-padding-right:10%;--awb-padding-bottom:10%;--awb-padding-left:10%;--awb-border-sizes-top:0px;--awb-border-sizes-bottom:0px;--awb-flex-wrap:wrap;\" ><div class=\"fusion-builder-row fusion-row\"><div class=\"fusion-layout-column fusion_builder_column fusion-builder-column-0 fusion_builder_column_1_1 1_1 fusion-one-full fusion-column-first fusion-column-last fusion-column-no-min-height\" style=\"--awb-bg-size:cover;--awb-margin-top:0px;--awb-margin-bottom:0px;\"><div class=\"fusion-column-wrapper fusion-flex-column-wrapper-legacy\"><div class=\"fusion-tabs fusion-tabs-1 classic nav-not-justified horizontal-tabs icon-position-left mobile-mode-accordion\" style=\"--awb-title-border-radius-top-left:0px;--awb-title-border-radius-top-right:0px;--awb-title-border-radius-bottom-right:0px;--awb-title-border-radius-bottom-left:0px;--awb-inactive-color:#f1f2f2;--awb-background-color:#ffffff;--awb-border-color:#ebeaea;--awb-active-border-color:#b75653;\"><div class=\"nav\"><ul class=\"nav-tabs\" role=\"tablist\"><li class=\"active\" role=\"presentation\"><a class=\"tab-link\" data-toggle=\"tab\" role=\"tab\" aria-controls=\"tab-3d2aa13d5f8cb058911\" aria-selected=\"true\" id=\"fusion-tab-foietvie\" href=\"#tab-3d2aa13d5f8cb058911\"><h4 class=\"fusion-tab-heading\">FOI ET VIE<\/h4><\/a><\/li><li role=\"presentation\"><a class=\"tab-link\" data-toggle=\"tab\" role=\"tab\" aria-controls=\"tab-3422b04489bc4936e71\" aria-selected=\"false\" tabindex=\"-1\" id=\"fusion-tab-catechese\" href=\"#tab-3422b04489bc4936e71\"><h4 class=\"fusion-tab-heading\">CATECHESE<\/h4><\/a><\/li><li role=\"presentation\"><a class=\"tab-link\" data-toggle=\"tab\" role=\"tab\" aria-controls=\"tab-c70f6f020688dfc27a1\" aria-selected=\"false\" tabindex=\"-1\" id=\"fusion-tab-bible\" href=\"#tab-c70f6f020688dfc27a1\"><h4 class=\"fusion-tab-heading\">BIBLE<\/h4><\/a><\/li><li role=\"presentation\"><a class=\"tab-link\" data-toggle=\"tab\" role=\"tab\" aria-controls=\"tab-06aa007aa683f12211b\" aria-selected=\"false\" tabindex=\"-1\" id=\"fusion-tab-documents\" href=\"#tab-06aa007aa683f12211b\"><h4 class=\"fusion-tab-heading\">DOCUMENTS<\/h4><\/a><\/li><li role=\"presentation\"><a class=\"tab-link\" data-toggle=\"tab\" role=\"tab\" aria-controls=\"tab-c4d19dbb260ef025f36\" aria-selected=\"false\" tabindex=\"-1\" id=\"fusion-tab-doctrinesocialedel&#039;\u00c9glise\" href=\"#tab-c4d19dbb260ef025f36\"><h4 class=\"fusion-tab-heading\">DOCTRINE SOCIALE DE L'\u00c9GLISE<\/h4><\/a><\/li><li role=\"presentation\"><a class=\"tab-link\" data-toggle=\"tab\" role=\"tab\" aria-controls=\"tab-5561c5826df79e03d75\" aria-selected=\"false\" tabindex=\"-1\" id=\"fusion-tab-th\u00c9ologiepratique\" href=\"#tab-5561c5826df79e03d75\"><h4 class=\"fusion-tab-heading\">TH\u00c9OLOGIE PRATIQUE<\/h4><\/a><\/li><\/ul><\/div><div class=\"tab-content\"><div class=\"nav fusion-mobile-tab-nav\"><ul class=\"nav-tabs\" role=\"tablist\"><li class=\"active\" role=\"presentation\"><a class=\"tab-link\" data-toggle=\"tab\" role=\"tab\" aria-controls=\"tab-3d2aa13d5f8cb058911\" aria-selected=\"true\" id=\"mobile-fusion-tab-foietvie\" href=\"#tab-3d2aa13d5f8cb058911\"><h4 class=\"fusion-tab-heading\">FOI ET VIE<\/h4><\/a><\/li><\/ul><\/div><div class=\"tab-pane fade fusion-clearfix in active\" role=\"tabpanel\" tabindex=\"0\" aria-labelledby=\"fusion-tab-foietvie\" id=\"tab-3d2aa13d5f8cb058911\"><img decoding=\"async\" class=\"size-medium wp-image-406 alignright\" src=\"https:\/\/chalons.catholique.fr\/formation\/wp-content\/uploads\/sites\/24\/2016\/10\/autour-de-la-bible-300x200.jpg\" alt=\"autour-de-la-bible\" width=\"300\" height=\"200\" srcset=\"https:\/\/chalons.catholique.fr\/formation\/wp-content\/uploads\/sites\/24\/2016\/10\/autour-de-la-bible-200x133.jpg 200w, https:\/\/chalons.catholique.fr\/formation\/wp-content\/uploads\/sites\/24\/2016\/10\/autour-de-la-bible-300x200.jpg 300w, https:\/\/chalons.catholique.fr\/formation\/wp-content\/uploads\/sites\/24\/2016\/10\/autour-de-la-bible-400x267.jpg 400w, https:\/\/chalons.catholique.fr\/formation\/wp-content\/uploads\/sites\/24\/2016\/10\/autour-de-la-bible-600x400.jpg 600w, https:\/\/chalons.catholique.fr\/formation\/wp-content\/uploads\/sites\/24\/2016\/10\/autour-de-la-bible-768x512.jpg 768w, https:\/\/chalons.catholique.fr\/formation\/wp-content\/uploads\/sites\/24\/2016\/10\/autour-de-la-bible.jpg 800w\" sizes=\"(max-width: 300px) 100vw, 300px\" \/><\/p>\n<ul>\n<li>\u00ab\u00a0Questions de vie. Questions de foi\u00a0\u00bb<br \/>\n<a href=\"http:\/\/croire.la-croix.com\">http:\/\/croire.la-croix.com<\/a><\/li>\n<\/ul>\n<p>Etapes de la vie \u2013 F\u00eates religieuses \u2013 Mots de la foi \u2013 Ecole de pri\u00e8re \u2013 Vie chr\u00e9tienne &#8211; Bible<\/p>\n<ul>\n<li><strong>\u00ab\u00a0Un \u00e9clairage sur la vie. Pour tout savoir sur ce que vivent les chr\u00e9tiens au quotidien\u00a0: la culture, les f\u00eates, la Bible, des t\u00e9moignages et initiatives. Site ouvert sur l\u2019\u0153cum\u00e9nisme <\/strong><br \/>\n<a href=\"http:\/\/www.chretiensaujourdhui.com\/\">www.chretiensaujourdhui.com<\/a><\/li>\n<\/ul>\n<p>D\u00e9couvrir la Bible \u2013 D\u00e9couvrir les chr\u00e9tiens \u2013 T\u00e9moignages et initiatives \u2013 Vivre au quotidien<\/p>\n<ul>\n<li><strong>Rencontrer J\u00e9sus. Site de la Conf\u00e9rence des Ev\u00eaques de France (CEF).<br \/>\nLiens avec les autres sites de la CEF<\/strong><strong><br \/>\n<\/strong><a href=\"http:\/\/www.jesus.catholique.fr\/\">www.jesus.catholique.fr<\/a><\/li>\n<\/ul>\n<p>Questions \u2013 \u0152uvres d\u2019art \u2013 Pri\u00e8re \u2013 T\u00e9moignages<\/p>\n<ul>\n<li>L\u2019Evangile au quotidien. Site catholique en diff\u00e9rentes langues. <a href=\"http:\/\/www.levangileauquotidien.org\">www.levangileauquotidien.org<\/a><\/li>\n<\/ul>\n<p>Les lectures du jour \u2013 Le commentaire du jour \u2013 Les Saint(e)s du jour<\/div><div class=\"nav fusion-mobile-tab-nav\"><ul class=\"nav-tabs\" role=\"tablist\"><li role=\"presentation\"><a class=\"tab-link\" data-toggle=\"tab\" role=\"tab\" aria-controls=\"tab-3422b04489bc4936e71\" aria-selected=\"false\" tabindex=\"-1\" id=\"mobile-fusion-tab-catechese\" href=\"#tab-3422b04489bc4936e71\"><h4 class=\"fusion-tab-heading\">CATECHESE<\/h4><\/a><\/li><\/ul><\/div><div class=\"tab-pane fade fusion-clearfix\" role=\"tabpanel\" tabindex=\"0\" aria-labelledby=\"fusion-tab-catechese\" id=\"tab-3422b04489bc4936e71\">\n<ul>\n<li>Cat\u00e9ch\u00e8ses en 3 minutes<br \/>\n<a href=\"http:\/\/www.ktotv.com\/emissions\/eclairages\/formation\/le-cate-en-3-minutes\"><cite class=\"_Rm\">w<em>ww.ktotv.com\/emissions\/eclairages\/formation\/le-cate-en-3-minutes<\/em><br \/>\n<\/cite><\/a>Vid\u00e9os sur des grands th\u00e8mes de la foi chr\u00e9tienne<\/li>\n<\/ul>\n<\/div><div class=\"nav fusion-mobile-tab-nav\"><ul class=\"nav-tabs\" role=\"tablist\"><li role=\"presentation\"><a class=\"tab-link\" data-toggle=\"tab\" role=\"tab\" aria-controls=\"tab-c70f6f020688dfc27a1\" aria-selected=\"false\" tabindex=\"-1\" id=\"mobile-fusion-tab-bible\" href=\"#tab-c70f6f020688dfc27a1\"><h4 class=\"fusion-tab-heading\">BIBLE<\/h4><\/a><\/li><\/ul><\/div><div class=\"tab-pane fade fusion-clearfix\" role=\"tabpanel\" tabindex=\"0\" aria-labelledby=\"fusion-tab-bible\" id=\"tab-c70f6f020688dfc27a1\">\n<ul>\n<li>AELF Association Episcopale Liturgique pour les pays Francophones<br \/>\n<a href=\"http:\/\/www.aelf.org\/bible\">www.aelf.org\/bible<\/a><br \/>\nLa Bible &#8211; Traduction officielle liturgique, \u00e0 disposition dans son int\u00e9gralit\u00e9<\/li>\n<\/ul>\n<ul>\n<li>Du Service biblique catholique Evangile et Vie<br \/>\n<a href=\"http:\/\/www.bible-service.net\">www.bible-service.net<br \/>\n<\/a>Premiers pas dans la Bible \u2013 Commentaires de textes \u2013 Cahiers Evangile \u2013 Le B.I.B. Bulletin d\u2019Information Biblique \u2013 Bible et pri\u00e8re \u2013 Actualit\u00e9s bibliques \u2013 Poser une question<\/li>\n<\/ul>\n<ul>\n<li>Portail biblique canadien francophone. \u00a0Liste de ressources bibliques de qualit\u00e9 sur Internet. De nombreux liens.<br \/>\n<a href=\"http:\/\/www.interbible.org\">www.interbible.org<br \/>\n<\/a>Actualit\u00e9 \u2013 Ressources \u2013 Au son de la cithare \u2013 D\u00e9couvertes \u2013 Une source d\u2019eau vive<\/li>\n<\/ul>\n<ul>\n<li>Outils p\u00e9dagogiques. A noter\u00a0: un \u00ab\u00a0Portail biblique\u00a0\u00bb \u00e9labor\u00e9 en lien avec l\u2019ACFEB (Association Catholique Fran\u00e7aise pour l\u2019Etude de la Bible)<br \/>\n<a href=\"http:\/\/introbible.free.fr\">http:\/\/introbible.free.fr<br \/>\n<\/a>Introductions \u2013 Fiches techniques \u2013 Fiches historiques \u2013 Fiches th\u00e9matiques<\/li>\n<\/ul>\n<ul>\n<li>D\u00e9couverte de la Bible. P\u00e9dagogie particuli\u00e8rement adapt\u00e9e aux jeunes (mais pas seulement)<br \/>\n<a href=\"http:\/\/www.zebible.com\/\">www.zebible.com<br \/>\n<\/a>Webs\u00e9rie \u2013 Vid\u00e9os \u2013 D\u00e9couvrir la Bible au quotidien \u2013 Outils d\u2019animation<\/li>\n<\/ul>\n<ul>\n<li>Espace consacr\u00e9 \u00e0 la lecture de la Bible en groupe. Anim\u00e9 par des biblistes de la F\u00e9d\u00e9ration Protestante de France.<br \/>\n<a href=\"http:\/\/www.animationbiblique.org\">www.animationbiblique.org<br \/>\n<\/a>Animation \u2013 M\u00e9thodes \u2013 Points th\u00e9oriques<\/li>\n<\/ul>\n<\/div><div class=\"nav fusion-mobile-tab-nav\"><ul class=\"nav-tabs\" role=\"tablist\"><li role=\"presentation\"><a class=\"tab-link\" data-toggle=\"tab\" role=\"tab\" aria-controls=\"tab-06aa007aa683f12211b\" aria-selected=\"false\" tabindex=\"-1\" id=\"mobile-fusion-tab-documents\" href=\"#tab-06aa007aa683f12211b\"><h4 class=\"fusion-tab-heading\">DOCUMENTS<\/h4><\/a><\/li><\/ul><\/div><div class=\"tab-pane fade fusion-clearfix\" role=\"tabpanel\" tabindex=\"0\" aria-labelledby=\"fusion-tab-documents\" id=\"tab-06aa007aa683f12211b\">\n<ul>\n<li>Pour lire la Parole de Dieu avec l\u2019Eglise. Textes de la tradition chr\u00e9tienne sur les r\u00e9f\u00e9rences bibliques.<br \/>\n<a href=\"http:\/\/www.clerus.org\/bibliaclerus\/index\">www.clerus.org\/bibliaclerus\/index<\/a><\/li>\n<\/ul>\n<p>Docteurs de l&rsquo;Eglise \u2013 Conciles \u2013 Encycliques &#8211; Enseignement des Papes \u2013 Cat\u00e9chismes &#8211; Parall\u00e8les tir\u00e9s de la litt\u00e9rature profane<\/p>\n<ul>\n<li>Toutes sortes de documents +\u00a0 propositions ludiques.<br \/>\n<a href=\"http:\/\/www.portstnicolas.net\">www.portstnicolas.net<\/a><\/li>\n<\/ul>\n<p>Bible et ex\u00e9g\u00e8se \u2013 Atelier liturgique \u2013 Chr\u00e9tiens dans la cit\u00e9 \u2013 Th\u00e9ologie et histoire de l\u2019Eglise \u2013 \u0152cum\u00e9nisme et dialogue interreligieux \u2013 Questions de soci\u00e9t\u00e9 \u2013 D\u00e9tente &#8211; Documents de l\u2019Eglise &#8211; Lexiques<\/p>\n<ul>\n<li>Acc\u00e8s gratuit \u00e0 des livres de l\u2019Eglise catholique<br \/>\n<a href=\"http:\/\/jesusmarie.free.fr\">http:\/\/jesusmarie.free.fr<\/a><\/li>\n<\/ul>\n<p>Livres de saints \u2013 Docteurs de l\u2019Eglise \u2013 P\u00e8res apostoliques \u2013 P\u00e8res de l\u2019Eglise \u2013 Mystiques \u2013 Bible \u2013 Dictionnaire de th\u00e9ologie catholique<\/div><div class=\"nav fusion-mobile-tab-nav\"><ul class=\"nav-tabs\" role=\"tablist\"><li role=\"presentation\"><a class=\"tab-link\" data-toggle=\"tab\" role=\"tab\" aria-controls=\"tab-c4d19dbb260ef025f36\" aria-selected=\"false\" tabindex=\"-1\" id=\"mobile-fusion-tab-doctrinesocialedel&#039;\u00c9glise\" href=\"#tab-c4d19dbb260ef025f36\"><h4 class=\"fusion-tab-heading\">DOCTRINE SOCIALE DE L'\u00c9GLISE<\/h4><\/a><\/li><\/ul><\/div><div class=\"tab-pane fade fusion-clearfix\" role=\"tabpanel\" tabindex=\"0\" aria-labelledby=\"fusion-tab-doctrinesocialedel&#039;\u00c9glise\" id=\"tab-c4d19dbb260ef025f36\">\n<ul>\n<li>Contribuer \u00e0 la promotion et l\u2019\u00e9tude de la doctrine sociale, motiver des acteurs sociaux, politiques, \u00e9conomiques, &#8230;<\/li>\n<\/ul>\n<p><a href=\"http:\/\/doctrinesocialeeglise.org\/spip.php?article105\">http:\/\/doctrinesocialeeglise.org\/spip.php?article105<\/a><\/p>\n<p>Actualit\u00e9s \u2013 Documents &#8211; Acteurs<\/p>\n<ul>\n<li>Portraits d\u2019une Eglise qui (se) bouge. Un webdocumentaire sur la Doctrine sociale de l\u2019Eglise<\/li>\n<\/ul>\n<p><a href=\"http:\/\/www.jeunes-et-engages.fr\">www.jeunes-et-engages.fr<\/a><\/p>\n<p>Dignit\u00e9 de la personne humaine \u2013 Destination universelle des biens \u2013 Option pr\u00e9f\u00e9rentielle pour les pauvres \u2013 Bien commun \u2013 Subsidiarit\u00e9 \u2013 Solidarit\u00e9 \u2013 Justice sociale<\/div><div class=\"nav fusion-mobile-tab-nav\"><ul class=\"nav-tabs\" role=\"tablist\"><li role=\"presentation\"><a class=\"tab-link\" data-toggle=\"tab\" role=\"tab\" aria-controls=\"tab-5561c5826df79e03d75\" aria-selected=\"false\" tabindex=\"-1\" id=\"mobile-fusion-tab-th\u00c9ologiepratique\" href=\"#tab-5561c5826df79e03d75\"><h4 class=\"fusion-tab-heading\">TH\u00c9OLOGIE PRATIQUE<\/h4><\/a><\/li><\/ul><\/div><div class=\"tab-pane fade fusion-clearfix\" role=\"tabpanel\" tabindex=\"0\" aria-labelledby=\"fusion-tab-th\u00c9ologiepratique\" id=\"tab-5561c5826df79e03d75\">\n<ul>\n<li><strong>Cahiers Internationaux de Th\u00e9ologie Pratique (CITP). P<\/strong>ublication <em>en ligne<\/em> des recherches men\u00e9es \u00e0 l\u2019Universit\u00e9 Catholique de Louvain, \u00e0 l\u2019Universit\u00e9 Laval et \u00e0 l\u2019Institut Catholique de Paris dans le domaine de la th\u00e9ologie pratique. <a href=\"http:\/\/www.pastoralis.org\/\">www.pastoralis.org<\/a><\/li>\n<\/ul>\n<p>Chroniques \u2013 S\u00e9rie documents \u2013 S\u00e9rie recherche \u2013 S\u00e9rie actes \u2013 Lettres d\u2019information<\/div><\/div><\/div><div class=\"fusion-clearfix\"><\/div><\/div><\/div><\/div><\/div><div class=\"fusion-fullwidth fullwidth-box fusion-builder-row-2 nonhundred-percent-fullwidth non-hundred-percent-height-scrolling\" style=\"--awb-background-position:left top;--awb-border-radius-top-left:0px;--awb-border-radius-top-right:0px;--awb-border-radius-bottom-right:0px;--awb-border-radius-bottom-left:0px;--awb-padding-top:20px;--awb-padding-bottom:20px;--awb-border-sizes-top:0px;--awb-border-sizes-bottom:0px;--awb-flex-wrap:wrap;\" ><div class=\"fusion-builder-row fusion-row\"><div class=\"fusion-layout-column fusion_builder_column fusion-builder-column-1 fusion_builder_column_1_1 1_1 fusion-one-full fusion-column-first fusion-column-last fusion-column-no-min-height\" style=\"--awb-bg-size:cover;--awb-margin-top:0px;--awb-margin-bottom:0px;\"><div class=\"fusion-column-wrapper fusion-flex-column-wrapper-legacy\"><div class=\"fusion-title title fusion-title-1 fusion-title-text fusion-title-size-three\" style=\"--awb-margin-bottom:50px;\"><h3 class=\"fusion-title-heading title-heading-left fusion-responsive-typography-calculated\" style=\"margin:0;--fontSize:20;--minFontSize:20;line-height:1.45;\">A l&rsquo;Institut Catholique de Paris<\/h3><span class=\"awb-title-spacer\"><\/span><div class=\"title-sep-container\"><div class=\"title-sep sep-single sep-solid\" style=\"border-color:#e91e63;\"><\/div><\/div><\/div><div class=\"fusion-clearfix\"><\/div><\/div><\/div><div class=\"fusion-layout-column fusion_builder_column fusion-builder-column-2 fusion_builder_column_1_1 1_1 fusion-one-full fusion-column-first fusion-column-last fusion-column-no-min-height\" style=\"--awb-bg-size:cover;--awb-margin-top:0px;--awb-margin-bottom:0px;\"><div class=\"fusion-column-wrapper fusion-flex-column-wrapper-legacy\"><div class=\"fusion-content-boxes content-boxes columns row fusion-columns-4 fusion-columns-total-4 fusion-content-boxes-1 content-boxes-icon-on-top content-left\" style=\"--awb-backgroundcolor:#3b9ac6;--awb-body-color:#ffffff;--awb-title-color:#ffffff;--awb-hover-accent-color:#000000;--awb-circle-hover-accent-color:#000000;\" data-animationOffset=\"top-into-view\"><div style=\"--awb-backgroundcolor:#3b9ac6;\" class=\"fusion-column content-box-column content-box-column content-box-column-1 col-lg-3 col-md-3 col-sm-3 fusion-content-box-hover content-box-column-first-in-row\"><div class=\"col content-box-wrapper content-wrapper-background link-area-box link-type-text icon-hover-animation-pulsate fusion-animated\" data-link=\"http:\/\/www.icp.fr\/a-propos-de-l-icp\/decouvrez-l-icp\/facultes-et-instituts\/ispc-institut-superieur-de-pastorale-catechetique-1581.kjsp\" data-link-target=\"_blank\" data-animationType=\"fadeInLeft\" data-animationDuration=\"1\" data-animationOffset=\"top-into-view\"><div class=\"heading heading-with-icon icon-left\"><a class=\"heading-link\" href=\"http:\/\/www.icp.fr\/a-propos-de-l-icp\/decouvrez-l-icp\/facultes-et-instituts\/ispc-institut-superieur-de-pastorale-catechetique-1581.kjsp\" target=\"_blank\" rel=\"noopener noreferrer\"><div aria-hidden=\"true\" class=\"image\"><img src=\"https:\/\/chalons.catholique.fr\/formation\/wp-content\/uploads\/sites\/24\/2016\/09\/mortarboard-300x300.png\" width=\"70\" height=\"70\" alt=\"\" \/><\/div><h2 class=\"content-box-heading fusion-responsive-typography-calculated\" style=\"--h2_typography-font-size:18px;--fontSize:18;line-height:1.29;\">L'Institut Sup\u00e9rieur de Pastorale Cat\u00e9ch\u00e9tique<\/h2><\/a><\/div><div class=\"fusion-clearfix\"><\/div><div class=\"content-container\">forme les acteurs de l\u2019annonce de l\u2019\u00c9vangile\u00a0des dioc\u00e8ses, engag\u00e9s dans les divers aspects de la responsabilit\u00e9 cat\u00e9ch\u00e9tique de l\u2019\u00c9glise.<\/div><\/div><\/div><div style=\"--awb-backgroundcolor:#3b9ac6;\" class=\"fusion-column content-box-column content-box-column content-box-column-2 col-lg-3 col-md-3 col-sm-3 fusion-content-box-hover \"><div class=\"col content-box-wrapper content-wrapper-background link-area-box link-type-text icon-hover-animation-pulsate fusion-animated\" data-link=\"http:\/\/www.icp.fr\/a-propos-de-l-icp\/decouvrez-l-icp\/facultes-et-instituts\/ista-institut-superieur-de-theologie-des-arts-1583.kjsp\" data-link-target=\"_blank\" data-animationType=\"fadeInLeft\" data-animationDuration=\"1\" data-animationOffset=\"top-into-view\"><div class=\"heading heading-with-icon icon-left\"><a class=\"heading-link\" href=\"http:\/\/www.icp.fr\/a-propos-de-l-icp\/decouvrez-l-icp\/facultes-et-instituts\/ista-institut-superieur-de-theologie-des-arts-1583.kjsp\" target=\"_blank\" rel=\"noopener noreferrer\"><div aria-hidden=\"true\" class=\"image\"><img src=\"https:\/\/chalons.catholique.fr\/formation\/wp-content\/uploads\/sites\/24\/2016\/09\/church-300x300.png\" width=\"70\" height=\"70\" alt=\"\" \/><\/div><h2 class=\"content-box-heading fusion-responsive-typography-calculated\" style=\"--h2_typography-font-size:18px;--fontSize:18;line-height:1.29;\">L'Institut Sup\u00e9rieur de Th\u00e9ologie des Arts<\/h2><\/a><\/div><div class=\"fusion-clearfix\"><\/div><div class=\"content-container\">est un lieu de formation universitaire, de recherche et d&rsquo;expertise au service du dialogue entre la th\u00e9ologie catholique et les arts.<\/div><\/div><\/div><div style=\"--awb-backgroundcolor:#3b9ac6;\" class=\"fusion-column content-box-column content-box-column content-box-column-3 col-lg-3 col-md-3 col-sm-3 fusion-content-box-hover \"><div class=\"col content-box-wrapper content-wrapper-background link-area-box link-type-text icon-hover-animation-pulsate\" data-link=\"http:\/\/www.icp.fr\/a-propos-de-l-icp\/decouvrez-l-icp\/facultes-et-instituts\/institut-superieur-d-etudes-cumeniques-iseo--28710.kjsp?RH=11429522327430-145\" data-link-target=\"_blank\" data-animationOffset=\"top-into-view\"><div class=\"heading heading-with-icon icon-left\"><a class=\"heading-link\" href=\"http:\/\/www.icp.fr\/a-propos-de-l-icp\/decouvrez-l-icp\/facultes-et-instituts\/institut-superieur-d-etudes-cumeniques-iseo--28710.kjsp?RH=11429522327430-145\" target=\"_blank\" rel=\"noopener noreferrer\"><div aria-hidden=\"true\" class=\"image\"><img src=\"https:\/\/chalons.catholique.fr\/formation\/wp-content\/uploads\/sites\/24\/2016\/09\/teamwork-300x300.png\" width=\"70\" height=\"70\" alt=\"\" \/><\/div><h2 class=\"content-box-heading fusion-responsive-typography-calculated\" style=\"--h2_typography-font-size:18px;--fontSize:18;line-height:1.29;\">L'Institut Sup\u00e9rieur d'Etudes Oecum\u00e9niques<\/h2><\/a><\/div><div class=\"fusion-clearfix\"><\/div><div class=\"content-container\">forme des experts au service\u00a0des \u00c9glises et offre une formation initiale, avec histoire et th\u00e9ologie des diverses confessions chr\u00e9tiennes.<\/div><\/div><\/div><div style=\"--awb-backgroundcolor:#3b9ac6;\" class=\"fusion-column content-box-column content-box-column content-box-column-4 col-lg-3 col-md-3 col-sm-3 fusion-content-box-hover content-box-column-last content-box-column-last-in-row\"><div class=\"col content-box-wrapper content-wrapper-background link-area-box link-type-text icon-hover-animation-pulsate\" data-link=\"http:\/\/www.icp.fr\/a-propos-de-l-icp\/decouvrez-l-icp\/facultes-et-instituts\/institut-d-etudes-religieuses-ier--1601.kjsp?RH=VF\" data-link-target=\"_blank\" data-animationOffset=\"top-into-view\"><div class=\"heading heading-with-icon icon-left\"><a class=\"heading-link\" href=\"http:\/\/www.icp.fr\/a-propos-de-l-icp\/decouvrez-l-icp\/facultes-et-instituts\/institut-d-etudes-religieuses-ier--1601.kjsp?RH=VF\" target=\"_blank\" rel=\"noopener noreferrer\"><div aria-hidden=\"true\" class=\"image\"><img src=\"https:\/\/chalons.catholique.fr\/formation\/wp-content\/uploads\/sites\/24\/2016\/09\/church-300x300.png\" width=\"70\" height=\"70\" alt=\"\" \/><\/div><h2 class=\"content-box-heading fusion-responsive-typography-calculated\" style=\"--h2_typography-font-size:18px;--fontSize:18;line-height:1.29;\">L'Institut d'Etudes Religieuses<\/h2><\/a><\/div><div class=\"fusion-clearfix\"><\/div><div class=\"content-container\">une formation initiale en Sciences Religieuses pour go\u00fbter la joie de croire, vivre une exp\u00e9rience d&rsquo;\u00c9glise ou se former pour un service.<\/div><\/div><\/div><div class=\"fusion-clearfix\"><\/div><\/div><div class=\"fusion-clearfix\"><\/div><\/div><\/div><div class=\"fusion-layout-column fusion_builder_column fusion-builder-column-3 fusion_builder_column_1_2 1_2 fusion-one-half fusion-column-first\" style=\"--awb-bg-size:cover;--awb-margin-top:10px;width:48%; margin-right: 4%;\"><div class=\"fusion-column-wrapper fusion-flex-column-wrapper-legacy\"><div class=\"fusion-title title fusion-title-2 fusion-title-text fusion-title-size-three\" style=\"--awb-margin-bottom:50px;\"><h3 class=\"fusion-title-heading title-heading-left fusion-responsive-typography-calculated\" style=\"margin:0;--fontSize:20;--minFontSize:20;line-height:1.45;\">Aux facult\u00e9s j\u00e9suites de Paris<\/h3><span class=\"awb-title-spacer\"><\/span><div class=\"title-sep-container\"><div class=\"title-sep sep-single sep-solid\" style=\"border-color:#e91e63;\"><\/div><\/div><\/div><div class=\"fusion-content-boxes content-boxes columns row fusion-columns-1 fusion-columns-total-1 fusion-content-boxes-2 content-boxes-icon-on-top content-left\" style=\"--awb-backgroundcolor:#3b9ac6;--awb-body-color:#ffffff;--awb-title-color:#ffffff;--awb-hover-accent-color:#000000;--awb-circle-hover-accent-color:#000000;--awb-item-margin-bottom:40px;\" data-animationOffset=\"top-into-view\"><div style=\"--awb-backgroundcolor:#3b9ac6;\" class=\"fusion-column content-box-column content-box-column content-box-column-1 col-lg-12 col-md-12 col-sm-12 fusion-content-box-hover content-box-column-last content-box-column-last-in-row\"><div class=\"col content-box-wrapper content-wrapper-background link-area-box link-type-text icon-hover-animation-pulsate fusion-animated\" data-link=\"http:\/\/www.centresevres.com\/\" data-link-target=\"_blank\" data-animationType=\"fadeInLeft\" data-animationDuration=\"1\" data-animationOffset=\"top-into-view\"><div class=\"heading heading-with-icon icon-left\"><a class=\"heading-link\" href=\"http:\/\/www.centresevres.com\/\" target=\"_blank\" rel=\"noopener noreferrer\"><div aria-hidden=\"true\" class=\"image\"><img src=\"https:\/\/chalons.catholique.fr\/formation\/wp-content\/uploads\/sites\/24\/2016\/09\/mortarboard-300x300.png\" width=\"70\" height=\"70\" alt=\"\" \/><\/div><h2 class=\"content-box-heading fusion-responsive-typography-calculated\" style=\"--h2_typography-font-size:18px;--fontSize:18;line-height:1.29;\">Le Centre S\u00e8vres<\/h2><\/a><\/div><div class=\"fusion-clearfix\"><\/div><div class=\"content-container\">est ouvert \u00e0 toute personne d\u00e9sireuse de pr\u00e9parer un dipl\u00f4me en philosophie ou en th\u00e9ologie (plein temps ou temps partiel).<\/div><\/div><\/div><div class=\"fusion-clearfix\"><\/div><\/div><div class=\"fusion-clearfix\"><\/div><\/div><\/div><div class=\"fusion-layout-column fusion_builder_column fusion-builder-column-4 fusion_builder_column_1_2 1_2 fusion-one-half fusion-column-last\" style=\"--awb-bg-size:cover;--awb-margin-top:10px;width:48%;\"><div class=\"fusion-column-wrapper fusion-flex-column-wrapper-legacy\"><div class=\"fusion-title title fusion-title-3 fusion-title-text fusion-title-size-three\" style=\"--awb-margin-bottom:50px;\"><h3 class=\"fusion-title-heading title-heading-left fusion-responsive-typography-calculated\" style=\"margin:0;--fontSize:20;--minFontSize:20;line-height:1.45;\">A\u00a0Lyon<\/h3><span class=\"awb-title-spacer\"><\/span><div class=\"title-sep-container\"><div class=\"title-sep sep-single sep-solid\" style=\"border-color:#e91e63;\"><\/div><\/div><\/div><div class=\"fusion-content-boxes content-boxes columns row fusion-columns-1 fusion-columns-total-1 fusion-content-boxes-3 content-boxes-icon-on-top content-left\" style=\"--awb-backgroundcolor:#3b9ac6;--awb-body-color:#ffffff;--awb-title-color:#ffffff;--awb-hover-accent-color:#000000;--awb-circle-hover-accent-color:#000000;--awb-item-margin-bottom:40px;\" data-animationOffset=\"top-into-view\"><div style=\"--awb-backgroundcolor:#3b9ac6;\" class=\"fusion-column content-box-column content-box-column content-box-column-1 col-lg-12 col-md-12 col-sm-12 fusion-content-box-hover content-box-column-last content-box-column-last-in-row\"><div class=\"col content-box-wrapper content-wrapper-background link-area-box link-type-text icon-hover-animation-pulsate fusion-animated\" data-link=\"http:\/\/www.ucly.fr\/facultes-ecoles-instituts\/isf-institut-des-sciences-de-la-famille-136750.kjsp\" data-link-target=\"_blank\" data-animationType=\"fadeInLeft\" data-animationDuration=\"1\" data-animationOffset=\"top-into-view\"><div class=\"heading heading-with-icon icon-left\"><a class=\"heading-link\" href=\"http:\/\/www.ucly.fr\/facultes-ecoles-instituts\/isf-institut-des-sciences-de-la-famille-136750.kjsp\" target=\"_blank\" rel=\"noopener noreferrer\"><div aria-hidden=\"true\" class=\"image\"><img src=\"https:\/\/chalons.catholique.fr\/formation\/wp-content\/uploads\/sites\/24\/2016\/09\/mortarboard-300x300.png\" width=\"70\" height=\"70\" alt=\"\" \/><\/div><h2 class=\"content-box-heading fusion-responsive-typography-calculated\" style=\"--h2_typography-font-size:18px;--fontSize:18;line-height:1.29;\">L'institut des Sciences de la Famille<\/h2><\/a><\/div><div class=\"fusion-clearfix\"><\/div><div class=\"content-container\">est le seul institut fran\u00e7ais universitaire et pluridisciplinaire sur la famille. Il est un lieu de recherche, de publication et de formation.<\/div><\/div><\/div><div class=\"fusion-clearfix\"><\/div><\/div><div class=\"fusion-clearfix\"><\/div><\/div><\/div><\/div><\/div>\n","protected":false},"excerpt":{"rendered":"","protected":false},"author":3,"featured_media":0,"parent":0,"menu_order":0,"comment_status":"closed","ping_status":"closed","template":"","meta":{"xn-wppe-expiration":[],"xn-wppe-expiration-action":[],"xn-wppe-expiration-prefix":[],"footnotes":""},"categories":[],"tags":[],"_links":{"self":[{"href":"https:\/\/chalons.catholique.fr\/formation\/wp-json\/wp\/v2\/pages\/132"}],"collection":[{"href":"https:\/\/chalons.catholique.fr\/formation\/wp-json\/wp\/v2\/pages"}],"about":[{"href":"https:\/\/chalons.catholique.fr\/formation\/wp-json\/wp\/v2\/types\/page"}],"author":[{"embeddable":true,"href":"https:\/\/chalons.catholique.fr\/formation\/wp-json\/wp\/v2\/users\/3"}],"replies":[{"embeddable":true,"href":"https:\/\/chalons.catholique.fr\/formation\/wp-json\/wp\/v2\/comments?post=132"}],"version-history":[{"count":0,"href":"https:\/\/chalons.catholique.fr\/formation\/wp-json\/wp\/v2\/pages\/132\/revisions"}],"wp:attachment":[{"href":"https:\/\/chalons.catholique.fr\/formation\/wp-json\/wp\/v2\/media?parent=132"}],"wp:term":[{"taxonomy":"category","embeddable":true,"href":"https:\/\/chalons.catholique.fr\/formation\/wp-json\/wp\/v2\/categories?post=132"},{"taxonomy":"post_tag","embeddable":true,"href":"https:\/\/chalons.catholique.fr\/formation\/wp-json\/wp\/v2\/tags?post=132"}],"curies":[{"name":"wp","href":"https:\/\/api.w.org\/{rel}","templated":true}]}}