{"id":126,"date":"2016-09-14T10:45:33","date_gmt":"2016-09-14T08:45:33","guid":{"rendered":"http:\/\/chalons.catholique.fr\/formation\/?page_id=126"},"modified":"2017-10-03T16:25:02","modified_gmt":"2017-10-03T14:25:02","slug":"ressources-en-ligne","status":"publish","type":"page","link":"https:\/\/chalons.catholique.fr\/formation\/ressources-en-ligne\/","title":{"rendered":"Institut d&rsquo;\u00e9tudes de th\u00e9ologie"},"content":{"rendered":"<div class=\"fusion-fullwidth fullwidth-box fusion-builder-row-1 nonhundred-percent-fullwidth non-hundred-percent-height-scrolling\" style=\"--awb-background-position:left top;--awb-border-radius-top-left:0px;--awb-border-radius-top-right:0px;--awb-border-radius-bottom-right:0px;--awb-border-radius-bottom-left:0px;--awb-padding-top:20px;--awb-padding-bottom:20px;--awb-border-sizes-top:0px;--awb-border-sizes-bottom:0px;--awb-flex-wrap:wrap;\" ><div class=\"fusion-builder-row fusion-row\"><div class=\"fusion-layout-column fusion_builder_column fusion-builder-column-0 fusion_builder_column_1_1 1_1 fusion-one-full fusion-column-first fusion-column-last fusion-column-no-min-height\" style=\"--awb-bg-size:cover;--awb-margin-top:0px;--awb-margin-bottom:0px;\"><div class=\"fusion-column-wrapper fusion-flex-column-wrapper-legacy\"><div class=\"fusion-title title fusion-title-1 fusion-title-text fusion-title-size-three\" style=\"--awb-margin-bottom:50px;\"><h3 class=\"fusion-title-heading title-heading-left fusion-responsive-typography-calculated\" style=\"margin:0;--fontSize:20;--minFontSize:20;line-height:1.45;\">A l&rsquo;Institut Catholique de Paris<\/h3><span class=\"awb-title-spacer\"><\/span><div class=\"title-sep-container\"><div class=\"title-sep sep-single sep-solid\" style=\"border-color:#e91e63;\"><\/div><\/div><\/div><div class=\"fusion-clearfix\"><\/div><\/div><\/div><div class=\"fusion-layout-column fusion_builder_column fusion-builder-column-1 fusion_builder_column_1_1 1_1 fusion-one-full fusion-column-first fusion-column-last fusion-column-no-min-height\" style=\"--awb-bg-size:cover;--awb-margin-top:0px;--awb-margin-bottom:0px;\"><div class=\"fusion-column-wrapper fusion-flex-column-wrapper-legacy\"><div class=\"fusion-content-boxes content-boxes columns row fusion-columns-4 fusion-columns-total-4 fusion-content-boxes-1 content-boxes-icon-on-top content-left\" style=\"--awb-backgroundcolor:#3b9ac6;--awb-body-color:#ffffff;--awb-title-color:#ffffff;--awb-hover-accent-color:#000000;--awb-circle-hover-accent-color:#000000;\" data-animationOffset=\"top-into-view\"><div style=\"--awb-backgroundcolor:#3b9ac6;\" class=\"fusion-column content-box-column content-box-column content-box-column-1 col-lg-3 col-md-3 col-sm-3 fusion-content-box-hover content-box-column-first-in-row\"><div class=\"col content-box-wrapper content-wrapper-background link-area-box link-type-text icon-hover-animation-pulsate fusion-animated\" data-link=\"http:\/\/www.icp.fr\/a-propos-de-l-icp\/decouvrez-l-icp\/facultes-et-instituts\/ispc-institut-superieur-de-pastorale-catechetique-1581.kjsp\" data-link-target=\"_blank\" data-animationType=\"fadeInLeft\" data-animationDuration=\"1\" data-animationOffset=\"top-into-view\"><div class=\"heading heading-with-icon icon-left\"><a class=\"heading-link\" href=\"http:\/\/www.icp.fr\/a-propos-de-l-icp\/decouvrez-l-icp\/facultes-et-instituts\/ispc-institut-superieur-de-pastorale-catechetique-1581.kjsp\" target=\"_blank\" rel=\"noopener noreferrer\"><div aria-hidden=\"true\" class=\"image\"><img src=\"https:\/\/chalons.catholique.fr\/formation\/wp-content\/uploads\/sites\/24\/2016\/09\/mortarboard-300x300.png\" width=\"70\" height=\"70\" alt=\"\" \/><\/div><h2 class=\"content-box-heading fusion-responsive-typography-calculated\" style=\"--h2_typography-font-size:18px;--fontSize:18;line-height:1.29;\">L'Institut Sup\u00e9rieur de Pastorale Cat\u00e9ch\u00e9tique<\/h2><\/a><\/div><div class=\"fusion-clearfix\"><\/div><div class=\"content-container\">forme les acteurs de l\u2019annonce de l\u2019\u00c9vangile\u00a0des dioc\u00e8ses, engag\u00e9s dans les divers aspects de la responsabilit\u00e9 cat\u00e9ch\u00e9tique de l\u2019\u00c9glise.<\/div><\/div><\/div><div style=\"--awb-backgroundcolor:#3b9ac6;\" class=\"fusion-column content-box-column content-box-column content-box-column-2 col-lg-3 col-md-3 col-sm-3 fusion-content-box-hover \"><div class=\"col content-box-wrapper content-wrapper-background link-area-box link-type-text icon-hover-animation-pulsate fusion-animated\" data-link=\"http:\/\/www.icp.fr\/a-propos-de-l-icp\/decouvrez-l-icp\/facultes-et-instituts\/ista-institut-superieur-de-theologie-des-arts-1583.kjsp\" data-link-target=\"_blank\" data-animationType=\"fadeInLeft\" data-animationDuration=\"1\" data-animationOffset=\"top-into-view\"><div class=\"heading heading-with-icon icon-left\"><a class=\"heading-link\" href=\"http:\/\/www.icp.fr\/a-propos-de-l-icp\/decouvrez-l-icp\/facultes-et-instituts\/ista-institut-superieur-de-theologie-des-arts-1583.kjsp\" target=\"_blank\" rel=\"noopener noreferrer\"><div aria-hidden=\"true\" class=\"image\"><img src=\"https:\/\/chalons.catholique.fr\/formation\/wp-content\/uploads\/sites\/24\/2016\/09\/church-300x300.png\" width=\"70\" height=\"70\" alt=\"\" \/><\/div><h2 class=\"content-box-heading fusion-responsive-typography-calculated\" style=\"--h2_typography-font-size:18px;--fontSize:18;line-height:1.29;\">L'Institut Sup\u00e9rieur de Th\u00e9ologie des Arts<\/h2><\/a><\/div><div class=\"fusion-clearfix\"><\/div><div class=\"content-container\">est un lieu de formation universitaire, de recherche et d&rsquo;expertise au service du dialogue entre la th\u00e9ologie catholique et les arts.<\/div><\/div><\/div><div style=\"--awb-backgroundcolor:#3b9ac6;\" class=\"fusion-column content-box-column content-box-column content-box-column-3 col-lg-3 col-md-3 col-sm-3 fusion-content-box-hover \"><div class=\"col content-box-wrapper content-wrapper-background link-area-box link-type-text icon-hover-animation-pulsate\" data-link=\"http:\/\/www.icp.fr\/a-propos-de-l-icp\/decouvrez-l-icp\/facultes-et-instituts\/institut-superieur-d-etudes-cumeniques-iseo--28710.kjsp?RH=11429522327430-145\" data-link-target=\"_blank\" data-animationOffset=\"top-into-view\"><div class=\"heading heading-with-icon icon-left\"><a class=\"heading-link\" href=\"http:\/\/www.icp.fr\/a-propos-de-l-icp\/decouvrez-l-icp\/facultes-et-instituts\/institut-superieur-d-etudes-cumeniques-iseo--28710.kjsp?RH=11429522327430-145\" target=\"_blank\" rel=\"noopener noreferrer\"><div aria-hidden=\"true\" class=\"image\"><img src=\"https:\/\/chalons.catholique.fr\/formation\/wp-content\/uploads\/sites\/24\/2016\/09\/teamwork-300x300.png\" width=\"70\" height=\"70\" alt=\"\" \/><\/div><h2 class=\"content-box-heading fusion-responsive-typography-calculated\" style=\"--h2_typography-font-size:18px;--fontSize:18;line-height:1.29;\">L'Institut Sup\u00e9rieur d'Etudes Oecum\u00e9niques<\/h2><\/a><\/div><div class=\"fusion-clearfix\"><\/div><div class=\"content-container\">forme des experts au service\u00a0des \u00c9glises et offre une formation initiale, avec histoire et th\u00e9ologie des diverses confessions chr\u00e9tiennes.<\/div><\/div><\/div><div style=\"--awb-backgroundcolor:#3b9ac6;\" class=\"fusion-column content-box-column content-box-column content-box-column-4 col-lg-3 col-md-3 col-sm-3 fusion-content-box-hover content-box-column-last content-box-column-last-in-row\"><div class=\"col content-box-wrapper content-wrapper-background link-area-box link-type-text icon-hover-animation-pulsate\" data-link=\"http:\/\/www.icp.fr\/a-propos-de-l-icp\/decouvrez-l-icp\/facultes-et-instituts\/institut-d-etudes-religieuses-ier--1601.kjsp?RH=VF\" data-link-target=\"_blank\" data-animationOffset=\"top-into-view\"><div class=\"heading heading-with-icon icon-left\"><a class=\"heading-link\" href=\"http:\/\/www.icp.fr\/a-propos-de-l-icp\/decouvrez-l-icp\/facultes-et-instituts\/institut-d-etudes-religieuses-ier--1601.kjsp?RH=VF\" target=\"_blank\" rel=\"noopener noreferrer\"><div aria-hidden=\"true\" class=\"image\"><img src=\"https:\/\/chalons.catholique.fr\/formation\/wp-content\/uploads\/sites\/24\/2016\/09\/church-300x300.png\" width=\"70\" height=\"70\" alt=\"\" \/><\/div><h2 class=\"content-box-heading fusion-responsive-typography-calculated\" style=\"--h2_typography-font-size:18px;--fontSize:18;line-height:1.29;\">L'Institut d'Etudes Religieuses<\/h2><\/a><\/div><div class=\"fusion-clearfix\"><\/div><div class=\"content-container\">une formation initiale en Sciences Religieuses pour go\u00fbter la joie de croire, vivre une exp\u00e9rience d&rsquo;\u00c9glise ou se former pour un service.<\/div><\/div><\/div><div class=\"fusion-clearfix\"><\/div><\/div><div class=\"fusion-clearfix\"><\/div><\/div><\/div><div class=\"fusion-layout-column fusion_builder_column fusion-builder-column-2 fusion_builder_column_1_2 1_2 fusion-one-half fusion-column-first\" style=\"--awb-bg-size:cover;--awb-margin-top:10px;width:48%; margin-right: 4%;\"><div class=\"fusion-column-wrapper fusion-flex-column-wrapper-legacy\"><div class=\"fusion-title title fusion-title-2 fusion-title-text fusion-title-size-three\" style=\"--awb-margin-bottom:50px;\"><h3 class=\"fusion-title-heading title-heading-left fusion-responsive-typography-calculated\" style=\"margin:0;--fontSize:20;--minFontSize:20;line-height:1.45;\">Aux facult\u00e9s j\u00e9suites de Paris<\/h3><span class=\"awb-title-spacer\"><\/span><div class=\"title-sep-container\"><div class=\"title-sep sep-single sep-solid\" style=\"border-color:#e91e63;\"><\/div><\/div><\/div><div class=\"fusion-content-boxes content-boxes columns row fusion-columns-1 fusion-columns-total-1 fusion-content-boxes-2 content-boxes-icon-on-top content-left\" style=\"--awb-backgroundcolor:#3b9ac6;--awb-body-color:#ffffff;--awb-title-color:#ffffff;--awb-hover-accent-color:#000000;--awb-circle-hover-accent-color:#000000;--awb-item-margin-bottom:40px;\" data-animationOffset=\"top-into-view\"><div style=\"--awb-backgroundcolor:#3b9ac6;\" class=\"fusion-column content-box-column content-box-column content-box-column-1 col-lg-12 col-md-12 col-sm-12 fusion-content-box-hover content-box-column-last content-box-column-last-in-row\"><div class=\"col content-box-wrapper content-wrapper-background link-area-box link-type-text icon-hover-animation-pulsate fusion-animated\" data-link=\"http:\/\/www.centresevres.com\/\" data-link-target=\"_blank\" data-animationType=\"fadeInLeft\" data-animationDuration=\"1\" data-animationOffset=\"top-into-view\"><div class=\"heading heading-with-icon icon-left\"><a class=\"heading-link\" href=\"http:\/\/www.centresevres.com\/\" target=\"_blank\" rel=\"noopener noreferrer\"><div aria-hidden=\"true\" class=\"image\"><img src=\"https:\/\/chalons.catholique.fr\/formation\/wp-content\/uploads\/sites\/24\/2016\/09\/mortarboard-300x300.png\" width=\"70\" height=\"70\" alt=\"\" \/><\/div><h2 class=\"content-box-heading fusion-responsive-typography-calculated\" style=\"--h2_typography-font-size:18px;--fontSize:18;line-height:1.29;\">Le Centre S\u00e8vres<\/h2><\/a><\/div><div class=\"fusion-clearfix\"><\/div><div class=\"content-container\">est ouvert \u00e0 toute personne d\u00e9sireuse de pr\u00e9parer un dipl\u00f4me en philosophie ou en th\u00e9ologie (plein temps ou temps partiel).<\/div><\/div><\/div><div class=\"fusion-clearfix\"><\/div><\/div><div class=\"fusion-clearfix\"><\/div><\/div><\/div><div class=\"fusion-layout-column fusion_builder_column fusion-builder-column-3 fusion_builder_column_1_2 1_2 fusion-one-half fusion-column-last\" style=\"--awb-bg-size:cover;--awb-margin-top:10px;width:48%;\"><div class=\"fusion-column-wrapper fusion-flex-column-wrapper-legacy\"><div class=\"fusion-title title fusion-title-3 fusion-title-text fusion-title-size-three\" style=\"--awb-margin-bottom:50px;\"><h3 class=\"fusion-title-heading title-heading-left fusion-responsive-typography-calculated\" style=\"margin:0;--fontSize:20;--minFontSize:20;line-height:1.45;\">A\u00a0Lyon<\/h3><span class=\"awb-title-spacer\"><\/span><div class=\"title-sep-container\"><div class=\"title-sep sep-single sep-solid\" style=\"border-color:#e91e63;\"><\/div><\/div><\/div><div class=\"fusion-content-boxes content-boxes columns row fusion-columns-1 fusion-columns-total-1 fusion-content-boxes-3 content-boxes-icon-on-top content-left\" style=\"--awb-backgroundcolor:#3b9ac6;--awb-body-color:#ffffff;--awb-title-color:#ffffff;--awb-hover-accent-color:#000000;--awb-circle-hover-accent-color:#000000;--awb-item-margin-bottom:40px;\" data-animationOffset=\"top-into-view\"><div style=\"--awb-backgroundcolor:#3b9ac6;\" class=\"fusion-column content-box-column content-box-column content-box-column-1 col-lg-12 col-md-12 col-sm-12 fusion-content-box-hover content-box-column-last content-box-column-last-in-row\"><div class=\"col content-box-wrapper content-wrapper-background link-area-box link-type-text icon-hover-animation-pulsate fusion-animated\" data-link=\"http:\/\/www.ucly.fr\/facultes-ecoles-instituts\/isf-institut-des-sciences-de-la-famille-136750.kjsp\" data-link-target=\"_blank\" data-animationType=\"fadeInLeft\" data-animationDuration=\"1\" data-animationOffset=\"top-into-view\"><div class=\"heading heading-with-icon icon-left\"><a class=\"heading-link\" href=\"http:\/\/www.ucly.fr\/facultes-ecoles-instituts\/isf-institut-des-sciences-de-la-famille-136750.kjsp\" target=\"_blank\" rel=\"noopener noreferrer\"><div aria-hidden=\"true\" class=\"image\"><img src=\"https:\/\/chalons.catholique.fr\/formation\/wp-content\/uploads\/sites\/24\/2016\/09\/mortarboard-300x300.png\" width=\"70\" height=\"70\" alt=\"\" \/><\/div><h2 class=\"content-box-heading fusion-responsive-typography-calculated\" style=\"--h2_typography-font-size:18px;--fontSize:18;line-height:1.29;\">L'institut des Sciences de la Famille<\/h2><\/a><\/div><div class=\"fusion-clearfix\"><\/div><div class=\"content-container\">est le seul institut fran\u00e7ais universitaire et pluridisciplinaire sur la famille. Il est un lieu de recherche, de publication et de formation.<\/div><\/div><\/div><div class=\"fusion-clearfix\"><\/div><\/div><div class=\"fusion-clearfix\"><\/div><\/div><\/div><\/div><\/div>\n","protected":false},"excerpt":{"rendered":"","protected":false},"author":3,"featured_media":0,"parent":0,"menu_order":0,"comment_status":"closed","ping_status":"closed","template":"","meta":{"xn-wppe-expiration":[],"xn-wppe-expiration-action":[],"xn-wppe-expiration-prefix":[],"footnotes":""},"categories":[],"tags":[],"_links":{"self":[{"href":"https:\/\/chalons.catholique.fr\/formation\/wp-json\/wp\/v2\/pages\/126"}],"collection":[{"href":"https:\/\/chalons.catholique.fr\/formation\/wp-json\/wp\/v2\/pages"}],"about":[{"href":"https:\/\/chalons.catholique.fr\/formation\/wp-json\/wp\/v2\/types\/page"}],"author":[{"embeddable":true,"href":"https:\/\/chalons.catholique.fr\/formation\/wp-json\/wp\/v2\/users\/3"}],"replies":[{"embeddable":true,"href":"https:\/\/chalons.catholique.fr\/formation\/wp-json\/wp\/v2\/comments?post=126"}],"version-history":[{"count":0,"href":"https:\/\/chalons.catholique.fr\/formation\/wp-json\/wp\/v2\/pages\/126\/revisions"}],"wp:attachment":[{"href":"https:\/\/chalons.catholique.fr\/formation\/wp-json\/wp\/v2\/media?parent=126"}],"wp:term":[{"taxonomy":"category","embeddable":true,"href":"https:\/\/chalons.catholique.fr\/formation\/wp-json\/wp\/v2\/categories?post=126"},{"taxonomy":"post_tag","embeddable":true,"href":"https:\/\/chalons.catholique.fr\/formation\/wp-json\/wp\/v2\/tags?post=126"}],"curies":[{"name":"wp","href":"https:\/\/api.w.org\/{rel}","templated":true}]}}