{"id":10,"date":"2015-12-07T16:17:23","date_gmt":"2015-12-07T15:17:23","guid":{"rendered":"http:\/\/chalons.catholique.fr\/familles\/?page_id=10"},"modified":"2020-01-08T15:13:45","modified_gmt":"2020-01-08T14:13:45","slug":"eduquer-ses-enfants","status":"publish","type":"page","link":"https:\/\/chalons.catholique.fr\/familles\/eduquer-ses-enfants\/","title":{"rendered":"Les enfants et les jeunes"},"content":{"rendered":"<div class=\"fusion-fullwidth fullwidth-box fusion-builder-row-1 nonhundred-percent-fullwidth non-hundred-percent-height-scrolling\" style=\"--awb-border-radius-top-left:0px;--awb-border-radius-top-right:0px;--awb-border-radius-bottom-right:0px;--awb-border-radius-bottom-left:0px;--awb-flex-wrap:wrap;\" ><div class=\"fusion-builder-row fusion-row\"><div class=\"fusion-layout-column fusion_builder_column fusion-builder-column-0 fusion_builder_column_1_5 1_5 fusion-one-fifth fusion-column-first\" style=\"--awb-bg-size:cover;width:20%;width:calc(20% - ( ( 4% ) * 0.2 ) );margin-right: 4%;\"><div class=\"fusion-column-wrapper fusion-flex-column-wrapper-legacy\"><div class=\"fusion-sep-clear\"><\/div><div class=\"fusion-separator fusion-full-width-sep\" style=\"margin-left: auto;margin-right: auto;margin-top:50px;margin-bottom:30px;width:100%;\"><\/div><div class=\"fusion-sep-clear\"><\/div><div class=\"fusion-testimonials clean fusion-testimonials-1\" style=\"--awb-textcolor:#747474;--awb-backgroundcolor:#ffffff;\" data-random=\"0\" data-speed=\"4000\"><div class=\"reviews\"><div class=\"review active-testimonial avatar-image\"><div class=\"testimonial-thumbnail\"><img class=\"testimonial-image\" src=\"https:\/\/chalons.catholique.fr\/familles\/wp-content\/uploads\/sites\/19\/2015\/12\/Francois-site-dio-300x259.jpg\" width=\"300\" height=\"259\" style=\"--awb-border-radius:50%;\" \/><\/div><blockquote class=\"testimonials-shortcode-blockquote\"><q class=\"fusion-clearfix\"><\/q><\/blockquote><div class=\"author\"><span class=\"company-name\"><\/span><\/div><\/div><\/div><div class=\"testimonial-pagination\" id=\"fusion-testimonials-1\"><\/div><\/div><div class=\"fusion-clearfix\"><\/div><\/div><\/div><div class=\"fusion-layout-column fusion_builder_column fusion-builder-column-1 fusion_builder_column_4_5 4_5 fusion-four-fifth fusion-column-last\" style=\"--awb-bg-size:cover;width:80%;width:calc(80% - ( ( 4% ) * 0.8 ) );\"><div class=\"fusion-column-wrapper fusion-flex-column-wrapper-legacy\"><div class=\"fusion-text fusion-text-1\"><blockquote>\n<p><span style=\"font-size: 12pt;\"><strong>\u00ab\u00a0La famille est la premi\u00e8re \u00e9cole des valeurs, o\u00f9 on apprend l\u2019utilisation correcte de la libert\u00e9[&#8230;] <\/strong><\/span><br \/>\n<span style=\"font-size: 12pt;\"><strong>Dans le milieu familial, on peut aussi apprendre \u00e0 discerner de mani\u00e8re critique les messages v\u00e9hicul\u00e9s par les divers moyens de communication sociale[&#8230;]<\/strong><\/span><br \/>\n<span style=\"font-size: 12pt;\"><strong>Il ne s\u2019agit pas d\u2019interdire aux jeunes de jouer avec les dispositifs \u00e9lectroniques, mais de trouver la mani\u00e8re de cr\u00e9er en eux la capacit\u00e9 de distinguer les diverses logiques et de ne pas appliquer la vitesse digitale \u00e0 tous les domaines de la vie.\u00a0\u00bb\u00a0<\/strong><\/span><\/p>\n<p><span style=\"font-size: 12pt;\"><strong>Pape Fran\u00e7ois, La Joie de l\u2019Amour, extraits des n\u00b0274 et 275\u00a0<\/strong><\/span><\/p>\n<\/blockquote>\n<\/div><div class=\"fusion-clearfix\"><\/div><\/div><\/div><\/div><\/div><div class=\"fusion-fullwidth fullwidth-box fusion-builder-row-2 nonhundred-percent-fullwidth non-hundred-percent-height-scrolling\" style=\"--awb-border-radius-top-left:0px;--awb-border-radius-top-right:0px;--awb-border-radius-bottom-right:0px;--awb-border-radius-bottom-left:0px;--awb-flex-wrap:wrap;\" ><div class=\"fusion-builder-row fusion-row\"><div class=\"fusion-layout-column fusion_builder_column fusion-builder-column-2 fusion_builder_column_1_2 1_2 fusion-one-half fusion-column-first\" style=\"--awb-bg-size:cover;width:50%;width:calc(50% - ( ( 4% ) * 0.5 ) );margin-right: 4%;\"><div class=\"fusion-column-wrapper fusion-flex-column-wrapper-legacy\"><div class=\"fusion-video fusion-youtube\" style=\"--awb-max-width:600px;--awb-max-height:360px;\"><div class=\"video-shortcode\"><div class=\"fluid-width-video-wrapper\" style=\"padding-top:60%;\" ><iframe title=\"YouTube video player 1\" src=\"https:\/\/www.youtube.com\/embed\/5lxncnc1cbs?wmode=transparent&autoplay=0\" width=\"600\" height=\"360\" allowfullscreen allow=\"autoplay; fullscreen\"><\/iframe><\/div><\/div><\/div><div class=\"fusion-clearfix\"><\/div><\/div><\/div><div class=\"fusion-layout-column fusion_builder_column fusion-builder-column-3 fusion_builder_column_1_2 1_2 fusion-one-half fusion-column-last\" style=\"--awb-bg-size:cover;width:50%;width:calc(50% - ( ( 4% ) * 0.5 ) );\"><div class=\"fusion-column-wrapper fusion-flex-column-wrapper-legacy\"><div class=\"fusion-video fusion-youtube\" style=\"--awb-max-width:600px;--awb-max-height:360px;\"><div class=\"video-shortcode\"><div class=\"fluid-width-video-wrapper\" style=\"padding-top:60%;\" ><iframe title=\"YouTube video player 2\" src=\"https:\/\/www.youtube.com\/embed\/rJSjD5mpOUs?wmode=transparent&autoplay=0\" width=\"600\" height=\"360\" allowfullscreen allow=\"autoplay; fullscreen\"><\/iframe><\/div><\/div><\/div><div class=\"fusion-clearfix\"><\/div><\/div><\/div><\/div><\/div><div class=\"fusion-fullwidth fullwidth-box fusion-builder-row-3 hundred-percent-fullwidth non-hundred-percent-height-scrolling\" style=\"--awb-border-radius-top-left:0px;--awb-border-radius-top-right:0px;--awb-border-radius-bottom-right:0px;--awb-border-radius-bottom-left:0px;--awb-overflow:visible;--awb-flex-wrap:wrap;\" ><div class=\"fusion-builder-row fusion-row\"><div class=\"fusion-layout-column fusion_builder_column fusion-builder-column-4 fusion_builder_column_1_1 1_1 fusion-one-full fusion-column-first fusion-column-last\" style=\"--awb-bg-size:cover;\"><div class=\"fusion-column-wrapper fusion-flex-column-wrapper-legacy\"><div class=\"fusion-sep-clear\"><\/div><div class=\"fusion-separator fusion-full-width-sep\" style=\"margin-left: auto;margin-right: auto;margin-top:30px;margin-bottom:30px;width:100%;\"><div class=\"fusion-separator-border sep-shadow\" style=\"--awb-height:20px;--awb-amount:20px;background:radial-gradient(ellipse at 50% -50% , #e0dede 0px, rgba(255, 255, 255, 0) 80%) repeat scroll 0 0 rgba(0, 0, 0, 0);background:-webkit-radial-gradient(ellipse at 50% -50% , #e0dede 0px, rgba(255, 255, 255, 0) 80%) repeat scroll 0 0 rgba(0, 0, 0, 0);background:-moz-radial-gradient(ellipse at 50% -50% , #e0dede 0px, rgba(255, 255, 255, 0) 80%) repeat scroll 0 0 rgba(0, 0, 0, 0);background:-o-radial-gradient(ellipse at 50% -50% , #e0dede 0px, rgba(255, 255, 255, 0) 80%) repeat scroll 0 0 rgba(0, 0, 0, 0);\"><\/div><\/div><div class=\"fusion-sep-clear\"><\/div><div class=\"fusion-content-boxes content-boxes columns row fusion-columns-3 fusion-columns-total-6 fusion-content-boxes-1 content-boxes-clean-vertical content-left content-boxes-icon-on-top\" style=\"--awb-backgroundcolor:#eaeaea;--awb-margin-bottom:2%;--awb-hover-accent-color:#e84100;--awb-circle-hover-accent-color:#e84100;\" data-animationOffset=\"top-into-view\"><div style=\"--awb-backgroundcolor:#eaeaea;border-color:rgba(255,255,255,0);\" class=\"fusion-column content-box-column content-box-column content-box-column-1 col-lg-4 col-md-4 col-sm-4 fusion-content-box-hover content-box-column-first-in-row\"><div class=\"col content-box-wrapper content-wrapper-background link-area-box link-type-text icon-hover-animation-none\" data-link=\"https:\/\/chalons.catholique.fr\/familles\/grandirdanslafoi\/\" data-link-target=\"_self\" data-animationOffset=\"top-into-view\"><div class=\"heading heading-with-icon icon-left\"><a class=\"heading-link\" href=\"https:\/\/chalons.catholique.fr\/familles\/grandirdanslafoi\/\" target=\"_self\"><div aria-hidden=\"true\" class=\"image\"><img src=\"https:\/\/chalons.catholique.fr\/familles\/wp-content\/uploads\/sites\/19\/2017\/05\/child-476507_640-300x198.jpg\" width=\"100\" height=\"66\" alt=\"\" \/><\/div><h2 class=\"content-box-heading fusion-responsive-typography-calculated\" style=\"--h2_typography-font-size:18px;--fontSize:18;line-height:1.3;\">Grandir dans la foi<\/h2><\/a><\/div><\/div><\/div><div style=\"--awb-backgroundcolor:#eaeaea;border-color:rgba(255,255,255,0);\" class=\"fusion-column content-box-column content-box-column content-box-column-2 col-lg-4 col-md-4 col-sm-4 fusion-content-box-hover \"><div class=\"col content-box-wrapper content-wrapper-background link-area-box link-type-text icon-hover-animation-none\" data-link=\"https:\/\/chalons.catholique.fr\/familles\/les-mouvements-educatifs-2\/\" data-link-target=\"_self\" data-animationOffset=\"top-into-view\"><div class=\"heading heading-with-icon icon-left\"><a class=\"heading-link\" href=\"https:\/\/chalons.catholique.fr\/familles\/les-mouvements-educatifs-2\/\" target=\"_self\"><div aria-hidden=\"true\" class=\"image\"><img src=\"https:\/\/chalons.catholique.fr\/familles\/wp-content\/uploads\/sites\/19\/2015\/12\/teenager-959125_640-300x201.jpg\" width=\"100\" height=\"100\" alt=\"\" \/><\/div><h2 class=\"content-box-heading fusion-responsive-typography-calculated\" style=\"--h2_typography-font-size:18px;--fontSize:18;line-height:1.3;\">Mouvements \u00e9ducatifs<\/h2><\/a><\/div><\/div><\/div><div style=\"--awb-backgroundcolor:#eaeaea;border-color:rgba(255,255,255,0);\" class=\"fusion-column content-box-column content-box-column content-box-column-3 col-lg-4 col-md-4 col-sm-4 fusion-content-box-hover content-box-column-last-in-row\"><div class=\"col content-box-wrapper content-wrapper-background link-area-box link-type-text icon-hover-animation-none\" data-link=\"https:\/\/chalons.catholique.fr\/familles\/les-ecoles-catholiques\/\" data-link-target=\"_self\" data-animationOffset=\"top-into-view\"><div class=\"heading heading-with-icon icon-left\"><a class=\"heading-link\" href=\"https:\/\/chalons.catholique.fr\/familles\/les-ecoles-catholiques\/\" target=\"_self\"><div aria-hidden=\"true\" class=\"image\"><img src=\"https:\/\/chalons.catholique.fr\/familles\/wp-content\/uploads\/sites\/19\/2015\/12\/Coll\u00e8ge-Notre-DamePerrier.jpg\" width=\"100\" height=\"70.93\" alt=\"\" \/><\/div><h2 class=\"content-box-heading fusion-responsive-typography-calculated\" style=\"--h2_typography-font-size:18px;--fontSize:18;line-height:1.3;\">Ecoles catholiques<\/h2><\/a><\/div><\/div><\/div><div style=\"--awb-backgroundcolor:#eaeaea;border-color:rgba(255,255,255,0);\" class=\"fusion-column content-box-column content-box-column content-box-column-4 col-lg-4 col-md-4 col-sm-4 fusion-content-box-hover content-box-column-first-in-row\"><div class=\"col content-box-wrapper content-wrapper-background link-area-box link-type-text icon-hover-animation-none\" data-link=\"https:\/\/chalons.catholique.fr\/familles\/sexualite-enfants-et-jeunes\/\" data-link-target=\"_self\" data-animationOffset=\"top-into-view\"><div class=\"heading heading-with-icon icon-left\"><a class=\"heading-link\" href=\"https:\/\/chalons.catholique.fr\/familles\/sexualite-enfants-et-jeunes\/\" target=\"_self\"><div aria-hidden=\"true\" class=\"image\"><img src=\"https:\/\/chalons.catholique.fr\/familles\/wp-content\/uploads\/sites\/19\/2015\/12\/beach-193786_640-e1494955993745-300x199.jpg\" width=\"100\" height=\"66.33\" alt=\"\" \/><\/div><h2 class=\"content-box-heading fusion-responsive-typography-calculated\" style=\"--h2_typography-font-size:18px;--fontSize:18;line-height:1.3;\">Parler d'amour et de sexualit\u00e9<\/h2><\/a><\/div><\/div><\/div><div style=\"--awb-backgroundcolor:#eaeaea;border-color:rgba(255,255,255,0);\" class=\"fusion-column content-box-column content-box-column content-box-column-5 col-lg-4 col-md-4 col-sm-4 fusion-content-box-hover \"><div class=\"col content-box-wrapper content-wrapper-background link-area-box link-type-text icon-hover-animation-none\" data-link=\"https:\/\/chalons.catholique.fr\/familles\/la-parentalite\/\" data-link-target=\"_self\" data-animationOffset=\"top-into-view\"><div class=\"heading heading-with-icon icon-left\"><a class=\"heading-link\" href=\"https:\/\/chalons.catholique.fr\/familles\/la-parentalite\/\" target=\"_self\"><div aria-hidden=\"true\" class=\"image\"><img src=\"https:\/\/chalons.catholique.fr\/familles\/wp-content\/uploads\/sites\/19\/2016\/12\/family-1016311-300x199.jpg\" width=\"100\" height=\"66.33\" alt=\"Les enfants\" \/><\/div><h2 class=\"content-box-heading fusion-responsive-typography-calculated\" style=\"--h2_typography-font-size:18px;--fontSize:18;line-height:1.3;\">Pour vous, parents et grands-parents<\/h2><\/a><\/div><\/div><\/div><div style=\"--awb-backgroundcolor:#eaeaea;border-color:rgba(255,255,255,0);\" class=\"fusion-column content-box-column content-box-column content-box-column-6 col-lg-4 col-md-4 col-sm-4 fusion-content-box-hover content-box-column-last content-box-column-last-in-row\"><div class=\"col content-box-wrapper content-wrapper-background link-area-box link-type-text icon-hover-animation-none\" data-link=\"https:\/\/chalons.catholique.fr\/jeunes\/\" data-link-target=\"_blank\" data-animationOffset=\"top-into-view\"><div class=\"heading heading-with-icon icon-left\"><a class=\"heading-link\" href=\"https:\/\/chalons.catholique.fr\/jeunes\/\" target=\"_blank\" rel=\"noopener noreferrer\"><div aria-hidden=\"true\" class=\"image\"><img src=\"https:\/\/chalons.catholique.fr\/familles\/wp-content\/uploads\/sites\/19\/2015\/12\/audience-868074_640-300x199.jpg\" width=\"100\" height=\"66.33\" alt=\"\" \/><\/div><h2 class=\"content-box-heading fusion-responsive-typography-calculated\" style=\"--h2_typography-font-size:18px;--fontSize:18;line-height:1.3;\">Pastorale des jeunes<\/h2><\/a><\/div><\/div><\/div><div class=\"fusion-clearfix\"><\/div><\/div><div class=\"fusion-clearfix\"><\/div><\/div><\/div><\/div><\/div>\n","protected":false},"excerpt":{"rendered":"","protected":false},"author":1,"featured_media":2831,"parent":0,"menu_order":3,"comment_status":"closed","ping_status":"closed","template":"","meta":{"xn-wppe-expiration":[],"xn-wppe-expiration-action":[],"xn-wppe-expiration-prefix":[],"footnotes":""},"categories":[],"tags":[],"_links":{"self":[{"href":"https:\/\/chalons.catholique.fr\/familles\/wp-json\/wp\/v2\/pages\/10"}],"collection":[{"href":"https:\/\/chalons.catholique.fr\/familles\/wp-json\/wp\/v2\/pages"}],"about":[{"href":"https:\/\/chalons.catholique.fr\/familles\/wp-json\/wp\/v2\/types\/page"}],"author":[{"embeddable":true,"href":"https:\/\/chalons.catholique.fr\/familles\/wp-json\/wp\/v2\/users\/1"}],"replies":[{"embeddable":true,"href":"https:\/\/chalons.catholique.fr\/familles\/wp-json\/wp\/v2\/comments?post=10"}],"version-history":[{"count":0,"href":"https:\/\/chalons.catholique.fr\/familles\/wp-json\/wp\/v2\/pages\/10\/revisions"}],"wp:featuredmedia":[{"embeddable":true,"href":"https:\/\/chalons.catholique.fr\/familles\/wp-json\/wp\/v2\/media\/2831"}],"wp:attachment":[{"href":"https:\/\/chalons.catholique.fr\/familles\/wp-json\/wp\/v2\/media?parent=10"}],"wp:term":[{"taxonomy":"category","embeddable":true,"href":"https:\/\/chalons.catholique.fr\/familles\/wp-json\/wp\/v2\/categories?post=10"},{"taxonomy":"post_tag","embeddable":true,"href":"https:\/\/chalons.catholique.fr\/familles\/wp-json\/wp\/v2\/tags?post=10"}],"curies":[{"name":"wp","href":"https:\/\/api.w.org\/{rel}","templated":true}]}}